{"id":4818,"date":"2021-09-17T16:58:42","date_gmt":"2021-09-17T14:58:42","guid":{"rendered":"https:\/\/limacomunicacion.es\/notas-de-prensa\/"},"modified":"2024-10-09T15:08:31","modified_gmt":"2024-10-09T13:08:31","slug":"press-releases","status":"publish","type":"page","link":"https:\/\/limacomunicacion.es\/en\/press-releases\/","title":{"rendered":"Press releases"},"content":{"rendered":"<div class=\"wpb-content-wrapper\"><p>[vc_row][vc_column]<div class=\"dfd-spacer-module\"  data-units=\"px\" data-wide_resolution=\"1280\" data-wide_size=\"50\" data-normal_resolution=\"1024\" data-normal_size=\"50\" data-tablet_resolution=\"800\" data-tablet_size=\"50\" data-mobile_resolution=\"480\" data-mobile_size=\"40\" style=\"height: 50px;\"><\/div>[\/vc_column][\/vc_row][vc_row dfd_row_config=&#8221;full_width_content&#8221;][vc_column width=&#8221;1\/4&#8243;][\/vc_column][vc_column width=&#8221;1\/2&#8243;]<div class=\"dfd-heading-shortcode\"><div class=\"dfd-heading-module-wrap  text-center style_02 dfd-heading-69f46952d6e89 dfd-disable-resposive-headings\" id=\"dfd-heading-69f46952d6e89\" ><div class=\"inline-block\"><div class=\"dfd-heading-module\"><h1 class=\"widget-title dfd-title \" style=\"font-size: 30px; line-height: 35px; \">Press releases<\/h1><div class=\"dfd-heading-delimiter dfd-img-lazy-load\"><\/div><\/div><\/div><\/div><script type=\"text\/javascript\">\r\n\t\t\t\t\t\t\t\t\t(function($) {\r\n\t\t\t\t\t\t\t\t\t\t$(\"head\").append(\"<style>.dfd-heading-69f46952d6e89.dfd-heading-module-wrap .dfd-heading-module .dfd-heading-delimiter {border-bottom-style:solid;border-bottom-width:1px;width:100px;border-bottom-color:#dddddd;}.dfd-heading-69f46952d6e89.dfd-heading-module-wrap .dfd-heading-module .dfd-heading-delimiter {margin-top:10px;margin-bottom:10px;}<\/style>\");\r\n\t\t\t\t\t\t\t\t\t})(jQuery);\r\n\t\t\t\t\t\t\t\t<\/script><\/div><div class=\"dfd-spacer-module\"  data-units=\"px\" data-wide_resolution=\"1280\" data-wide_size=\"50\" data-normal_resolution=\"1024\" data-normal_size=\"50\" data-tablet_resolution=\"800\" data-tablet_size=\"50\" data-mobile_resolution=\"480\" data-mobile_size=\"40\" style=\"height: 50px;\"><\/div>[\/vc_column][vc_column width=&#8221;1\/4&#8243;][\/vc_column][\/vc_row][vc_row][vc_column]<div class=\"dfd-spacer-module\"  data-units=\"px\" data-wide_resolution=\"1280\" data-wide_size=\"50\" data-normal_resolution=\"1024\" data-normal_size=\"50\" data-tablet_resolution=\"800\" data-tablet_size=\"50\" data-mobile_resolution=\"480\" data-mobile_size=\"40\" style=\"height: 50px;\"><\/div><div class=\"dfd-module-wrapper\"><div class=\"dfd-portfolio-loop dfd-portfolio-module  masonry\" id=\"dfd-portfolio-module-69f46952d6fff\">\r\n\t<div class=\"dfd-portfolio-wrap\">\r\n\t\t\t\t\r\n\t\t<div class=\"dfd-portfolio dfd-portfolio-masonry dfd-new-isotope  \"  data-columns=\"4\" data-layout-style=\"masonry\" data-item=\"project\">\r\n\t\t\t\t\t\t<div class=\"project dfd-fade-out panr\" >\r\n\t\t\t\t\t<div class=\"cover text-center\">\r\n\t\t\t\t\t\t\t\t\t\t\t\t\r\n\t\t\t\t\t\t<div class=\"entry-thumb \">\r\n\t\t\t\t\t\t\t<img decoding=\"async\" src=\"https:\/\/limacomunicacion.es\/wp-content\/uploads\/2026\/03\/NDP_ChefsForChildren.webp\" alt=\"ChefsForChildren turns cooking into fun for children with rare diseases at Emilio Moro Winery\"\/>\r\n\t\t\t\t\t\t\t\t\t\t\t\t\t\t\r\n<div class=\"portfolio-custom-hover\">\r\n\t\t\t\t<div class=\"title-wrap title-underline\">\r\n\t\t\t\t\t\t\t\t\t<h6 class=\"widget-title\"><a href=\"https:\/\/limacomunicacion.es\/en\/my-product\/chefsforchildren-turns-cooking-into-fun-for-children-with-rare-diseases-at-emilio-moro-winery\/\">ChefsForChildren turns cooking into fun for children with rare diseases at Emilio Moro Winery<\/a><\/h6>\r\n\t\t\t\t\t\t\t\t\t\t\t<\/div>\r\n\t\t<div class=\"dfd-folio-icons-wrap\">\r\n\t\t\t\t\t\t\t<\/div>\r\n<\/div>\r\n\r\n\t\t\t\t\t\t<\/div>\r\n\r\n\t\t\t\t\t\t\t\t\t\t\t<\/div>\r\n\t\t\t\t<\/div>\r\n\t\t\t\t\t\t\t<div class=\"project dfd-fade-out panr\" >\r\n\t\t\t\t\t<div class=\"cover text-center\">\r\n\t\t\t\t\t\t\t\t\t\t\t\t\r\n\t\t\t\t\t\t<div class=\"entry-thumb \">\r\n\t\t\t\t\t\t\t<img decoding=\"async\" src=\"https:\/\/limacomunicacion.es\/wp-content\/uploads\/2026\/03\/NDP-ELago.webp\" alt=\"El Lago Marbella hosts an exclusive four-handed dinner with the executive chef of Forte Village\"\/>\r\n\t\t\t\t\t\t\t\t\t\t\t\t\t\t\r\n<div class=\"portfolio-custom-hover\">\r\n\t\t\t\t<div class=\"title-wrap title-underline\">\r\n\t\t\t\t\t\t\t\t\t<h6 class=\"widget-title\"><a href=\"https:\/\/limacomunicacion.es\/en\/my-product\/el-lago-marbella-hosts-an-exclusive-four-handed-dinner-with-the-executive-chef-of-forte-village\/\">El Lago Marbella hosts an exclusive four-handed dinner with the executive chef of Forte Village<\/a><\/h6>\r\n\t\t\t\t\t\t\t\t\t\t\t<\/div>\r\n\t\t<div class=\"dfd-folio-icons-wrap\">\r\n\t\t\t\t\t\t\t<\/div>\r\n<\/div>\r\n\r\n\t\t\t\t\t\t<\/div>\r\n\r\n\t\t\t\t\t\t\t\t\t\t\t<\/div>\r\n\t\t\t\t<\/div>\r\n\t\t\t\t\t\t\t<div class=\"project dfd-fade-out panr\" >\r\n\t\t\t\t\t<div class=\"cover text-center\">\r\n\t\t\t\t\t\t\t\t\t\t\t\t\r\n\t\t\t\t\t\t<div class=\"entry-thumb \">\r\n\t\t\t\t\t\t\t<img decoding=\"async\" src=\"https:\/\/limacomunicacion.es\/wp-content\/uploads\/2026\/03\/NDP-Eladio6Feb.webp\" alt=\"Frutas y Verduras Eladio boosts its future from H&amp;T 2026 with a high-impact participation\"\/>\r\n\t\t\t\t\t\t\t\t\t\t\t\t\t\t\r\n<div class=\"portfolio-custom-hover\">\r\n\t\t\t\t<div class=\"title-wrap title-underline\">\r\n\t\t\t\t\t\t\t\t\t<h6 class=\"widget-title\"><a href=\"https:\/\/limacomunicacion.es\/en\/my-product\/frutas-y-verduras-eladio-boosts-its-future-from-ht-2026-with-a-high-impact-participation\/\">Frutas y Verduras Eladio boosts its future from H&amp;T 2026 with a high-impact participation<\/a><\/h6>\r\n\t\t\t\t\t\t\t\t\t\t\t<\/div>\r\n\t\t<div class=\"dfd-folio-icons-wrap\">\r\n\t\t\t\t\t\t\t<\/div>\r\n<\/div>\r\n\r\n\t\t\t\t\t\t<\/div>\r\n\r\n\t\t\t\t\t\t\t\t\t\t\t<\/div>\r\n\t\t\t\t<\/div>\r\n\t\t\t\t\t\t\t<div class=\"project dfd-fade-out panr\" >\r\n\t\t\t\t\t<div class=\"cover text-center\">\r\n\t\t\t\t\t\t\t\t\t\t\t\t\r\n\t\t\t\t\t\t<div class=\"entry-thumb \">\r\n\t\t\t\t\t\t\t<img decoding=\"async\" src=\"https:\/\/limacomunicacion.es\/wp-content\/uploads\/2026\/03\/NDP-CFC-LeCordonBleu.jpg\" alt=\"ChefsForChildren organizes fun cooking workshops for children with rare diseases at Le Cordon Bleu Madrid\"\/>\r\n\t\t\t\t\t\t\t\t\t\t\t\t\t\t\r\n<div class=\"portfolio-custom-hover\">\r\n\t\t\t\t<div class=\"title-wrap title-underline\">\r\n\t\t\t\t\t\t\t\t\t<h6 class=\"widget-title\"><a href=\"https:\/\/limacomunicacion.es\/en\/my-product\/chefsforchildren-organizes-fun-cooking-workshops-for-children-with-rare-diseases-at-le-cordon-bleu-madrid\/\">ChefsForChildren organizes fun cooking workshops for children with rare diseases at Le Cordon Bleu Madrid<\/a><\/h6>\r\n\t\t\t\t\t\t\t\t\t\t\t<\/div>\r\n\t\t<div class=\"dfd-folio-icons-wrap\">\r\n\t\t\t\t\t\t\t<\/div>\r\n<\/div>\r\n\r\n\t\t\t\t\t\t<\/div>\r\n\r\n\t\t\t\t\t\t\t\t\t\t\t<\/div>\r\n\t\t\t\t<\/div>\r\n\t\t\t\t\t\t\t<div class=\"project dfd-fade-out panr\" >\r\n\t\t\t\t\t<div class=\"cover text-center\">\r\n\t\t\t\t\t\t\t\t\t\t\t\t\r\n\t\t\t\t\t\t<div class=\"entry-thumb \">\r\n\t\t\t\t\t\t\t<img decoding=\"async\" src=\"https:\/\/limacomunicacion.es\/wp-content\/uploads\/2026\/02\/BohoCLub4Febrero.jpg\" alt=\"Boho Club celebrates Valentine&#8217;s Day with &#8220;The alchemist of hearts&#8221;, its most suggestive tasting menu, and wellness experiences to enjoy as a couple.\"\/>\r\n\t\t\t\t\t\t\t\t\t\t\t\t\t\t\r\n<div class=\"portfolio-custom-hover\">\r\n\t\t\t\t<div class=\"title-wrap title-underline\">\r\n\t\t\t\t\t\t\t\t\t<h6 class=\"widget-title\"><a href=\"https:\/\/limacomunicacion.es\/en\/my-product\/boho-club-celebrates-valentines-day-with-the-alchemist-of-hearts-its-most-suggestive-tasting-menu-and-wellness-experiences-to-enjoy-as-a-couple\/\">Boho Club celebrates Valentine&#8217;s Day with &#8220;The alchemist of hearts&#8221;, its most suggestive tasting menu, and wellness experiences to enjoy as a couple.<\/a><\/h6>\r\n\t\t\t\t\t\t\t\t\t\t\t<\/div>\r\n\t\t<div class=\"dfd-folio-icons-wrap\">\r\n\t\t\t\t\t\t\t<\/div>\r\n<\/div>\r\n\r\n\t\t\t\t\t\t<\/div>\r\n\r\n\t\t\t\t\t\t\t\t\t\t\t<\/div>\r\n\t\t\t\t<\/div>\r\n\t\t\t\t\t\t\t<div class=\"project dfd-fade-out panr\" >\r\n\t\t\t\t\t<div class=\"cover text-center\">\r\n\t\t\t\t\t\t\t\t\t\t\t\t\r\n\t\t\t\t\t\t<div class=\"entry-thumb \">\r\n\t\t\t\t\t\t\t<img decoding=\"async\" src=\"https:\/\/limacomunicacion.es\/wp-content\/uploads\/2026\/02\/NDPFrutasEladio29-enero.jpg\" alt=\"Frutas y Verduras Eladio presents its new stage of modernization and professionalization at the H&amp;T 2026 show.\"\/>\r\n\t\t\t\t\t\t\t\t\t\t\t\t\t\t\r\n<div class=\"portfolio-custom-hover\">\r\n\t\t\t\t<div class=\"title-wrap title-underline\">\r\n\t\t\t\t\t\t\t\t\t<h6 class=\"widget-title\"><a href=\"https:\/\/limacomunicacion.es\/en\/my-product\/frutas-y-verduras-eladio-presents-its-new-stage-of-modernization-and-professionalization-at-the-ht-2026-show\/\">Frutas y Verduras Eladio presents its new stage of modernization and professionalization at the H&amp;T 2026 show.<\/a><\/h6>\r\n\t\t\t\t\t\t\t\t\t\t\t<\/div>\r\n\t\t<div class=\"dfd-folio-icons-wrap\">\r\n\t\t\t\t\t\t\t<\/div>\r\n<\/div>\r\n\r\n\t\t\t\t\t\t<\/div>\r\n\r\n\t\t\t\t\t\t\t\t\t\t\t<\/div>\r\n\t\t\t\t<\/div>\r\n\t\t\t\t\t\t\t<div class=\"project dfd-fade-out panr\" >\r\n\t\t\t\t\t<div class=\"cover text-center\">\r\n\t\t\t\t\t\t\t\t\t\t\t\t\r\n\t\t\t\t\t\t<div class=\"entry-thumb \">\r\n\t\t\t\t\t\t\t<img decoding=\"async\" src=\"https:\/\/limacomunicacion.es\/wp-content\/uploads\/2026\/02\/NDPChesfForChildren3Febrero.jpg\" alt=\"Haute cuisine turns to children with rare diseases: more than 60 Michelin chefs join ChefsForChildren 2026\"\/>\r\n\t\t\t\t\t\t\t\t\t\t\t\t\t\t\r\n<div class=\"portfolio-custom-hover\">\r\n\t\t\t\t<div class=\"title-wrap title-underline\">\r\n\t\t\t\t\t\t\t\t\t<h6 class=\"widget-title\"><a href=\"https:\/\/limacomunicacion.es\/en\/my-product\/haute-cuisine-turns-to-children-with-rare-diseases-more-than-60-michelin-chefs-join-chefsforchildren-2026\/\">Haute cuisine turns to children with rare diseases: more than 60 Michelin chefs join ChefsForChildren 2026<\/a><\/h6>\r\n\t\t\t\t\t\t\t\t\t\t\t<\/div>\r\n\t\t<div class=\"dfd-folio-icons-wrap\">\r\n\t\t\t\t\t\t\t<\/div>\r\n<\/div>\r\n\r\n\t\t\t\t\t\t<\/div>\r\n\r\n\t\t\t\t\t\t\t\t\t\t\t<\/div>\r\n\t\t\t\t<\/div>\r\n\t\t\t\t\t\t\t<div class=\"project dfd-fade-out panr\" >\r\n\t\t\t\t\t<div class=\"cover text-center\">\r\n\t\t\t\t\t\t\t\t\t\t\t\t\r\n\t\t\t\t\t\t<div class=\"entry-thumb \">\r\n\t\t\t\t\t\t\t<img decoding=\"async\" src=\"https:\/\/limacomunicacion.es\/wp-content\/uploads\/2026\/02\/NDPCascada21-enero.jpg\" alt=\"Cascada Marbella celebrates Valentine&#8217;s Day with a double gastronomic proposal &#8220;A 6 Manos&#8221;.\"\/>\r\n\t\t\t\t\t\t\t\t\t\t\t\t\t\t\r\n<div class=\"portfolio-custom-hover\">\r\n\t\t\t\t<div class=\"title-wrap title-underline\">\r\n\t\t\t\t\t\t\t\t\t<h6 class=\"widget-title\"><a href=\"https:\/\/limacomunicacion.es\/en\/my-product\/cascada-marbella-celebrates-valentines-day-with-a-double-gastronomic-proposal-a-6-manos\/\">Cascada Marbella celebrates Valentine&#8217;s Day with a double gastronomic proposal &#8220;A 6 Manos&#8221;.<\/a><\/h6>\r\n\t\t\t\t\t\t\t\t\t\t\t<\/div>\r\n\t\t<div class=\"dfd-folio-icons-wrap\">\r\n\t\t\t\t\t\t\t<\/div>\r\n<\/div>\r\n\r\n\t\t\t\t\t\t<\/div>\r\n\r\n\t\t\t\t\t\t\t\t\t\t\t<\/div>\r\n\t\t\t\t<\/div>\r\n\t\t\t\t\t\t\t<div class=\"project dfd-fade-out panr\" >\r\n\t\t\t\t\t<div class=\"cover text-center\">\r\n\t\t\t\t\t\t\t\t\t\t\t\t\r\n\t\t\t\t\t\t<div class=\"entry-thumb \">\r\n\t\t\t\t\t\t\t<img decoding=\"async\" src=\"https:\/\/limacomunicacion.es\/wp-content\/uploads\/2026\/02\/JCG-15Enero.jpg\" alt=\"VALENTINE&#8217;S DAY WITH MICHELIN STAR IN THE PORT OF M\u00c1LAGA\"\/>\r\n\t\t\t\t\t\t\t\t\t\t\t\t\t\t\r\n<div class=\"portfolio-custom-hover\">\r\n\t\t\t\t<div class=\"title-wrap title-underline\">\r\n\t\t\t\t\t\t\t\t\t<h6 class=\"widget-title\"><a href=\"https:\/\/limacomunicacion.es\/en\/my-product\/valentines-day-with-michelin-star-in-the-port-of-malaga\/\">VALENTINE&#8217;S DAY WITH MICHELIN STAR IN THE PORT OF M\u00c1LAGA<\/a><\/h6>\r\n\t\t\t\t\t\t\t\t\t\t\t<\/div>\r\n\t\t<div class=\"dfd-folio-icons-wrap\">\r\n\t\t\t\t\t\t\t<\/div>\r\n<\/div>\r\n\r\n\t\t\t\t\t\t<\/div>\r\n\r\n\t\t\t\t\t\t\t\t\t\t\t<\/div>\r\n\t\t\t\t<\/div>\r\n\t\t\t\t\t\t\t<div class=\"project dfd-fade-out panr\" >\r\n\t\t\t\t\t<div class=\"cover text-center\">\r\n\t\t\t\t\t\t\t\t\t\t\t\t\r\n\t\t\t\t\t\t<div class=\"entry-thumb \">\r\n\t\t\t\t\t\t\t<img decoding=\"async\" src=\"https:\/\/limacomunicacion.es\/wp-content\/uploads\/2025\/12\/NDPElLagoNavidad.jpg\" alt=\"El Lago celebrates Christmas with a special gastronomic proposal\"\/>\r\n\t\t\t\t\t\t\t\t\t\t\t\t\t\t\r\n<div class=\"portfolio-custom-hover\">\r\n\t\t\t\t<div class=\"title-wrap title-underline\">\r\n\t\t\t\t\t\t\t\t\t<h6 class=\"widget-title\"><a href=\"https:\/\/limacomunicacion.es\/en\/my-product\/el-lago-celebrates-christmas-with-a-special-gastronomic-proposal\/\">El Lago celebrates Christmas with a special gastronomic proposal<\/a><\/h6>\r\n\t\t\t\t\t\t\t\t\t\t\t<\/div>\r\n\t\t<div class=\"dfd-folio-icons-wrap\">\r\n\t\t\t\t\t\t\t<\/div>\r\n<\/div>\r\n\r\n\t\t\t\t\t\t<\/div>\r\n\r\n\t\t\t\t\t\t\t\t\t\t\t<\/div>\r\n\t\t\t\t<\/div>\r\n\t\t\t\t\t\t\t<div class=\"project dfd-fade-out panr\" >\r\n\t\t\t\t\t<div class=\"cover text-center\">\r\n\t\t\t\t\t\t\t\t\t\t\t\t\r\n\t\t\t\t\t\t<div class=\"entry-thumb \">\r\n\t\t\t\t\t\t\t<img decoding=\"async\" src=\"https:\/\/limacomunicacion.es\/wp-content\/uploads\/2025\/12\/NDPFrutasEladio.jpg\" alt=\"Frutas y Verduras Eladio enters a new stage of modernization and professionalization\"\/>\r\n\t\t\t\t\t\t\t\t\t\t\t\t\t\t\r\n<div class=\"portfolio-custom-hover\">\r\n\t\t\t\t<div class=\"title-wrap title-underline\">\r\n\t\t\t\t\t\t\t\t\t<h6 class=\"widget-title\"><a href=\"https:\/\/limacomunicacion.es\/en\/my-product\/frutas-y-verduras-eladio-enters-a-new-stage-of-modernization-and-professionalization\/\">Frutas y Verduras Eladio enters a new stage of modernization and professionalization<\/a><\/h6>\r\n\t\t\t\t\t\t\t\t\t\t\t<\/div>\r\n\t\t<div class=\"dfd-folio-icons-wrap\">\r\n\t\t\t\t\t\t\t<\/div>\r\n<\/div>\r\n\r\n\t\t\t\t\t\t<\/div>\r\n\r\n\t\t\t\t\t\t\t\t\t\t\t<\/div>\r\n\t\t\t\t<\/div>\r\n\t\t\t\t\t\t\t<div class=\"project dfd-fade-out panr\" >\r\n\t\t\t\t\t<div class=\"cover text-center\">\r\n\t\t\t\t\t\t\t\t\t\t\t\t\r\n\t\t\t\t\t\t<div class=\"entry-thumb \">\r\n\t\t\t\t\t\t\t<img decoding=\"async\" src=\"https:\/\/limacomunicacion.es\/wp-content\/uploads\/2025\/12\/NDPELago18-12.jpg\" alt=\"When the Mediterranean reinvents itself: 4-hands dinner at El Lago\"\/>\r\n\t\t\t\t\t\t\t\t\t\t\t\t\t\t\r\n<div class=\"portfolio-custom-hover\">\r\n\t\t\t\t<div class=\"title-wrap title-underline\">\r\n\t\t\t\t\t\t\t\t\t<h6 class=\"widget-title\"><a href=\"https:\/\/limacomunicacion.es\/en\/my-product\/when-the-mediterranean-reinvents-itself-4-hands-dinner-at-el-lago\/\">When the Mediterranean reinvents itself: 4-hands dinner at El Lago<\/a><\/h6>\r\n\t\t\t\t\t\t\t\t\t\t\t<\/div>\r\n\t\t<div class=\"dfd-folio-icons-wrap\">\r\n\t\t\t\t\t\t\t<\/div>\r\n<\/div>\r\n\r\n\t\t\t\t\t\t<\/div>\r\n\r\n\t\t\t\t\t\t\t\t\t\t\t<\/div>\r\n\t\t\t\t<\/div>\r\n\t\t\t\t\t\t\t<div class=\"project dfd-fade-out panr\" >\r\n\t\t\t\t\t<div class=\"cover text-center\">\r\n\t\t\t\t\t\t\t\t\t\t\t\t\r\n\t\t\t\t\t\t<div class=\"entry-thumb \">\r\n\t\t\t\t\t\t\t<img decoding=\"async\" src=\"https:\/\/limacomunicacion.es\/wp-content\/uploads\/2025\/12\/NDP-InvinicBubbleFest.jpg\" alt=\"The first edition of BUBBLES FEST by INVINIC exceeds all expectations\"\/>\r\n\t\t\t\t\t\t\t\t\t\t\t\t\t\t\r\n<div class=\"portfolio-custom-hover\">\r\n\t\t\t\t<div class=\"title-wrap title-underline\">\r\n\t\t\t\t\t\t\t\t\t<h6 class=\"widget-title\"><a href=\"https:\/\/limacomunicacion.es\/en\/my-product\/the-first-edition-of-bubbles-fest-by-invinic-exceeds-all-expectations\/\">The first edition of BUBBLES FEST by INVINIC exceeds all expectations<\/a><\/h6>\r\n\t\t\t\t\t\t\t\t\t\t\t<\/div>\r\n\t\t<div class=\"dfd-folio-icons-wrap\">\r\n\t\t\t\t\t\t\t<\/div>\r\n<\/div>\r\n\r\n\t\t\t\t\t\t<\/div>\r\n\r\n\t\t\t\t\t\t\t\t\t\t\t<\/div>\r\n\t\t\t\t<\/div>\r\n\t\t\t\t\t\t\t<div class=\"project dfd-fade-out panr\" >\r\n\t\t\t\t\t<div class=\"cover text-center\">\r\n\t\t\t\t\t\t\t\t\t\t\t\t\r\n\t\t\t\t\t\t<div class=\"entry-thumb \">\r\n\t\t\t\t\t\t\t<img decoding=\"async\" src=\"https:\/\/limacomunicacion.es\/wp-content\/uploads\/2025\/12\/NDP-CascadaNavidad.jpg\" alt=\"Discover the cozier side of Marbella: Cascada celebrates Christmas and New Year&#8217;s Eve with two unique dining experiences\"\/>\r\n\t\t\t\t\t\t\t\t\t\t\t\t\t\t\r\n<div class=\"portfolio-custom-hover\">\r\n\t\t\t\t<div class=\"title-wrap title-underline\">\r\n\t\t\t\t\t\t\t\t\t<h6 class=\"widget-title\"><a href=\"https:\/\/limacomunicacion.es\/en\/my-product\/discover-the-cozier-side-of-marbella-cascada-celebrates-christmas-and-new-years-eve-with-two-unique-dining-experiences\/\">Discover the cozier side of Marbella: Cascada celebrates Christmas and New Year&#8217;s Eve with two unique dining experiences<\/a><\/h6>\r\n\t\t\t\t\t\t\t\t\t\t\t<\/div>\r\n\t\t<div class=\"dfd-folio-icons-wrap\">\r\n\t\t\t\t\t\t\t<\/div>\r\n<\/div>\r\n\r\n\t\t\t\t\t\t<\/div>\r\n\r\n\t\t\t\t\t\t\t\t\t\t\t<\/div>\r\n\t\t\t\t<\/div>\r\n\t\t\t\t\t\t\t<div class=\"project dfd-fade-out panr\" >\r\n\t\t\t\t\t<div class=\"cover text-center\">\r\n\t\t\t\t\t\t\t\t\t\t\t\t\r\n\t\t\t\t\t\t<div class=\"entry-thumb \">\r\n\t\t\t\t\t\t\t<img decoding=\"async\" src=\"https:\/\/limacomunicacion.es\/wp-content\/uploads\/2025\/12\/NDP-AnantaraNov.jpg\" alt=\"Anantara Villa Padierna expands its wellness offering\"\/>\r\n\t\t\t\t\t\t\t\t\t\t\t\t\t\t\r\n<div class=\"portfolio-custom-hover\">\r\n\t\t\t\t<div class=\"title-wrap title-underline\">\r\n\t\t\t\t\t\t\t\t\t<h6 class=\"widget-title\"><a href=\"https:\/\/limacomunicacion.es\/en\/my-product\/anantara-villa-padierna-expands-its-wellness-offering\/\">Anantara Villa Padierna expands its wellness offering<\/a><\/h6>\r\n\t\t\t\t\t\t\t\t\t\t\t<\/div>\r\n\t\t<div class=\"dfd-folio-icons-wrap\">\r\n\t\t\t\t\t\t\t<\/div>\r\n<\/div>\r\n\r\n\t\t\t\t\t\t<\/div>\r\n\r\n\t\t\t\t\t\t\t\t\t\t\t<\/div>\r\n\t\t\t\t<\/div>\r\n\t\t\t\t\t\t\t<div class=\"project dfd-fade-out panr\" >\r\n\t\t\t\t\t<div class=\"cover text-center\">\r\n\t\t\t\t\t\t\t\t\t\t\t\t\r\n\t\t\t\t\t\t<div class=\"entry-thumb \">\r\n\t\t\t\t\t\t\t<img decoding=\"async\" src=\"https:\/\/limacomunicacion.es\/wp-content\/uploads\/2025\/12\/NDP-ElLago-Nov.jpg\" alt=\"Four Hands White Truffle Dinner at El Lago Restaurant\"\/>\r\n\t\t\t\t\t\t\t\t\t\t\t\t\t\t\r\n<div class=\"portfolio-custom-hover\">\r\n\t\t\t\t<div class=\"title-wrap title-underline\">\r\n\t\t\t\t\t\t\t\t\t<h6 class=\"widget-title\"><a href=\"https:\/\/limacomunicacion.es\/en\/my-product\/four-hands-white-truffle-dinner-at-el-lago-restaurant\/\">Four Hands White Truffle Dinner at El Lago Restaurant<\/a><\/h6>\r\n\t\t\t\t\t\t\t\t\t\t\t<\/div>\r\n\t\t<div class=\"dfd-folio-icons-wrap\">\r\n\t\t\t\t\t\t\t<\/div>\r\n<\/div>\r\n\r\n\t\t\t\t\t\t<\/div>\r\n\r\n\t\t\t\t\t\t\t\t\t\t\t<\/div>\r\n\t\t\t\t<\/div>\r\n\t\t\t\t\t\t\t<div class=\"project dfd-fade-out panr\" >\r\n\t\t\t\t\t<div class=\"cover text-center\">\r\n\t\t\t\t\t\t\t\t\t\t\t\t\r\n\t\t\t\t\t\t<div class=\"entry-thumb \">\r\n\t\t\t\t\t\t\t<img decoding=\"async\" src=\"https:\/\/limacomunicacion.es\/wp-content\/uploads\/2025\/12\/NDP-JoseCarlosGarciaNov.jpg\" alt=\"JOS\u00c9 CARLOS GARC\u00cdA CELEBRATES A UNIQUE EVENING\"\/>\r\n\t\t\t\t\t\t\t\t\t\t\t\t\t\t\r\n<div class=\"portfolio-custom-hover\">\r\n\t\t\t\t<div class=\"title-wrap title-underline\">\r\n\t\t\t\t\t\t\t\t\t<h6 class=\"widget-title\"><a href=\"https:\/\/limacomunicacion.es\/en\/my-product\/jose-carlos-garcia-celebrates-a-unique-evening\/\">JOS\u00c9 CARLOS GARC\u00cdA CELEBRATES A UNIQUE EVENING<\/a><\/h6>\r\n\t\t\t\t\t\t\t\t\t\t\t<\/div>\r\n\t\t<div class=\"dfd-folio-icons-wrap\">\r\n\t\t\t\t\t\t\t<\/div>\r\n<\/div>\r\n\r\n\t\t\t\t\t\t<\/div>\r\n\r\n\t\t\t\t\t\t\t\t\t\t\t<\/div>\r\n\t\t\t\t<\/div>\r\n\t\t\t\t\t\t\t<div class=\"project dfd-fade-out panr\" >\r\n\t\t\t\t\t<div class=\"cover text-center\">\r\n\t\t\t\t\t\t\t\t\t\t\t\t\r\n\t\t\t\t\t\t<div class=\"entry-thumb \">\r\n\t\t\t\t\t\t\t<img decoding=\"async\" src=\"https:\/\/limacomunicacion.es\/wp-content\/uploads\/2025\/12\/NDPCascadaNov.jpg\" alt=\"Cascada Marbella travels to Madrid for an exclusive six-handed event\"\/>\r\n\t\t\t\t\t\t\t\t\t\t\t\t\t\t\r\n<div class=\"portfolio-custom-hover\">\r\n\t\t\t\t<div class=\"title-wrap title-underline\">\r\n\t\t\t\t\t\t\t\t\t<h6 class=\"widget-title\"><a href=\"https:\/\/limacomunicacion.es\/en\/my-product\/cascada-marbella-travels-to-madrid\/\">Cascada Marbella travels to Madrid for an exclusive six-handed event<\/a><\/h6>\r\n\t\t\t\t\t\t\t\t\t\t\t<\/div>\r\n\t\t<div class=\"dfd-folio-icons-wrap\">\r\n\t\t\t\t\t\t\t<\/div>\r\n<\/div>\r\n\r\n\t\t\t\t\t\t<\/div>\r\n\r\n\t\t\t\t\t\t\t\t\t\t\t<\/div>\r\n\t\t\t\t<\/div>\r\n\t\t\t\t\t\t\t<div class=\"project dfd-fade-out panr\" >\r\n\t\t\t\t\t<div class=\"cover text-center\">\r\n\t\t\t\t\t\t\t\t\t\t\t\t\r\n\t\t\t\t\t\t<div class=\"entry-thumb \">\r\n\t\t\t\t\t\t\t<img decoding=\"async\" src=\"https:\/\/limacomunicacion.es\/wp-content\/uploads\/2025\/11\/NDPCsicNoviembre.jpg\" alt=\"The Science, Cuisine and Future Congress has marked a milestone in the dialogue between chefs and scientists.\"\/>\r\n\t\t\t\t\t\t\t\t\t\t\t\t\t\t\r\n<div class=\"portfolio-custom-hover\">\r\n\t\t\t\t<div class=\"title-wrap title-underline\">\r\n\t\t\t\t\t\t\t\t\t<h6 class=\"widget-title\"><a href=\"https:\/\/limacomunicacion.es\/en\/my-product\/the-science-cuisine-and-future-congress-has-marked-a-milestone-in-the-dialogue-between-chefs-and-scientists\/\">The Science, Cuisine and Future Congress has marked a milestone in the dialogue between chefs and scientists.<\/a><\/h6>\r\n\t\t\t\t\t\t\t\t\t\t\t<\/div>\r\n\t\t<div class=\"dfd-folio-icons-wrap\">\r\n\t\t\t\t\t\t\t<\/div>\r\n<\/div>\r\n\r\n\t\t\t\t\t\t<\/div>\r\n\r\n\t\t\t\t\t\t\t\t\t\t\t<\/div>\r\n\t\t\t\t<\/div>\r\n\t\t\t\t\t\t\t<div class=\"project dfd-fade-out panr\" >\r\n\t\t\t\t\t<div class=\"cover text-center\">\r\n\t\t\t\t\t\t\t\t\t\t\t\t\r\n\t\t\t\t\t\t<div class=\"entry-thumb \">\r\n\t\t\t\t\t\t\t<img decoding=\"async\" src=\"https:\/\/limacomunicacion.es\/wp-content\/uploads\/2025\/11\/NDP-JoeTheJuice-.jpg\" alt=\"Joe &amp; The Juice brings its fresh energy and urban flavor to Spain\"\/>\r\n\t\t\t\t\t\t\t\t\t\t\t\t\t\t\r\n<div class=\"portfolio-custom-hover\">\r\n\t\t\t\t<div class=\"title-wrap title-underline\">\r\n\t\t\t\t\t\t\t\t\t<h6 class=\"widget-title\"><a href=\"https:\/\/limacomunicacion.es\/en\/my-product\/joe-the-juice-brings-its-fresh-energy-and-urban-flavor-to-spain\/\">Joe &amp; The Juice brings its fresh energy and urban flavor to Spain<\/a><\/h6>\r\n\t\t\t\t\t\t\t\t\t\t\t<\/div>\r\n\t\t<div class=\"dfd-folio-icons-wrap\">\r\n\t\t\t\t\t\t\t<\/div>\r\n<\/div>\r\n\r\n\t\t\t\t\t\t<\/div>\r\n\r\n\t\t\t\t\t\t\t\t\t\t\t<\/div>\r\n\t\t\t\t<\/div>\r\n\t\t\t\t\t\t\t<div class=\"project dfd-fade-out panr\" >\r\n\t\t\t\t\t<div class=\"cover text-center\">\r\n\t\t\t\t\t\t\t\t\t\t\t\t\r\n\t\t\t\t\t\t<div class=\"entry-thumb \">\r\n\t\t\t\t\t\t\t<img decoding=\"async\" src=\"https:\/\/limacomunicacion.es\/wp-content\/uploads\/2025\/11\/NDPInvinicBubbleFest.jpg\" alt=\"INVINIC presents BUBBLES FEST: the great sparkling wine festival\"\/>\r\n\t\t\t\t\t\t\t\t\t\t\t\t\t\t\r\n<div class=\"portfolio-custom-hover\">\r\n\t\t\t\t<div class=\"title-wrap title-underline\">\r\n\t\t\t\t\t\t\t\t\t<h6 class=\"widget-title\"><a href=\"https:\/\/limacomunicacion.es\/en\/my-product\/invinic-presents-bubbles-fest-the-great-sparkling-wine-festival\/\">INVINIC presents BUBBLES FEST: the great sparkling wine festival<\/a><\/h6>\r\n\t\t\t\t\t\t\t\t\t\t\t<\/div>\r\n\t\t<div class=\"dfd-folio-icons-wrap\">\r\n\t\t\t\t\t\t\t<\/div>\r\n<\/div>\r\n\r\n\t\t\t\t\t\t<\/div>\r\n\r\n\t\t\t\t\t\t\t\t\t\t\t<\/div>\r\n\t\t\t\t<\/div>\r\n\t\t\t\t\t\t\t<div class=\"project dfd-fade-out panr\" >\r\n\t\t\t\t\t<div class=\"cover text-center\">\r\n\t\t\t\t\t\t\t\t\t\t\t\t\r\n\t\t\t\t\t\t<div class=\"entry-thumb \">\r\n\t\t\t\t\t\t\t<img decoding=\"async\" src=\"https:\/\/limacomunicacion.es\/wp-content\/uploads\/2025\/11\/MontajeCSIC.jpg\" alt=\"Science, Cuisine and Future Congress\"\/>\r\n\t\t\t\t\t\t\t\t\t\t\t\t\t\t\r\n<div class=\"portfolio-custom-hover\">\r\n\t\t\t\t<div class=\"title-wrap title-underline\">\r\n\t\t\t\t\t\t\t\t\t<h6 class=\"widget-title\"><a href=\"https:\/\/limacomunicacion.es\/en\/my-product\/science-cuisine-and-future-congress\/\">Science, Cuisine and Future Congress<\/a><\/h6>\r\n\t\t\t\t\t\t\t\t\t\t\t<\/div>\r\n\t\t<div class=\"dfd-folio-icons-wrap\">\r\n\t\t\t\t\t\t\t<\/div>\r\n<\/div>\r\n\r\n\t\t\t\t\t\t<\/div>\r\n\r\n\t\t\t\t\t\t\t\t\t\t\t<\/div>\r\n\t\t\t\t<\/div>\r\n\t\t\t\t\t\t\t<div class=\"project dfd-fade-out panr\" >\r\n\t\t\t\t\t<div class=\"cover text-center\">\r\n\t\t\t\t\t\t\t\t\t\t\t\t\r\n\t\t\t\t\t\t<div class=\"entry-thumb \">\r\n\t\t\t\t\t\t\t<img decoding=\"async\" src=\"https:\/\/limacomunicacion.es\/wp-content\/uploads\/2025\/10\/NDP_Anantara.jpg\" alt=\"The most special Christmas on the Costa del Sol at Anantara Villa Padierna\"\/>\r\n\t\t\t\t\t\t\t\t\t\t\t\t\t\t\r\n<div class=\"portfolio-custom-hover\">\r\n\t\t\t\t<div class=\"title-wrap title-underline\">\r\n\t\t\t\t\t\t\t\t\t<h6 class=\"widget-title\"><a href=\"https:\/\/limacomunicacion.es\/en\/my-product\/the-most-special-christmas-on-the-costa-del-sol-at-anantara-villa-padierna\/\">The most special Christmas on the Costa del Sol at Anantara Villa Padierna<\/a><\/h6>\r\n\t\t\t\t\t\t\t\t\t\t\t<\/div>\r\n\t\t<div class=\"dfd-folio-icons-wrap\">\r\n\t\t\t\t\t\t\t<\/div>\r\n<\/div>\r\n\r\n\t\t\t\t\t\t<\/div>\r\n\r\n\t\t\t\t\t\t\t\t\t\t\t<\/div>\r\n\t\t\t\t<\/div>\r\n\t\t\t\t\t\t\t<div class=\"project dfd-fade-out panr\" >\r\n\t\t\t\t\t<div class=\"cover text-center\">\r\n\t\t\t\t\t\t\t\t\t\t\t\t\r\n\t\t\t\t\t\t<div class=\"entry-thumb \">\r\n\t\t\t\t\t\t\t<img decoding=\"async\" src=\"https:\/\/limacomunicacion.es\/wp-content\/uploads\/2025\/10\/NDP-FrutasEladio.jpg\" alt=\"Frutas y Verduras Eladio starts the fall season expanding the production of its gourmet line &#8216;Calma Eladio&#8217;.\"\/>\r\n\t\t\t\t\t\t\t\t\t\t\t\t\t\t\r\n<div class=\"portfolio-custom-hover\">\r\n\t\t\t\t<div class=\"title-wrap title-underline\">\r\n\t\t\t\t\t\t\t\t\t<h6 class=\"widget-title\"><a href=\"https:\/\/limacomunicacion.es\/en\/my-product\/frutas-y-verduras-eladio-starts-the-fall-season-expanding-the-production-of-its-gourmet-line-calma-eladio\/\">Frutas y Verduras Eladio starts the fall season expanding the production of its gourmet line &#8216;Calma Eladio&#8217;.<\/a><\/h6>\r\n\t\t\t\t\t\t\t\t\t\t\t<\/div>\r\n\t\t<div class=\"dfd-folio-icons-wrap\">\r\n\t\t\t\t\t\t\t<\/div>\r\n<\/div>\r\n\r\n\t\t\t\t\t\t<\/div>\r\n\r\n\t\t\t\t\t\t\t\t\t\t\t<\/div>\r\n\t\t\t\t<\/div>\r\n\t\t\t\t\t\t\t<div class=\"project dfd-fade-out panr\" >\r\n\t\t\t\t\t<div class=\"cover text-center\">\r\n\t\t\t\t\t\t\t\t\t\t\t\t\r\n\t\t\t\t\t\t<div class=\"entry-thumb \">\r\n\t\t\t\t\t\t\t<img decoding=\"async\" src=\"https:\/\/limacomunicacion.es\/wp-content\/uploads\/2025\/10\/NDP-Csic-1.jpg\" alt=\"CSIC and the Mario Sandoval Foundation join forces in the Congress on Science, Cuisine and the Future: Uniting Research and Gastronomy to redefine the food of tomorrow\"\/>\r\n\t\t\t\t\t\t\t\t\t\t\t\t\t\t\r\n<div class=\"portfolio-custom-hover\">\r\n\t\t\t\t<div class=\"title-wrap title-underline\">\r\n\t\t\t\t\t\t\t\t\t<h6 class=\"widget-title\"><a href=\"https:\/\/limacomunicacion.es\/en\/my-product\/csic-and-the-mario-sandoval-foundation-join-forces-in-the-congress-on-science-cuisine-and-the-future-uniting-research-and-gastronomy-to-redefine-the-food-of-tomorrow\/\">CSIC and the Mario Sandoval Foundation join forces in the Congress on Science, Cuisine and the Future: Uniting Research and Gastronomy to redefine the food of tomorrow<\/a><\/h6>\r\n\t\t\t\t\t\t\t\t\t\t\t<\/div>\r\n\t\t<div class=\"dfd-folio-icons-wrap\">\r\n\t\t\t\t\t\t\t<\/div>\r\n<\/div>\r\n\r\n\t\t\t\t\t\t<\/div>\r\n\r\n\t\t\t\t\t\t\t\t\t\t\t<\/div>\r\n\t\t\t\t<\/div>\r\n\t\t\t\t\t\t\t<div class=\"project dfd-fade-out panr\" >\r\n\t\t\t\t\t<div class=\"cover text-center\">\r\n\t\t\t\t\t\t\t\t\t\t\t\t\r\n\t\t\t\t\t\t<div class=\"entry-thumb \">\r\n\t\t\t\t\t\t\t<img decoding=\"async\" src=\"https:\/\/limacomunicacion.es\/wp-content\/uploads\/2025\/10\/NDPGastroGolf.jpg\" alt=\"Benahav\u00eds celebrates the first Gastro Junior Golf Day\"\/>\r\n\t\t\t\t\t\t\t\t\t\t\t\t\t\t\r\n<div class=\"portfolio-custom-hover\">\r\n\t\t\t\t<div class=\"title-wrap title-underline\">\r\n\t\t\t\t\t\t\t\t\t<h6 class=\"widget-title\"><a href=\"https:\/\/limacomunicacion.es\/en\/my-product\/benahavis-celebrates-the-first-gastro-junior-golf-day\/\">Benahav\u00eds celebrates the first Gastro Junior Golf Day<\/a><\/h6>\r\n\t\t\t\t\t\t\t\t\t\t\t<\/div>\r\n\t\t<div class=\"dfd-folio-icons-wrap\">\r\n\t\t\t\t\t\t\t<\/div>\r\n<\/div>\r\n\r\n\t\t\t\t\t\t<\/div>\r\n\r\n\t\t\t\t\t\t\t\t\t\t\t<\/div>\r\n\t\t\t\t<\/div>\r\n\t\t\t\t\t\t\t<div class=\"project dfd-fade-out panr\" >\r\n\t\t\t\t\t<div class=\"cover text-center\">\r\n\t\t\t\t\t\t\t\t\t\t\t\t\r\n\t\t\t\t\t\t<div class=\"entry-thumb \">\r\n\t\t\t\t\t\t\t<img decoding=\"async\" src=\"https:\/\/limacomunicacion.es\/wp-content\/uploads\/2025\/10\/NDP-Cascada-1.jpg\" alt=\"Le Patio by Cascada Marbella extends its season in October\"\/>\r\n\t\t\t\t\t\t\t\t\t\t\t\t\t\t\r\n<div class=\"portfolio-custom-hover\">\r\n\t\t\t\t<div class=\"title-wrap title-underline\">\r\n\t\t\t\t\t\t\t\t\t<h6 class=\"widget-title\"><a href=\"https:\/\/limacomunicacion.es\/en\/my-product\/5870\/\">Le Patio by Cascada Marbella extends its season in October<\/a><\/h6>\r\n\t\t\t\t\t\t\t\t\t\t\t<\/div>\r\n\t\t<div class=\"dfd-folio-icons-wrap\">\r\n\t\t\t\t\t\t\t<\/div>\r\n<\/div>\r\n\r\n\t\t\t\t\t\t<\/div>\r\n\r\n\t\t\t\t\t\t\t\t\t\t\t<\/div>\r\n\t\t\t\t<\/div>\r\n\t\t\t\t\t\t\t<div class=\"project dfd-fade-out panr\" >\r\n\t\t\t\t\t<div class=\"cover text-center\">\r\n\t\t\t\t\t\t\t\t\t\t\t\t\r\n\t\t\t\t\t\t<div class=\"entry-thumb \">\r\n\t\t\t\t\t\t\t<img decoding=\"async\" src=\"https:\/\/limacomunicacion.es\/wp-content\/uploads\/2025\/09\/NDP-Invinic-2.jpg\" alt=\"INVINIC Gourmet Zagaleta: oenological luxury and delicatessen in the heart of La Zagaleta\"\/>\r\n\t\t\t\t\t\t\t\t\t\t\t\t\t\t\r\n<div class=\"portfolio-custom-hover\">\r\n\t\t\t\t<div class=\"title-wrap title-underline\">\r\n\t\t\t\t\t\t\t\t\t<h6 class=\"widget-title\"><a href=\"https:\/\/limacomunicacion.es\/en\/my-product\/invinic-gourmet-zagaleta-oenological-luxury-and-delicatessen-in-the-heart-of-la-zagaleta\/\">INVINIC Gourmet Zagaleta: oenological luxury and delicatessen in the heart of La Zagaleta<\/a><\/h6>\r\n\t\t\t\t\t\t\t\t\t\t\t<\/div>\r\n\t\t<div class=\"dfd-folio-icons-wrap\">\r\n\t\t\t\t\t\t\t<\/div>\r\n<\/div>\r\n\r\n\t\t\t\t\t\t<\/div>\r\n\r\n\t\t\t\t\t\t\t\t\t\t\t<\/div>\r\n\t\t\t\t<\/div>\r\n\t\t\t\t\t\t\t<div class=\"project dfd-fade-out panr\" >\r\n\t\t\t\t\t<div class=\"cover text-center\">\r\n\t\t\t\t\t\t\t\t\t\t\t\t\r\n\t\t\t\t\t\t<div class=\"entry-thumb \">\r\n\t\t\t\t\t\t\t<img decoding=\"async\" src=\"https:\/\/limacomunicacion.es\/wp-content\/uploads\/2025\/08\/NDPInvinic.jpg\" alt=\"INVINIC celebrates its first anniversary with new projects and a great passion for wine\"\/>\r\n\t\t\t\t\t\t\t\t\t\t\t\t\t\t\r\n<div class=\"portfolio-custom-hover\">\r\n\t\t\t\t<div class=\"title-wrap title-underline\">\r\n\t\t\t\t\t\t\t\t\t<h6 class=\"widget-title\"><a href=\"https:\/\/limacomunicacion.es\/en\/my-product\/invinic-celebrates-its-first-anniversary-with-new-projects-and-a-great-passion-for-wine\/\">INVINIC celebrates its first anniversary with new projects and a great passion for wine<\/a><\/h6>\r\n\t\t\t\t\t\t\t\t\t\t\t<\/div>\r\n\t\t<div class=\"dfd-folio-icons-wrap\">\r\n\t\t\t\t\t\t\t<\/div>\r\n<\/div>\r\n\r\n\t\t\t\t\t\t<\/div>\r\n\r\n\t\t\t\t\t\t\t\t\t\t\t<\/div>\r\n\t\t\t\t<\/div>\r\n\t\t\t\t\t\t\t<div class=\"project dfd-fade-out panr\" >\r\n\t\t\t\t\t<div class=\"cover text-center\">\r\n\t\t\t\t\t\t\t\t\t\t\t\t\r\n\t\t\t\t\t\t<div class=\"entry-thumb \">\r\n\t\t\t\t\t\t\t<img decoding=\"async\" src=\"https:\/\/limacomunicacion.es\/wp-content\/uploads\/2025\/08\/NDPJCG.jpg\" alt=\"THE MOST GOURMET SUMMER TERRACE IN MALAGA: BITES WITH LOCAL SOUL AND LAURENT-PERRIER CHAMPAGNE\"\/>\r\n\t\t\t\t\t\t\t\t\t\t\t\t\t\t\r\n<div class=\"portfolio-custom-hover\">\r\n\t\t\t\t<div class=\"title-wrap title-underline\">\r\n\t\t\t\t\t\t\t\t\t<h6 class=\"widget-title\"><a href=\"https:\/\/limacomunicacion.es\/en\/my-product\/the-most-gourmet-summer-terrace-in-malaga-bites-with-local-soul-and-laurent-perrier-champagne\/\">THE MOST GOURMET SUMMER TERRACE IN MALAGA: BITES WITH LOCAL SOUL AND LAURENT-PERRIER CHAMPAGNE<\/a><\/h6>\r\n\t\t\t\t\t\t\t\t\t\t\t<\/div>\r\n\t\t<div class=\"dfd-folio-icons-wrap\">\r\n\t\t\t\t\t\t\t<\/div>\r\n<\/div>\r\n\r\n\t\t\t\t\t\t<\/div>\r\n\r\n\t\t\t\t\t\t\t\t\t\t\t<\/div>\r\n\t\t\t\t<\/div>\r\n\t\t\t\t\t\t\t<div class=\"project dfd-fade-out panr\" >\r\n\t\t\t\t\t<div class=\"cover text-center\">\r\n\t\t\t\t\t\t\t\t\t\t\t\t\r\n\t\t\t\t\t\t<div class=\"entry-thumb \">\r\n\t\t\t\t\t\t\t<img decoding=\"async\" src=\"https:\/\/limacomunicacion.es\/wp-content\/uploads\/2025\/07\/NDP-Cascada.jpg\" alt=\"Le Patio by Cascada Marbella returns this summer with new image\"\/>\r\n\t\t\t\t\t\t\t\t\t\t\t\t\t\t\r\n<div class=\"portfolio-custom-hover\">\r\n\t\t\t\t<div class=\"title-wrap title-underline\">\r\n\t\t\t\t\t\t\t\t\t<h6 class=\"widget-title\"><a href=\"https:\/\/limacomunicacion.es\/en\/my-product\/le-patio-by-cascada-marbella-returns-this-summer-with-new-image\/\">Le Patio by Cascada Marbella returns this summer with new image<\/a><\/h6>\r\n\t\t\t\t\t\t\t\t\t\t\t<\/div>\r\n\t\t<div class=\"dfd-folio-icons-wrap\">\r\n\t\t\t\t\t\t\t<\/div>\r\n<\/div>\r\n\r\n\t\t\t\t\t\t<\/div>\r\n\r\n\t\t\t\t\t\t\t\t\t\t\t<\/div>\r\n\t\t\t\t<\/div>\r\n\t\t\t\t\t\t\t<div class=\"project dfd-fade-out panr\" >\r\n\t\t\t\t\t<div class=\"cover text-center\">\r\n\t\t\t\t\t\t\t\t\t\t\t\t\r\n\t\t\t\t\t\t<div class=\"entry-thumb \">\r\n\t\t\t\t\t\t\t<img decoding=\"async\" src=\"https:\/\/limacomunicacion.es\/wp-content\/uploads\/2025\/07\/JCG-NDPJunio2025.jpg\" alt=\"JOS\u00c9 CARLOS GARC\u00cdA REINTERPRETS HIS GREATEST HITS IN A SUMMER TO REMEMBER\"\/>\r\n\t\t\t\t\t\t\t\t\t\t\t\t\t\t\r\n<div class=\"portfolio-custom-hover\">\r\n\t\t\t\t<div class=\"title-wrap title-underline\">\r\n\t\t\t\t\t\t\t\t\t<h6 class=\"widget-title\"><a href=\"https:\/\/limacomunicacion.es\/en\/my-product\/jose-carlos-garcia-reinterprets-his-greatest-hits-in-a-summer-to-remember\/\">JOS\u00c9 CARLOS GARC\u00cdA REINTERPRETS HIS GREATEST HITS IN A SUMMER TO REMEMBER<\/a><\/h6>\r\n\t\t\t\t\t\t\t\t\t\t\t<\/div>\r\n\t\t<div class=\"dfd-folio-icons-wrap\">\r\n\t\t\t\t\t\t\t<\/div>\r\n<\/div>\r\n\r\n\t\t\t\t\t\t<\/div>\r\n\r\n\t\t\t\t\t\t\t\t\t\t\t<\/div>\r\n\t\t\t\t<\/div>\r\n\t\t\t\t\t\t\t<div class=\"project dfd-fade-out panr\" >\r\n\t\t\t\t\t<div class=\"cover text-center\">\r\n\t\t\t\t\t\t\t\t\t\t\t\t\r\n\t\t\t\t\t\t<div class=\"entry-thumb \">\r\n\t\t\t\t\t\t\t<img decoding=\"async\" src=\"https:\/\/limacomunicacion.es\/wp-content\/uploads\/2025\/06\/Anantar16MayoNDP.jpg\" alt=\"This summer, rediscover the Costa del Sol from Anantara Villa Padierna\"\/>\r\n\t\t\t\t\t\t\t\t\t\t\t\t\t\t\r\n<div class=\"portfolio-custom-hover\">\r\n\t\t\t\t<div class=\"title-wrap title-underline\">\r\n\t\t\t\t\t\t\t\t\t<h6 class=\"widget-title\"><a href=\"https:\/\/limacomunicacion.es\/en\/my-product\/this-summer-rediscover-the-costa-del-sol-from-anantara-villa-padierna\/\">This summer, rediscover the Costa del Sol from Anantara Villa Padierna<\/a><\/h6>\r\n\t\t\t\t\t\t\t\t\t\t\t<\/div>\r\n\t\t<div class=\"dfd-folio-icons-wrap\">\r\n\t\t\t\t\t\t\t<\/div>\r\n<\/div>\r\n\r\n\t\t\t\t\t\t<\/div>\r\n\r\n\t\t\t\t\t\t\t\t\t\t\t<\/div>\r\n\t\t\t\t<\/div>\r\n\t\t\t\t\t\t\t<div class=\"project dfd-fade-out panr\" >\r\n\t\t\t\t\t<div class=\"cover text-center\">\r\n\t\t\t\t\t\t\t\t\t\t\t\t\r\n\t\t\t\t\t\t<div class=\"entry-thumb \">\r\n\t\t\t\t\t\t\t<img decoding=\"async\" src=\"https:\/\/limacomunicacion.es\/wp-content\/uploads\/2025\/06\/BohoClubNDP.jpg\" alt=\"Boho Club and Victoria beers present a signature menu with a Malaga flavor\"\/>\r\n\t\t\t\t\t\t\t\t\t\t\t\t\t\t\r\n<div class=\"portfolio-custom-hover\">\r\n\t\t\t\t<div class=\"title-wrap title-underline\">\r\n\t\t\t\t\t\t\t\t\t<h6 class=\"widget-title\"><a href=\"https:\/\/limacomunicacion.es\/en\/my-product\/boho-club-and-victoria-beers-present-a-signature-menu-with-a-malaga-flavor\/\">Boho Club and Victoria beers present a signature menu with a Malaga flavor<\/a><\/h6>\r\n\t\t\t\t\t\t\t\t\t\t\t<\/div>\r\n\t\t<div class=\"dfd-folio-icons-wrap\">\r\n\t\t\t\t\t\t\t<\/div>\r\n<\/div>\r\n\r\n\t\t\t\t\t\t<\/div>\r\n\r\n\t\t\t\t\t\t\t\t\t\t\t<\/div>\r\n\t\t\t\t<\/div>\r\n\t\t\t\t\t\t\t<div class=\"project dfd-fade-out panr\" >\r\n\t\t\t\t\t<div class=\"cover text-center\">\r\n\t\t\t\t\t\t\t\t\t\t\t\t\r\n\t\t\t\t\t\t<div class=\"entry-thumb \">\r\n\t\t\t\t\t\t\t<img decoding=\"async\" src=\"https:\/\/limacomunicacion.es\/wp-content\/uploads\/2025\/06\/Anantara3Mayo.jpg\" alt=\"The opera \u201cCarmen\u201d thrills again in the heart of the Costa del Sol and surrounded by the beauty of Anantara Villa Padierna.\"\/>\r\n\t\t\t\t\t\t\t\t\t\t\t\t\t\t\r\n<div class=\"portfolio-custom-hover\">\r\n\t\t\t\t<div class=\"title-wrap title-underline\">\r\n\t\t\t\t\t\t\t\t\t<h6 class=\"widget-title\"><a href=\"https:\/\/limacomunicacion.es\/en\/my-product\/the-opera-carmen-thrills-again-in-the-heart-of-the-costa-del-sol-and-surrounded-by-the-beauty-of-anantara-villa-padierna\/\">The opera \u201cCarmen\u201d thrills again in the heart of the Costa del Sol and surrounded by the beauty of Anantara Villa Padierna.<\/a><\/h6>\r\n\t\t\t\t\t\t\t\t\t\t\t<\/div>\r\n\t\t<div class=\"dfd-folio-icons-wrap\">\r\n\t\t\t\t\t\t\t<\/div>\r\n<\/div>\r\n\r\n\t\t\t\t\t\t<\/div>\r\n\r\n\t\t\t\t\t\t\t\t\t\t\t<\/div>\r\n\t\t\t\t<\/div>\r\n\t\t\t\t\t\t\t<div class=\"project dfd-fade-out panr\" >\r\n\t\t\t\t\t<div class=\"cover text-center\">\r\n\t\t\t\t\t\t\t\t\t\t\t\t\r\n\t\t\t\t\t\t<div class=\"entry-thumb \">\r\n\t\t\t\t\t\t\t<img decoding=\"async\" src=\"https:\/\/limacomunicacion.es\/wp-content\/uploads\/2025\/05\/7EdicionChefsForChildren2.jpg\" alt=\"ChefsForChildren: gastronomy as a solidarity and educational tool for children with diabetes\"\/>\r\n\t\t\t\t\t\t\t\t\t\t\t\t\t\t\r\n<div class=\"portfolio-custom-hover\">\r\n\t\t\t\t<div class=\"title-wrap title-underline\">\r\n\t\t\t\t\t\t\t\t\t<h6 class=\"widget-title\"><a href=\"https:\/\/limacomunicacion.es\/en\/my-product\/chefsforchildren-gastronomy-as-a-solidarity-and-educational-tool-for-children-with-diabetes\/\">ChefsForChildren: gastronomy as a solidarity and educational tool for children with diabetes<\/a><\/h6>\r\n\t\t\t\t\t\t\t\t\t\t\t<\/div>\r\n\t\t<div class=\"dfd-folio-icons-wrap\">\r\n\t\t\t\t\t\t\t<\/div>\r\n<\/div>\r\n\r\n\t\t\t\t\t\t<\/div>\r\n\r\n\t\t\t\t\t\t\t\t\t\t\t<\/div>\r\n\t\t\t\t<\/div>\r\n\t\t\t\t\t\t\t<div class=\"project dfd-fade-out panr\" >\r\n\t\t\t\t\t<div class=\"cover text-center\">\r\n\t\t\t\t\t\t\t\t\t\t\t\t\r\n\t\t\t\t\t\t<div class=\"entry-thumb \">\r\n\t\t\t\t\t\t\t<img decoding=\"async\" src=\"https:\/\/limacomunicacion.es\/wp-content\/uploads\/2025\/04\/PortadaBenahavisPDFNDP-1.jpg\" alt=\"ChefsForChildren visits the Benahav\u00eds Hospitality School and presents the highlights of its seventh charity gala.\"\/>\r\n\t\t\t\t\t\t\t\t\t\t\t\t\t\t\r\n<div class=\"portfolio-custom-hover\">\r\n\t\t\t\t<div class=\"title-wrap title-underline\">\r\n\t\t\t\t\t\t\t\t\t<h6 class=\"widget-title\"><a href=\"https:\/\/limacomunicacion.es\/en\/my-product\/chefsforchildren-visits-the-escuela-de-hosteleria-de-benahavis-and-presents-the-novelties-of-its-seventh-charity-gala\/\">ChefsForChildren visits the Benahav\u00eds Hospitality School and presents the highlights of its seventh charity gala.<\/a><\/h6>\r\n\t\t\t\t\t\t\t\t\t\t\t<\/div>\r\n\t\t<div class=\"dfd-folio-icons-wrap\">\r\n\t\t\t\t\t\t\t<\/div>\r\n<\/div>\r\n\r\n\t\t\t\t\t\t<\/div>\r\n\r\n\t\t\t\t\t\t\t\t\t\t\t<\/div>\r\n\t\t\t\t<\/div>\r\n\t\t\t\t\t\t\t<div class=\"project dfd-fade-out panr\" >\r\n\t\t\t\t\t<div class=\"cover text-center\">\r\n\t\t\t\t\t\t\t\t\t\t\t\t\r\n\t\t\t\t\t\t<div class=\"entry-thumb \">\r\n\t\t\t\t\t\t\t<img decoding=\"async\" src=\"https:\/\/limacomunicacion.es\/wp-content\/uploads\/2025\/04\/NDP-Csacada.jpg\" alt=\"Cascada Marbella welcomes the spring with a renewed gastronomic proposal\"\/>\r\n\t\t\t\t\t\t\t\t\t\t\t\t\t\t\r\n<div class=\"portfolio-custom-hover\">\r\n\t\t\t\t<div class=\"title-wrap title-underline\">\r\n\t\t\t\t\t\t\t\t\t<h6 class=\"widget-title\"><a href=\"https:\/\/limacomunicacion.es\/en\/my-product\/cascada-marbella-welcomes-the-spring-with-a-renewed-gastronomic-proposal\/\">Cascada Marbella welcomes the spring with a renewed gastronomic proposal<\/a><\/h6>\r\n\t\t\t\t\t\t\t\t\t\t\t<\/div>\r\n\t\t<div class=\"dfd-folio-icons-wrap\">\r\n\t\t\t\t\t\t\t<\/div>\r\n<\/div>\r\n\r\n\t\t\t\t\t\t<\/div>\r\n\r\n\t\t\t\t\t\t\t\t\t\t\t<\/div>\r\n\t\t\t\t<\/div>\r\n\t\t\t\t\t\t\t<div class=\"project dfd-fade-out panr\" >\r\n\t\t\t\t\t<div class=\"cover text-center\">\r\n\t\t\t\t\t\t\t\t\t\t\t\t\r\n\t\t\t\t\t\t<div class=\"entry-thumb \">\r\n\t\t\t\t\t\t\t<img decoding=\"async\" src=\"https:\/\/limacomunicacion.es\/wp-content\/uploads\/2025\/04\/NDPAnantaraMarbellaAbril2025.jpg\" alt=\"Traditional gastronomy, wellness and cultural experiences for Easter at Anantara Villa Padierna\"\/>\r\n\t\t\t\t\t\t\t\t\t\t\t\t\t\t\r\n<div class=\"portfolio-custom-hover\">\r\n\t\t\t\t<div class=\"title-wrap title-underline\">\r\n\t\t\t\t\t\t\t\t\t<h6 class=\"widget-title\"><a href=\"https:\/\/limacomunicacion.es\/en\/my-product\/traditional-gastronomy-wellness-and-cultural-experiences-for-easter-at-anantara-villa-padierna\/\">Traditional gastronomy, wellness and cultural experiences for Easter at Anantara Villa Padierna<\/a><\/h6>\r\n\t\t\t\t\t\t\t\t\t\t\t<\/div>\r\n\t\t<div class=\"dfd-folio-icons-wrap\">\r\n\t\t\t\t\t\t\t<\/div>\r\n<\/div>\r\n\r\n\t\t\t\t\t\t<\/div>\r\n\r\n\t\t\t\t\t\t\t\t\t\t\t<\/div>\r\n\t\t\t\t<\/div>\r\n\t\t\t\t\t\t\t<div class=\"project dfd-fade-out panr\" >\r\n\t\t\t\t\t<div class=\"cover text-center\">\r\n\t\t\t\t\t\t\t\t\t\t\t\t\r\n\t\t\t\t\t\t<div class=\"entry-thumb \">\r\n\t\t\t\t\t\t\t<img decoding=\"async\" src=\"https:\/\/limacomunicacion.es\/wp-content\/uploads\/2025\/03\/TallerLeCordonBleuMadrid.jpg\" alt=\"ChefsForChildren organizes fun cooking workshops for children with diabetes at Le Cordon Bleu Madrid\"\/>\r\n\t\t\t\t\t\t\t\t\t\t\t\t\t\t\r\n<div class=\"portfolio-custom-hover\">\r\n\t\t\t\t<div class=\"title-wrap title-underline\">\r\n\t\t\t\t\t\t\t\t\t<h6 class=\"widget-title\"><a href=\"https:\/\/limacomunicacion.es\/en\/my-product\/chefsforchildren-organizes-fun-cooking-workshops-for-children-with-diabetes-at-le-cordon-bleu-madrid\/\">ChefsForChildren organizes fun cooking workshops for children with diabetes at Le Cordon Bleu Madrid<\/a><\/h6>\r\n\t\t\t\t\t\t\t\t\t\t\t<\/div>\r\n\t\t<div class=\"dfd-folio-icons-wrap\">\r\n\t\t\t\t\t\t\t<\/div>\r\n<\/div>\r\n\r\n\t\t\t\t\t\t<\/div>\r\n\r\n\t\t\t\t\t\t\t\t\t\t\t<\/div>\r\n\t\t\t\t<\/div>\r\n\t\t\t\t\t\t\t<div class=\"project dfd-fade-out panr\" >\r\n\t\t\t\t\t<div class=\"cover text-center\">\r\n\t\t\t\t\t\t\t\t\t\t\t\t\r\n\t\t\t\t\t\t<div class=\"entry-thumb \">\r\n\t\t\t\t\t\t\t<img decoding=\"async\" src=\"https:\/\/limacomunicacion.es\/wp-content\/uploads\/2025\/02\/ElLagoSAnValentin.jpg\" alt=\"A dream Valentine&#8217;s Day at El Lago\"\/>\r\n\t\t\t\t\t\t\t\t\t\t\t\t\t\t\r\n<div class=\"portfolio-custom-hover\">\r\n\t\t\t\t<div class=\"title-wrap title-underline\">\r\n\t\t\t\t\t\t\t\t\t<h6 class=\"widget-title\"><a href=\"https:\/\/limacomunicacion.es\/en\/my-product\/a-dream-valentines-day-at-el-lago\/\">A dream Valentine&#8217;s Day at El Lago<\/a><\/h6>\r\n\t\t\t\t\t\t\t\t\t\t\t<\/div>\r\n\t\t<div class=\"dfd-folio-icons-wrap\">\r\n\t\t\t\t\t\t\t<\/div>\r\n<\/div>\r\n\r\n\t\t\t\t\t\t<\/div>\r\n\r\n\t\t\t\t\t\t\t\t\t\t\t<\/div>\r\n\t\t\t\t<\/div>\r\n\t\t\t\t\t\t\t<div class=\"project dfd-fade-out panr\" >\r\n\t\t\t\t\t<div class=\"cover text-center\">\r\n\t\t\t\t\t\t\t\t\t\t\t\t\r\n\t\t\t\t\t\t<div class=\"entry-thumb \">\r\n\t\t\t\t\t\t\t<img decoding=\"async\" src=\"https:\/\/limacomunicacion.es\/wp-content\/uploads\/2025\/02\/ElLago.jpg\" alt=\"El Lago reopens its doors in Marbella after a comprehensive refurbishment\"\/>\r\n\t\t\t\t\t\t\t\t\t\t\t\t\t\t\r\n<div class=\"portfolio-custom-hover\">\r\n\t\t\t\t<div class=\"title-wrap title-underline\">\r\n\t\t\t\t\t\t\t\t\t<h6 class=\"widget-title\"><a href=\"https:\/\/limacomunicacion.es\/en\/my-product\/el-lago-reopens-its-doors-in-marbella-after-a-comprehensive-refurbishment\/\">El Lago reopens its doors in Marbella after a comprehensive refurbishment<\/a><\/h6>\r\n\t\t\t\t\t\t\t\t\t\t\t<\/div>\r\n\t\t<div class=\"dfd-folio-icons-wrap\">\r\n\t\t\t\t\t\t\t<\/div>\r\n<\/div>\r\n\r\n\t\t\t\t\t\t<\/div>\r\n\r\n\t\t\t\t\t\t\t\t\t\t\t<\/div>\r\n\t\t\t\t<\/div>\r\n\t\t\t\t\t\t\t<div class=\"project dfd-fade-out panr\" >\r\n\t\t\t\t\t<div class=\"cover text-center\">\r\n\t\t\t\t\t\t\t\t\t\t\t\t\r\n\t\t\t\t\t\t<div class=\"entry-thumb \">\r\n\t\t\t\t\t\t\t<img decoding=\"async\" src=\"https:\/\/limacomunicacion.es\/wp-content\/uploads\/2025\/03\/TallerCostina.jpg\" alt=\"ChefsForChildren organizes a healthy cooking workshop for children with diabetes in Galicia\"\/>\r\n\t\t\t\t\t\t\t\t\t\t\t\t\t\t\r\n<div class=\"portfolio-custom-hover\">\r\n\t\t\t\t<div class=\"title-wrap title-underline\">\r\n\t\t\t\t\t\t\t\t\t<h6 class=\"widget-title\"><a href=\"https:\/\/limacomunicacion.es\/en\/my-product\/chefsforchildren-organizes-a-healthy-cooking-workshop-for-children-with-diabetes-in-galicia\/\">ChefsForChildren organizes a healthy cooking workshop for children with diabetes in Galicia<\/a><\/h6>\r\n\t\t\t\t\t\t\t\t\t\t\t<\/div>\r\n\t\t<div class=\"dfd-folio-icons-wrap\">\r\n\t\t\t\t\t\t\t<\/div>\r\n<\/div>\r\n\r\n\t\t\t\t\t\t<\/div>\r\n\r\n\t\t\t\t\t\t\t\t\t\t\t<\/div>\r\n\t\t\t\t<\/div>\r\n\t\t\t\t\t\t\t<div class=\"project dfd-fade-out panr\" >\r\n\t\t\t\t\t<div class=\"cover text-center\">\r\n\t\t\t\t\t\t\t\t\t\t\t\t\r\n\t\t\t\t\t\t<div class=\"entry-thumb \">\r\n\t\t\t\t\t\t\t<img decoding=\"async\" src=\"https:\/\/limacomunicacion.es\/wp-content\/uploads\/2025\/01\/DesayunoBohoClub.jpg\" alt=\"Boho Club receives the award for &#8220;Best Hotel Breakfast&#8221; at Madrid Fusion 2025\"\/>\r\n\t\t\t\t\t\t\t\t\t\t\t\t\t\t\r\n<div class=\"portfolio-custom-hover\">\r\n\t\t\t\t<div class=\"title-wrap title-underline\">\r\n\t\t\t\t\t\t\t\t\t<h6 class=\"widget-title\"><a href=\"https:\/\/limacomunicacion.es\/en\/my-product\/boho-club-receives-the-award-for-best-hotel-breakfast-at-madrid-fusion-2025\/\">Boho Club receives the award for &#8220;Best Hotel Breakfast&#8221; at Madrid Fusion 2025<\/a><\/h6>\r\n\t\t\t\t\t\t\t\t\t\t\t<\/div>\r\n\t\t<div class=\"dfd-folio-icons-wrap\">\r\n\t\t\t\t\t\t\t<\/div>\r\n<\/div>\r\n\r\n\t\t\t\t\t\t<\/div>\r\n\r\n\t\t\t\t\t\t\t\t\t\t\t<\/div>\r\n\t\t\t\t<\/div>\r\n\t\t\t\t\t\t\t<div class=\"project dfd-fade-out panr\" >\r\n\t\t\t\t\t<div class=\"cover text-center\">\r\n\t\t\t\t\t\t\t\t\t\t\t\t\r\n\t\t\t\t\t\t<div class=\"entry-thumb \">\r\n\t\t\t\t\t\t\t<img decoding=\"async\" src=\"https:\/\/limacomunicacion.es\/wp-content\/uploads\/2025\/01\/BohoClubCenaDeArte.jpg\" alt=\"Art dinner at Boho Club: an evening of creativity and unforgettable flavors.\"\/>\r\n\t\t\t\t\t\t\t\t\t\t\t\t\t\t\r\n<div class=\"portfolio-custom-hover\">\r\n\t\t\t\t<div class=\"title-wrap title-underline\">\r\n\t\t\t\t\t\t\t\t\t<h6 class=\"widget-title\"><a href=\"https:\/\/limacomunicacion.es\/en\/my-product\/art-dinner-at-boho-club-an-evening-of-creativity-and-unforgettable-flavors\/\">Art dinner at Boho Club: an evening of creativity and unforgettable flavors.<\/a><\/h6>\r\n\t\t\t\t\t\t\t\t\t\t\t<\/div>\r\n\t\t<div class=\"dfd-folio-icons-wrap\">\r\n\t\t\t\t\t\t\t<\/div>\r\n<\/div>\r\n\r\n\t\t\t\t\t\t<\/div>\r\n\r\n\t\t\t\t\t\t\t\t\t\t\t<\/div>\r\n\t\t\t\t<\/div>\r\n\t\t\t\t\t\t\t<div class=\"project dfd-fade-out panr\" >\r\n\t\t\t\t\t<div class=\"cover text-center\">\r\n\t\t\t\t\t\t\t\t\t\t\t\t\r\n\t\t\t\t\t\t<div class=\"entry-thumb \">\r\n\t\t\t\t\t\t\t<img decoding=\"async\" src=\"https:\/\/limacomunicacion.es\/wp-content\/uploads\/2025\/01\/BohoClub.jpg\" alt=\"Boho Club: the perfect getaway for a romantic and wellness Valentine&#8217;s day\"\/>\r\n\t\t\t\t\t\t\t\t\t\t\t\t\t\t\r\n<div class=\"portfolio-custom-hover\">\r\n\t\t\t\t<div class=\"title-wrap title-underline\">\r\n\t\t\t\t\t\t\t\t\t<h6 class=\"widget-title\"><a href=\"https:\/\/limacomunicacion.es\/en\/my-product\/boho-club-the-perfect-getaway-for-a-romantic-and-wellness-valentines-day\/\">Boho Club: the perfect getaway for a romantic and wellness Valentine&#8217;s day<\/a><\/h6>\r\n\t\t\t\t\t\t\t\t\t\t\t<\/div>\r\n\t\t<div class=\"dfd-folio-icons-wrap\">\r\n\t\t\t\t\t\t\t<\/div>\r\n<\/div>\r\n\r\n\t\t\t\t\t\t<\/div>\r\n\r\n\t\t\t\t\t\t\t\t\t\t\t<\/div>\r\n\t\t\t\t<\/div>\r\n\t\t\t\t\t\t\t<div class=\"project dfd-fade-out panr\" >\r\n\t\t\t\t\t<div class=\"cover text-center\">\r\n\t\t\t\t\t\t\t\t\t\t\t\t\r\n\t\t\t\t\t\t<div class=\"entry-thumb \">\r\n\t\t\t\t\t\t\t<img decoding=\"async\" src=\"https:\/\/limacomunicacion.es\/wp-content\/uploads\/2025\/01\/CascadaMarbella.jpg\" alt=\"Cascada Marbella Celebrates Valentine&#8217;s Day with a unique double gastronomic proposal &#8220;A 6 Manos&#8221;.\"\/>\r\n\t\t\t\t\t\t\t\t\t\t\t\t\t\t\r\n<div class=\"portfolio-custom-hover\">\r\n\t\t\t\t<div class=\"title-wrap title-underline\">\r\n\t\t\t\t\t\t\t\t\t<h6 class=\"widget-title\"><a href=\"https:\/\/limacomunicacion.es\/en\/my-product\/cascada-marbella-celebrates-valentines-day-with-a-unique-double-gastronomic-proposal-a-6-manos\/\">Cascada Marbella Celebrates Valentine&#8217;s Day with a unique double gastronomic proposal &#8220;A 6 Manos&#8221;.<\/a><\/h6>\r\n\t\t\t\t\t\t\t\t\t\t\t<\/div>\r\n\t\t<div class=\"dfd-folio-icons-wrap\">\r\n\t\t\t\t\t\t\t<\/div>\r\n<\/div>\r\n\r\n\t\t\t\t\t\t<\/div>\r\n\r\n\t\t\t\t\t\t\t\t\t\t\t<\/div>\r\n\t\t\t\t<\/div>\r\n\t\t\t\t\t\t\t<div class=\"project dfd-fade-out panr\" >\r\n\t\t\t\t\t<div class=\"cover text-center\">\r\n\t\t\t\t\t\t\t\t\t\t\t\t\r\n\t\t\t\t\t\t<div class=\"entry-thumb \">\r\n\t\t\t\t\t\t\t<img decoding=\"async\" src=\"https:\/\/limacomunicacion.es\/wp-content\/uploads\/2025\/01\/AnantaraDiadeLosEnamorados.jpg\" alt=\"Anantara Villa Padierna presents the perfect plan for celebrating love on Valentine&#8217;s Day\"\/>\r\n\t\t\t\t\t\t\t\t\t\t\t\t\t\t\r\n<div class=\"portfolio-custom-hover\">\r\n\t\t\t\t<div class=\"title-wrap title-underline\">\r\n\t\t\t\t\t\t\t\t\t<h6 class=\"widget-title\"><a href=\"https:\/\/limacomunicacion.es\/en\/my-product\/anantara-villa-padierna-presents-the-perfect-plan-for-celebrating-love-on-valentines-day\/\">Anantara Villa Padierna presents the perfect plan for celebrating love on Valentine&#8217;s Day<\/a><\/h6>\r\n\t\t\t\t\t\t\t\t\t\t\t<\/div>\r\n\t\t<div class=\"dfd-folio-icons-wrap\">\r\n\t\t\t\t\t\t\t<\/div>\r\n<\/div>\r\n\r\n\t\t\t\t\t\t<\/div>\r\n\r\n\t\t\t\t\t\t\t\t\t\t\t<\/div>\r\n\t\t\t\t<\/div>\r\n\t\t\t\t\t\t\t<div class=\"project dfd-fade-out panr\" >\r\n\t\t\t\t\t<div class=\"cover text-center\">\r\n\t\t\t\t\t\t\t\t\t\t\t\t\r\n\t\t\t\t\t\t<div class=\"entry-thumb \">\r\n\t\t\t\t\t\t\t<img decoding=\"async\" src=\"https:\/\/limacomunicacion.es\/wp-content\/uploads\/2025\/03\/ChesForChildren.jpg\" alt=\"Solidarity gastronomy for children with diabetes\"\/>\r\n\t\t\t\t\t\t\t\t\t\t\t\t\t\t\r\n<div class=\"portfolio-custom-hover\">\r\n\t\t\t\t<div class=\"title-wrap title-underline\">\r\n\t\t\t\t\t\t\t\t\t<h6 class=\"widget-title\"><a href=\"https:\/\/limacomunicacion.es\/en\/my-product\/solidarity-gastronomy-for-children-with-diabetes\/\">Solidarity gastronomy for children with diabetes<\/a><\/h6>\r\n\t\t\t\t\t\t\t\t\t\t\t<\/div>\r\n\t\t<div class=\"dfd-folio-icons-wrap\">\r\n\t\t\t\t\t\t\t<\/div>\r\n<\/div>\r\n\r\n\t\t\t\t\t\t<\/div>\r\n\r\n\t\t\t\t\t\t\t\t\t\t\t<\/div>\r\n\t\t\t\t<\/div>\r\n\t\t\t\t\t\t\t<div class=\"project dfd-fade-out panr\" >\r\n\t\t\t\t\t<div class=\"cover text-center\">\r\n\t\t\t\t\t\t\t\t\t\t\t\t\r\n\t\t\t\t\t\t<div class=\"entry-thumb \">\r\n\t\t\t\t\t\t\t<img decoding=\"async\" src=\"https:\/\/limacomunicacion.es\/wp-content\/uploads\/2024\/12\/NDPBohoClubNavidad.jpg\" alt=\"BOHO CLUB PRESENTS ASHIANA\"\/>\r\n\t\t\t\t\t\t\t\t\t\t\t\t\t\t\r\n<div class=\"portfolio-custom-hover\">\r\n\t\t\t\t<div class=\"title-wrap title-underline\">\r\n\t\t\t\t\t\t\t\t\t<h6 class=\"widget-title\"><a href=\"https:\/\/limacomunicacion.es\/en\/my-product\/boho-club-presents-ashiana\/\">BOHO CLUB PRESENTS ASHIANA<\/a><\/h6>\r\n\t\t\t\t\t\t\t\t\t\t\t<\/div>\r\n\t\t<div class=\"dfd-folio-icons-wrap\">\r\n\t\t\t\t\t\t\t<\/div>\r\n<\/div>\r\n\r\n\t\t\t\t\t\t<\/div>\r\n\r\n\t\t\t\t\t\t\t\t\t\t\t<\/div>\r\n\t\t\t\t<\/div>\r\n\t\t\t\t\t\t\t<div class=\"project dfd-fade-out panr\" >\r\n\t\t\t\t\t<div class=\"cover text-center\">\r\n\t\t\t\t\t\t\t\t\t\t\t\t\r\n\t\t\t\t\t\t<div class=\"entry-thumb \">\r\n\t\t\t\t\t\t\t<img decoding=\"async\" src=\"https:\/\/limacomunicacion.es\/wp-content\/uploads\/2024\/12\/NDPJavierGuerrero.jpg\" alt=\"Javier Guerrero Estudio Kitchens\"\/>\r\n\t\t\t\t\t\t\t\t\t\t\t\t\t\t\r\n<div class=\"portfolio-custom-hover\">\r\n\t\t\t\t<div class=\"title-wrap title-underline\">\r\n\t\t\t\t\t\t\t\t\t<h6 class=\"widget-title\"><a href=\"https:\/\/limacomunicacion.es\/en\/my-product\/javier-guerrero-estudio-kitchens\/\">Javier Guerrero Estudio Kitchens<\/a><\/h6>\r\n\t\t\t\t\t\t\t\t\t\t\t<\/div>\r\n\t\t<div class=\"dfd-folio-icons-wrap\">\r\n\t\t\t\t\t\t\t<\/div>\r\n<\/div>\r\n\r\n\t\t\t\t\t\t<\/div>\r\n\r\n\t\t\t\t\t\t\t\t\t\t\t<\/div>\r\n\t\t\t\t<\/div>\r\n\t\t\t\t\t\t\t<div class=\"project dfd-fade-out panr\" >\r\n\t\t\t\t\t<div class=\"cover text-center\">\r\n\t\t\t\t\t\t\t\t\t\t\t\t\r\n\t\t\t\t\t\t<div class=\"entry-thumb \">\r\n\t\t\t\t\t\t\t<img decoding=\"async\" src=\"https:\/\/limacomunicacion.es\/wp-content\/uploads\/2024\/11\/BenahavisCostalDesol.jpg\" alt=\"Benahav\u00eds organizes with the Mancomunidad Costa del Sol a gastro trip to highlight the gastronomy of the locality\"\/>\r\n\t\t\t\t\t\t\t\t\t\t\t\t\t\t\r\n<div class=\"portfolio-custom-hover\">\r\n\t\t\t\t<div class=\"title-wrap title-underline\">\r\n\t\t\t\t\t\t\t\t\t<h6 class=\"widget-title\"><a href=\"https:\/\/limacomunicacion.es\/en\/my-product\/benahavis-organizes-with-the-mancomunidad-costa-del-sol-a-gastro-trip-to-highlight-the-gastronomy-of-the-locality\/\">Benahav\u00eds organizes with the Mancomunidad Costa del Sol a gastro trip to highlight the gastronomy of the locality<\/a><\/h6>\r\n\t\t\t\t\t\t\t\t\t\t\t<\/div>\r\n\t\t<div class=\"dfd-folio-icons-wrap\">\r\n\t\t\t\t\t\t\t<\/div>\r\n<\/div>\r\n\r\n\t\t\t\t\t\t<\/div>\r\n\r\n\t\t\t\t\t\t\t\t\t\t\t<\/div>\r\n\t\t\t\t<\/div>\r\n\t\t\t\t\t\t\t<div class=\"project dfd-fade-out panr\" >\r\n\t\t\t\t\t<div class=\"cover text-center\">\r\n\t\t\t\t\t\t\t\t\t\t\t\t\r\n\t\t\t\t\t\t<div class=\"entry-thumb \">\r\n\t\t\t\t\t\t\t<img decoding=\"async\" src=\"https:\/\/limacomunicacion.es\/wp-content\/uploads\/2024\/11\/NDPAnantarNavidad.jpg\" alt=\"Experience the magic of Christmas at Anantara Villa Padierna\"\/>\r\n\t\t\t\t\t\t\t\t\t\t\t\t\t\t\r\n<div class=\"portfolio-custom-hover\">\r\n\t\t\t\t<div class=\"title-wrap title-underline\">\r\n\t\t\t\t\t\t\t\t\t<h6 class=\"widget-title\"><a href=\"https:\/\/limacomunicacion.es\/en\/my-product\/experience-the-magic-of-christmas-at-anantara-villa-padierna\/\">Experience the magic of Christmas at Anantara Villa Padierna<\/a><\/h6>\r\n\t\t\t\t\t\t\t\t\t\t\t<\/div>\r\n\t\t<div class=\"dfd-folio-icons-wrap\">\r\n\t\t\t\t\t\t\t<\/div>\r\n<\/div>\r\n\r\n\t\t\t\t\t\t<\/div>\r\n\r\n\t\t\t\t\t\t\t\t\t\t\t<\/div>\r\n\t\t\t\t<\/div>\r\n\t\t\t\t\t\t\t<div class=\"project dfd-fade-out panr\" >\r\n\t\t\t\t\t<div class=\"cover text-center\">\r\n\t\t\t\t\t\t\t\t\t\t\t\t\r\n\t\t\t\t\t\t<div class=\"entry-thumb \">\r\n\t\t\t\t\t\t\t<img decoding=\"async\" src=\"https:\/\/limacomunicacion.es\/wp-content\/uploads\/2024\/10\/NDPJoseCarlosGarciaLibro.jpg\" alt=\"JOS\u00c9 CARLOS GARC\u00cdA PRESENTS IN MALAGA HIS BOOK &#8220;ANDALUSIAN ROOTS&#8221;.\"\/>\r\n\t\t\t\t\t\t\t\t\t\t\t\t\t\t\r\n<div class=\"portfolio-custom-hover\">\r\n\t\t\t\t<div class=\"title-wrap title-underline\">\r\n\t\t\t\t\t\t\t\t\t<h6 class=\"widget-title\"><a href=\"https:\/\/limacomunicacion.es\/en\/my-product\/jose-carlos-garcia-presents-in-malaga-his-book-andalusian-roots\/\">JOS\u00c9 CARLOS GARC\u00cdA PRESENTS IN MALAGA HIS BOOK &#8220;ANDALUSIAN ROOTS&#8221;.<\/a><\/h6>\r\n\t\t\t\t\t\t\t\t\t\t\t<\/div>\r\n\t\t<div class=\"dfd-folio-icons-wrap\">\r\n\t\t\t\t\t\t\t<\/div>\r\n<\/div>\r\n\r\n\t\t\t\t\t\t<\/div>\r\n\r\n\t\t\t\t\t\t\t\t\t\t\t<\/div>\r\n\t\t\t\t<\/div>\r\n\t\t\t\t\t\t\t<div class=\"project dfd-fade-out panr\" >\r\n\t\t\t\t\t<div class=\"cover text-center\">\r\n\t\t\t\t\t\t\t\t\t\t\t\t\r\n\t\t\t\t\t\t<div class=\"entry-thumb \">\r\n\t\t\t\t\t\t\t<img decoding=\"async\" src=\"https:\/\/limacomunicacion.es\/wp-content\/uploads\/2024\/10\/AnantaraNDP.jpg\" alt=\"Discover the distinguished afternoon tea at Anantara Villa Padierna with handcrafted pieces from The IQ Home Collection.\"\/>\r\n\t\t\t\t\t\t\t\t\t\t\t\t\t\t\r\n<div class=\"portfolio-custom-hover\">\r\n\t\t\t\t<div class=\"title-wrap title-underline\">\r\n\t\t\t\t\t\t\t\t\t<h6 class=\"widget-title\"><a href=\"https:\/\/limacomunicacion.es\/en\/my-product\/discover-the-distinguished-afternoon-tea-at-anantara-villa-padierna-with-handcrafted-pieces-from-the-iq-home-collection\/\">Discover the distinguished afternoon tea at Anantara Villa Padierna with handcrafted pieces from The IQ Home Collection.<\/a><\/h6>\r\n\t\t\t\t\t\t\t\t\t\t\t<\/div>\r\n\t\t<div class=\"dfd-folio-icons-wrap\">\r\n\t\t\t\t\t\t\t<\/div>\r\n<\/div>\r\n\r\n\t\t\t\t\t\t<\/div>\r\n\r\n\t\t\t\t\t\t\t\t\t\t\t<\/div>\r\n\t\t\t\t<\/div>\r\n\t\t\t\t\t\t\t<div class=\"project dfd-fade-out panr\" >\r\n\t\t\t\t\t<div class=\"cover text-center\">\r\n\t\t\t\t\t\t\t\t\t\t\t\t\r\n\t\t\t\t\t\t<div class=\"entry-thumb \">\r\n\t\t\t\t\t\t\t<img decoding=\"async\" src=\"https:\/\/limacomunicacion.es\/wp-content\/uploads\/2024\/10\/InvinicWine-1.jpg\" alt=\"INVINIC Wine Collection Boutique, passion for the world of wine\"\/>\r\n\t\t\t\t\t\t\t\t\t\t\t\t\t\t\r\n<div class=\"portfolio-custom-hover\">\r\n\t\t\t\t<div class=\"title-wrap title-underline\">\r\n\t\t\t\t\t\t\t\t\t<h6 class=\"widget-title\"><a href=\"https:\/\/limacomunicacion.es\/en\/my-product\/invinic-wine-collection-boutique\/\">INVINIC Wine Collection Boutique, passion for the world of wine<\/a><\/h6>\r\n\t\t\t\t\t\t\t\t\t\t\t<\/div>\r\n\t\t<div class=\"dfd-folio-icons-wrap\">\r\n\t\t\t\t\t\t\t<\/div>\r\n<\/div>\r\n\r\n\t\t\t\t\t\t<\/div>\r\n\r\n\t\t\t\t\t\t\t\t\t\t\t<\/div>\r\n\t\t\t\t<\/div>\r\n\t\t\t\t\t\t\t<div class=\"project dfd-fade-out panr\" >\r\n\t\t\t\t\t<div class=\"cover text-center\">\r\n\t\t\t\t\t\t\t\t\t\t\t\t\r\n\t\t\t\t\t\t<div class=\"entry-thumb \">\r\n\t\t\t\t\t\t\t<img decoding=\"async\" src=\"https:\/\/limacomunicacion.es\/wp-content\/uploads\/2024\/10\/NdpElLagoRenovaraSuImagen.jpg\" alt=\"El Lago will remain closed until mid-december for major renovations\"\/>\r\n\t\t\t\t\t\t\t\t\t\t\t\t\t\t\r\n<div class=\"portfolio-custom-hover\">\r\n\t\t\t\t<div class=\"title-wrap title-underline\">\r\n\t\t\t\t\t\t\t\t\t<h6 class=\"widget-title\"><a href=\"https:\/\/limacomunicacion.es\/en\/my-product\/el-lago-will-reman-closed-until-mid-december-for-major-renovations\/\">El Lago will remain closed until mid-december for major renovations<\/a><\/h6>\r\n\t\t\t\t\t\t\t\t\t\t\t<\/div>\r\n\t\t<div class=\"dfd-folio-icons-wrap\">\r\n\t\t\t\t\t\t\t<\/div>\r\n<\/div>\r\n\r\n\t\t\t\t\t\t<\/div>\r\n\r\n\t\t\t\t\t\t\t\t\t\t\t<\/div>\r\n\t\t\t\t<\/div>\r\n\t\t\t\t\t\t\t<div class=\"project dfd-fade-out panr\" >\r\n\t\t\t\t\t<div class=\"cover text-center\">\r\n\t\t\t\t\t\t\t\t\t\t\t\t\r\n\t\t\t\t\t\t<div class=\"entry-thumb \">\r\n\t\t\t\t\t\t\t<img decoding=\"async\" src=\"https:\/\/limacomunicacion.es\/wp-content\/uploads\/2023\/02\/NDPJCG.jpg\" alt=\"Jos\u00e9 Carlos Garc\u00eda presents a new gastronomic proposal for this season\"\/>\r\n\t\t\t\t\t\t\t\t\t\t\t\t\t\t\r\n<div class=\"portfolio-custom-hover\">\r\n\t\t\t\t<div class=\"title-wrap title-underline\">\r\n\t\t\t\t\t\t\t\t\t<h6 class=\"widget-title\"><a href=\"https:\/\/limacomunicacion.es\/en\/my-product\/jose-carlos-garcia-presenta-una-nueva-propuesta-gastronomica\/\">Jos\u00e9 Carlos Garc\u00eda presents a new gastronomic proposal for this season<\/a><\/h6>\r\n\t\t\t\t\t\t\t\t\t\t\t<\/div>\r\n\t\t<div class=\"dfd-folio-icons-wrap\">\r\n\t\t\t\t\t\t\t<\/div>\r\n<\/div>\r\n\r\n\t\t\t\t\t\t<\/div>\r\n\r\n\t\t\t\t\t\t\t\t\t\t\t<\/div>\r\n\t\t\t\t<\/div>\r\n\t\t\t\t\t\t\t<div class=\"project dfd-fade-out panr\" >\r\n\t\t\t\t\t<div class=\"cover text-center\">\r\n\t\t\t\t\t\t\t\t\t\t\t\t\r\n\t\t\t\t\t\t<div class=\"entry-thumb \">\r\n\t\t\t\t\t\t\t<img decoding=\"async\" src=\"https:\/\/limacomunicacion.es\/wp-content\/uploads\/2024\/10\/NDPCascada.jpg\" alt=\"Marbella Waterfall\"\/>\r\n\t\t\t\t\t\t\t\t\t\t\t\t\t\t\r\n<div class=\"portfolio-custom-hover\">\r\n\t\t\t\t<div class=\"title-wrap title-underline\">\r\n\t\t\t\t\t\t\t\t\t<h6 class=\"widget-title\"><a href=\"https:\/\/limacomunicacion.es\/en\/my-product\/cascada-marbella\/\">Marbella Waterfall<\/a><\/h6>\r\n\t\t\t\t\t\t\t\t\t\t\t<\/div>\r\n\t\t<div class=\"dfd-folio-icons-wrap\">\r\n\t\t\t\t\t\t\t<\/div>\r\n<\/div>\r\n\r\n\t\t\t\t\t\t<\/div>\r\n\r\n\t\t\t\t\t\t\t\t\t\t\t<\/div>\r\n\t\t\t\t<\/div>\r\n\t\t\t\t\t\t\t<div class=\"project dfd-fade-out panr\" >\r\n\t\t\t\t\t<div class=\"cover text-center\">\r\n\t\t\t\t\t\t\t\t\t\t\t\t\r\n\t\t\t\t\t\t<div class=\"entry-thumb \">\r\n\t\t\t\t\t\t\t<img decoding=\"async\" src=\"https:\/\/limacomunicacion.es\/wp-content\/uploads\/2024\/07\/UnidosJulio2024.jpg\" alt=\"C\u00edvitas Puerto Ban\u00fas will celebrate the fourth UNIDOS gala with six chefs and seven Michelin Stars from M\u00e1laga.\"\/>\r\n\t\t\t\t\t\t\t\t\t\t\t\t\t\t\r\n<div class=\"portfolio-custom-hover\">\r\n\t\t\t\t<div class=\"title-wrap title-underline\">\r\n\t\t\t\t\t\t\t\t\t<h6 class=\"widget-title\"><a href=\"https:\/\/limacomunicacion.es\/en\/my-product\/civitas-puerto-banus-celebrara-la-cuarta-gala-de-unidos-con-seis-chefs-y-siete-estrellas-michelin-de-malaga\/\">C\u00edvitas Puerto Ban\u00fas will celebrate the fourth UNIDOS gala with six chefs and seven Michelin Stars from M\u00e1laga.<\/a><\/h6>\r\n\t\t\t\t\t\t\t\t\t\t\t<\/div>\r\n\t\t<div class=\"dfd-folio-icons-wrap\">\r\n\t\t\t\t\t\t\t<\/div>\r\n<\/div>\r\n\r\n\t\t\t\t\t\t<\/div>\r\n\r\n\t\t\t\t\t\t\t\t\t\t\t<\/div>\r\n\t\t\t\t<\/div>\r\n\t\t\t\t\t\t\t<div class=\"project dfd-fade-out panr\" >\r\n\t\t\t\t\t<div class=\"cover text-center\">\r\n\t\t\t\t\t\t\t\t\t\t\t\t\r\n\t\t\t\t\t\t<div class=\"entry-thumb \">\r\n\t\t\t\t\t\t\t<img decoding=\"async\" src=\"https:\/\/limacomunicacion.es\/wp-content\/uploads\/2024\/01\/NDPBohoClub2024.jpg\" alt=\"Boho Club presents its summer leisure and gastronomic proposal with a new bar on the garden terrace.\"\/>\r\n\t\t\t\t\t\t\t\t\t\t\t\t\t\t\r\n<div class=\"portfolio-custom-hover\">\r\n\t\t\t\t<div class=\"title-wrap title-underline\">\r\n\t\t\t\t\t\t\t\t\t<h6 class=\"widget-title\"><a href=\"https:\/\/limacomunicacion.es\/en\/my-product\/boho-club-presenta-su-propuesta-estival-de-ocio-y-gastronomia-con-un-nuevo-bar-en-la-terraza-del-jardin\/\">Boho Club presents its summer leisure and gastronomic proposal with a new bar on the garden terrace.<\/a><\/h6>\r\n\t\t\t\t\t\t\t\t\t\t\t<\/div>\r\n\t\t<div class=\"dfd-folio-icons-wrap\">\r\n\t\t\t\t\t\t\t<\/div>\r\n<\/div>\r\n\r\n\t\t\t\t\t\t<\/div>\r\n\r\n\t\t\t\t\t\t\t\t\t\t\t<\/div>\r\n\t\t\t\t<\/div>\r\n\t\t\t\t\t\t\t<div class=\"project dfd-fade-out panr\" >\r\n\t\t\t\t\t<div class=\"cover text-center\">\r\n\t\t\t\t\t\t\t\t\t\t\t\t\r\n\t\t\t\t\t\t<div class=\"entry-thumb \">\r\n\t\t\t\t\t\t\t<img decoding=\"async\" src=\"https:\/\/limacomunicacion.es\/wp-content\/uploads\/2024\/07\/24-AnantaraNDPJunio2024.jpg\" alt=\"La Veranda kicks off the summer season in Marbella with the opening of its terrace at Anantara Villa Padierna\"\/>\r\n\t\t\t\t\t\t\t\t\t\t\t\t\t\t\r\n<div class=\"portfolio-custom-hover\">\r\n\t\t\t\t<div class=\"title-wrap title-underline\">\r\n\t\t\t\t\t\t\t\t\t<h6 class=\"widget-title\"><a href=\"https:\/\/limacomunicacion.es\/en\/my-product\/la-veranda-arranca-la-temporada-estival-en-marbella-con-la-apertura-de-su-terraza-en-anantara-villa-padierna\/\">La Veranda kicks off the summer season in Marbella with the opening of its terrace at Anantara Villa Padierna<\/a><\/h6>\r\n\t\t\t\t\t\t\t\t\t\t\t<\/div>\r\n\t\t<div class=\"dfd-folio-icons-wrap\">\r\n\t\t\t\t\t\t\t<\/div>\r\n<\/div>\r\n\r\n\t\t\t\t\t\t<\/div>\r\n\r\n\t\t\t\t\t\t\t\t\t\t\t<\/div>\r\n\t\t\t\t<\/div>\r\n\t\t\t\t\t\t\t<div class=\"project dfd-fade-out panr\" >\r\n\t\t\t\t\t<div class=\"cover text-center\">\r\n\t\t\t\t\t\t\t\t\t\t\t\t\r\n\t\t\t\t\t\t<div class=\"entry-thumb \">\r\n\t\t\t\t\t\t\t<img decoding=\"async\" src=\"https:\/\/limacomunicacion.es\/wp-content\/uploads\/2024\/01\/19-NDPAnantara.jpg\" alt=\"The ten terraces to enjoy outdoors at Anantara Villa Padierna\"\/>\r\n\t\t\t\t\t\t\t\t\t\t\t\t\t\t\r\n<div class=\"portfolio-custom-hover\">\r\n\t\t\t\t<div class=\"title-wrap title-underline\">\r\n\t\t\t\t\t\t\t\t\t<h6 class=\"widget-title\"><a href=\"https:\/\/limacomunicacion.es\/en\/my-product\/las-diez-terrazas-para-disfrutar-al-aire-libre-en-anantara-villa-padierna\/\">The ten terraces to enjoy outdoors at Anantara Villa Padierna<\/a><\/h6>\r\n\t\t\t\t\t\t\t\t\t\t\t<\/div>\r\n\t\t<div class=\"dfd-folio-icons-wrap\">\r\n\t\t\t\t\t\t\t<\/div>\r\n<\/div>\r\n\r\n\t\t\t\t\t\t<\/div>\r\n\r\n\t\t\t\t\t\t\t\t\t\t\t<\/div>\r\n\t\t\t\t<\/div>\r\n\t\t\t\t\t\t\t<div class=\"project dfd-fade-out panr\" >\r\n\t\t\t\t\t<div class=\"cover text-center\">\r\n\t\t\t\t\t\t\t\t\t\t\t\t\r\n\t\t\t\t\t\t<div class=\"entry-thumb \">\r\n\t\t\t\t\t\t\t<img decoding=\"async\" src=\"https:\/\/limacomunicacion.es\/wp-content\/uploads\/2024\/07\/Anantara3deMayo.jpg\" alt=\"Bizet&#8217;s opera &#8220;Carmen&#8221; fills Anantara Villa Padierna&#8217;s amphitheater with magic\"\/>\r\n\t\t\t\t\t\t\t\t\t\t\t\t\t\t\r\n<div class=\"portfolio-custom-hover\">\r\n\t\t\t\t<div class=\"title-wrap title-underline\">\r\n\t\t\t\t\t\t\t\t\t<h6 class=\"widget-title\"><a href=\"https:\/\/limacomunicacion.es\/en\/my-product\/la-opera-carmen-de-bizet-llena-de-magia-el-anfiteatro-de-anantara-villa-padierna\/\">Bizet&#8217;s opera &#8220;Carmen&#8221; fills Anantara Villa Padierna&#8217;s amphitheater with magic<\/a><\/h6>\r\n\t\t\t\t\t\t\t\t\t\t\t<\/div>\r\n\t\t<div class=\"dfd-folio-icons-wrap\">\r\n\t\t\t\t\t\t\t<\/div>\r\n<\/div>\r\n\r\n\t\t\t\t\t\t<\/div>\r\n\r\n\t\t\t\t\t\t\t\t\t\t\t<\/div>\r\n\t\t\t\t<\/div>\r\n\t\t\t\t\t\t\t<div class=\"project dfd-fade-out panr\" >\r\n\t\t\t\t\t<div class=\"cover text-center\">\r\n\t\t\t\t\t\t\t\t\t\t\t\t\r\n\t\t\t\t\t\t<div class=\"entry-thumb \">\r\n\t\t\t\t\t\t\t<img decoding=\"async\" src=\"https:\/\/limacomunicacion.es\/wp-content\/uploads\/2024\/01\/07-ElLagoRestaurante.jpg\" alt=\"THE NEW EL LAGO RESTAURANT\"\/>\r\n\t\t\t\t\t\t\t\t\t\t\t\t\t\t\r\n<div class=\"portfolio-custom-hover\">\r\n\t\t\t\t<div class=\"title-wrap title-underline\">\r\n\t\t\t\t\t\t\t\t\t<h6 class=\"widget-title\"><a href=\"https:\/\/limacomunicacion.es\/en\/my-product\/el-nuevo-restaurante-el-lago\/\">THE NEW EL LAGO RESTAURANT<\/a><\/h6>\r\n\t\t\t\t\t\t\t\t\t\t\t<\/div>\r\n\t\t<div class=\"dfd-folio-icons-wrap\">\r\n\t\t\t\t\t\t\t<\/div>\r\n<\/div>\r\n\r\n\t\t\t\t\t\t<\/div>\r\n\r\n\t\t\t\t\t\t\t\t\t\t\t<\/div>\r\n\t\t\t\t<\/div>\r\n\t\t\t\t\t\t\t<div class=\"project dfd-fade-out panr\" >\r\n\t\t\t\t\t<div class=\"cover text-center\">\r\n\t\t\t\t\t\t\t\t\t\t\t\t\r\n\t\t\t\t\t\t<div class=\"entry-thumb \">\r\n\t\t\t\t\t\t\t<img decoding=\"async\" src=\"https:\/\/limacomunicacion.es\/wp-content\/uploads\/2024\/07\/JCGNdpLaurentP.jpg\" alt=\"New and delicious bites to taste on the terrace of Jos\u00e9 Carlos Garc\u00eda restaurant and Laurent-Perrier.\"\/>\r\n\t\t\t\t\t\t\t\t\t\t\t\t\t\t\r\n<div class=\"portfolio-custom-hover\">\r\n\t\t\t\t<div class=\"title-wrap title-underline\">\r\n\t\t\t\t\t\t\t\t\t<h6 class=\"widget-title\"><a href=\"https:\/\/limacomunicacion.es\/en\/my-product\/nuevos-y-deliciosos-bocados-para-degustar-en-la-terraza-de-jose-carlos-garcia-restaurante-y-laurent-perrier\/\">New and delicious bites to taste on the terrace of Jos\u00e9 Carlos Garc\u00eda restaurant and Laurent-Perrier.<\/a><\/h6>\r\n\t\t\t\t\t\t\t\t\t\t\t<\/div>\r\n\t\t<div class=\"dfd-folio-icons-wrap\">\r\n\t\t\t\t\t\t\t<\/div>\r\n<\/div>\r\n\r\n\t\t\t\t\t\t<\/div>\r\n\r\n\t\t\t\t\t\t\t\t\t\t\t<\/div>\r\n\t\t\t\t<\/div>\r\n\t\t\t\t\t\t\t<div class=\"project dfd-fade-out panr\" >\r\n\t\t\t\t\t<div class=\"cover text-center\">\r\n\t\t\t\t\t\t\t\t\t\t\t\t\r\n\t\t\t\t\t\t<div class=\"entry-thumb \">\r\n\t\t\t\t\t\t\t<img decoding=\"async\" src=\"https:\/\/limacomunicacion.es\/wp-content\/uploads\/2024\/07\/AnantaraNDp5Marzo.jpg\" alt=\"Family activities and gastronomy with local and seasonal produce at Anantara Villa Padierna\"\/>\r\n\t\t\t\t\t\t\t\t\t\t\t\t\t\t\r\n<div class=\"portfolio-custom-hover\">\r\n\t\t\t\t<div class=\"title-wrap title-underline\">\r\n\t\t\t\t\t\t\t\t\t<h6 class=\"widget-title\"><a href=\"https:\/\/limacomunicacion.es\/en\/my-product\/actividades-en-familia-y-gastronomia-con-producto-local-y-de-temporada-en-anantara-villa-padierna\/\">Family activities and gastronomy with local and seasonal produce at Anantara Villa Padierna<\/a><\/h6>\r\n\t\t\t\t\t\t\t\t\t\t\t<\/div>\r\n\t\t<div class=\"dfd-folio-icons-wrap\">\r\n\t\t\t\t\t\t\t<\/div>\r\n<\/div>\r\n\r\n\t\t\t\t\t\t<\/div>\r\n\r\n\t\t\t\t\t\t\t\t\t\t\t<\/div>\r\n\t\t\t\t<\/div>\r\n\t\t\t\t\t\t\t<div class=\"project dfd-fade-out panr\" >\r\n\t\t\t\t\t<div class=\"cover text-center\">\r\n\t\t\t\t\t\t\t\t\t\t\t\t\r\n\t\t\t\t\t\t<div class=\"entry-thumb \">\r\n\t\t\t\t\t\t\t<img decoding=\"async\" src=\"https:\/\/limacomunicacion.es\/wp-content\/uploads\/2024\/01\/23-ChefsForChildren2024.jpg\" alt=\"ChefsForChildren will bring together 55 top Spanish chefs to teach cooking to children with autism\"\/>\r\n\t\t\t\t\t\t\t\t\t\t\t\t\t\t\r\n<div class=\"portfolio-custom-hover\">\r\n\t\t\t\t<div class=\"title-wrap title-underline\">\r\n\t\t\t\t\t\t\t\t\t<h6 class=\"widget-title\"><a href=\"https:\/\/limacomunicacion.es\/en\/my-product\/chefsforchildren-reunira-a-55-grandes-cocineros-espanoles-para-ensenar-a-cocinar-a-los-ninos-con-autismo\/\">ChefsForChildren will bring together 55 top Spanish chefs to teach cooking to children with autism<\/a><\/h6>\r\n\t\t\t\t\t\t\t\t\t\t\t<\/div>\r\n\t\t<div class=\"dfd-folio-icons-wrap\">\r\n\t\t\t\t\t\t\t<\/div>\r\n<\/div>\r\n\r\n\t\t\t\t\t\t<\/div>\r\n\r\n\t\t\t\t\t\t\t\t\t\t\t<\/div>\r\n\t\t\t\t<\/div>\r\n\t\t\t\t\t\t\t<div class=\"project dfd-fade-out panr\" >\r\n\t\t\t\t\t<div class=\"cover text-center\">\r\n\t\t\t\t\t\t\t\t\t\t\t\t\r\n\t\t\t\t\t\t<div class=\"entry-thumb \">\r\n\t\t\t\t\t\t\t<img decoding=\"async\" src=\"https:\/\/limacomunicacion.es\/wp-content\/uploads\/2024\/01\/22-NDPAnantara.jpg\" alt=\"Anantara hotels in Spain and France join cultural institutions in both countries to celebrate Picasso&#8217;s legacy with the launch of exclusive experiences for their guests.\"\/>\r\n\t\t\t\t\t\t\t\t\t\t\t\t\t\t\r\n<div class=\"portfolio-custom-hover\">\r\n\t\t\t\t<div class=\"title-wrap title-underline\">\r\n\t\t\t\t\t\t\t\t\t<h6 class=\"widget-title\"><a href=\"https:\/\/limacomunicacion.es\/en\/my-product\/los-hoteles-anantara-en-espana-y-francia-se-unen-a-las-instituciones-culturales-de-ambos-paises-para-celebrar-el-legado-de-picasso-con-el-lanzamiento-de-experiencias-exclusivas-para-sus-huespedes\/\">Anantara hotels in Spain and France join cultural institutions in both countries to celebrate Picasso&#8217;s legacy with the launch of exclusive experiences for their guests.<\/a><\/h6>\r\n\t\t\t\t\t\t\t\t\t\t\t<\/div>\r\n\t\t<div class=\"dfd-folio-icons-wrap\">\r\n\t\t\t\t\t\t\t<\/div>\r\n<\/div>\r\n\r\n\t\t\t\t\t\t<\/div>\r\n\r\n\t\t\t\t\t\t\t\t\t\t\t<\/div>\r\n\t\t\t\t<\/div>\r\n\t\t\t\t\t\t\t<div class=\"project dfd-fade-out panr\" >\r\n\t\t\t\t\t<div class=\"cover text-center\">\r\n\t\t\t\t\t\t\t\t\t\t\t\t\r\n\t\t\t\t\t\t<div class=\"entry-thumb \">\r\n\t\t\t\t\t\t\t<img decoding=\"async\" src=\"https:\/\/limacomunicacion.es\/wp-content\/uploads\/2024\/01\/21-NDPAnantara.jpg\" alt=\"Anantara Villa Padierna presents a new art exhibition with artist Cristina Iturrioz\"\/>\r\n\t\t\t\t\t\t\t\t\t\t\t\t\t\t\r\n<div class=\"portfolio-custom-hover\">\r\n\t\t\t\t<div class=\"title-wrap title-underline\">\r\n\t\t\t\t\t\t\t\t\t<h6 class=\"widget-title\"><a href=\"https:\/\/limacomunicacion.es\/en\/my-product\/anantara-villa-padierna-presenta-una-nueva-exposicion-de-arte-junto-a-la-artista-cristina-iturrioz\/\">Anantara Villa Padierna presents a new art exhibition with artist Cristina Iturrioz<\/a><\/h6>\r\n\t\t\t\t\t\t\t\t\t\t\t<\/div>\r\n\t\t<div class=\"dfd-folio-icons-wrap\">\r\n\t\t\t\t\t\t\t<\/div>\r\n<\/div>\r\n\r\n\t\t\t\t\t\t<\/div>\r\n\r\n\t\t\t\t\t\t\t\t\t\t\t<\/div>\r\n\t\t\t\t<\/div>\r\n\t\t\t\t\t\t\t<div class=\"project dfd-fade-out panr\" >\r\n\t\t\t\t\t<div class=\"cover text-center\">\r\n\t\t\t\t\t\t\t\t\t\t\t\t\r\n\t\t\t\t\t\t<div class=\"entry-thumb \">\r\n\t\t\t\t\t\t\t<img decoding=\"async\" src=\"https:\/\/limacomunicacion.es\/wp-content\/uploads\/2024\/01\/20-NDPAnantara.jpg\" alt=\"The spa at Anantara Villa Padierna offers exclusive personalized wellness treatments\"\/>\r\n\t\t\t\t\t\t\t\t\t\t\t\t\t\t\r\n<div class=\"portfolio-custom-hover\">\r\n\t\t\t\t<div class=\"title-wrap title-underline\">\r\n\t\t\t\t\t\t\t\t\t<h6 class=\"widget-title\"><a href=\"https:\/\/limacomunicacion.es\/en\/my-product\/el-spa-de-anantara-villa-padierna-propone-exclusivos-tratamientos-personalizados-para-el-bienestar\/\">The spa at Anantara Villa Padierna offers exclusive personalized wellness treatments<\/a><\/h6>\r\n\t\t\t\t\t\t\t\t\t\t\t<\/div>\r\n\t\t<div class=\"dfd-folio-icons-wrap\">\r\n\t\t\t\t\t\t\t<\/div>\r\n<\/div>\r\n\r\n\t\t\t\t\t\t<\/div>\r\n\r\n\t\t\t\t\t\t\t\t\t\t\t<\/div>\r\n\t\t\t\t<\/div>\r\n\t\t\t\t\t\t\t<div class=\"project dfd-fade-out panr\" >\r\n\t\t\t\t\t<div class=\"cover text-center\">\r\n\t\t\t\t\t\t\t\t\t\t\t\t\r\n\t\t\t\t\t\t<div class=\"entry-thumb \">\r\n\t\t\t\t\t\t\t<img decoding=\"async\" src=\"https:\/\/limacomunicacion.es\/wp-content\/uploads\/2024\/01\/19-NDPAnantara.jpg\" alt=\"Ol\u00e0 Beirut brings authentic Lebanese cuisine to summer evenings at Anantara Villa Padierna Marbella\"\/>\r\n\t\t\t\t\t\t\t\t\t\t\t\t\t\t\r\n<div class=\"portfolio-custom-hover\">\r\n\t\t\t\t<div class=\"title-wrap title-underline\">\r\n\t\t\t\t\t\t\t\t\t<h6 class=\"widget-title\"><a href=\"https:\/\/limacomunicacion.es\/en\/my-product\/ola-beirut-acerca-la-autentica-cocina-libanesa-a-las-veladas-estivales-de-anantara-villa-padierna-marbella\/\">Ol\u00e0 Beirut brings authentic Lebanese cuisine to summer evenings at Anantara Villa Padierna Marbella<\/a><\/h6>\r\n\t\t\t\t\t\t\t\t\t\t\t<\/div>\r\n\t\t<div class=\"dfd-folio-icons-wrap\">\r\n\t\t\t\t\t\t\t<\/div>\r\n<\/div>\r\n\r\n\t\t\t\t\t\t<\/div>\r\n\r\n\t\t\t\t\t\t\t\t\t\t\t<\/div>\r\n\t\t\t\t<\/div>\r\n\t\t\t\t\t\t\t<div class=\"project dfd-fade-out panr\" >\r\n\t\t\t\t\t<div class=\"cover text-center\">\r\n\t\t\t\t\t\t\t\t\t\t\t\t\r\n\t\t\t\t\t\t<div class=\"entry-thumb \">\r\n\t\t\t\t\t\t\t<img decoding=\"async\" src=\"https:\/\/limacomunicacion.es\/wp-content\/uploads\/2024\/01\/18-NDPAnantara.jpg\" alt=\"La Veranda, an exquisite gastronomic proposal and a detailed room service.\"\/>\r\n\t\t\t\t\t\t\t\t\t\t\t\t\t\t\r\n<div class=\"portfolio-custom-hover\">\r\n\t\t\t\t<div class=\"title-wrap title-underline\">\r\n\t\t\t\t\t\t\t\t\t<h6 class=\"widget-title\"><a href=\"https:\/\/limacomunicacion.es\/en\/my-product\/la-veranda-una-exquisita-propuesta-gastronomica-y-un-servicio-de-sala-detallista\/\">La Veranda, an exquisite gastronomic proposal and a detailed room service.<\/a><\/h6>\r\n\t\t\t\t\t\t\t\t\t\t\t<\/div>\r\n\t\t<div class=\"dfd-folio-icons-wrap\">\r\n\t\t\t\t\t\t\t<\/div>\r\n<\/div>\r\n\r\n\t\t\t\t\t\t<\/div>\r\n\r\n\t\t\t\t\t\t\t\t\t\t\t<\/div>\r\n\t\t\t\t<\/div>\r\n\t\t\t\t\t\t\t<div class=\"project dfd-fade-out panr\" >\r\n\t\t\t\t\t<div class=\"cover text-center\">\r\n\t\t\t\t\t\t\t\t\t\t\t\t\r\n\t\t\t\t\t\t<div class=\"entry-thumb \">\r\n\t\t\t\t\t\t\t<img decoding=\"async\" src=\"https:\/\/limacomunicacion.es\/wp-content\/uploads\/2024\/01\/17-NDPAnantaraNavidad.jpg\" alt=\"A time for endless celebrations at Anantara Villa Padierna, the ideal destination to experience the magic of Christmas.\"\/>\r\n\t\t\t\t\t\t\t\t\t\t\t\t\t\t\r\n<div class=\"portfolio-custom-hover\">\r\n\t\t\t\t<div class=\"title-wrap title-underline\">\r\n\t\t\t\t\t\t\t\t\t<h6 class=\"widget-title\"><a href=\"https:\/\/limacomunicacion.es\/en\/my-product\/epoca-de-celebraciones-infinitas-en-anantara-villa-padierna-el-destino-ideal-para-vivir-la-magia-de-la-navidad\/\">A time for endless celebrations at Anantara Villa Padierna, the ideal destination to experience the magic of Christmas.<\/a><\/h6>\r\n\t\t\t\t\t\t\t\t\t\t\t<\/div>\r\n\t\t<div class=\"dfd-folio-icons-wrap\">\r\n\t\t\t\t\t\t\t<\/div>\r\n<\/div>\r\n\r\n\t\t\t\t\t\t<\/div>\r\n\r\n\t\t\t\t\t\t\t\t\t\t\t<\/div>\r\n\t\t\t\t<\/div>\r\n\t\t\t\t\t\t\t<div class=\"project dfd-fade-out panr\" >\r\n\t\t\t\t\t<div class=\"cover text-center\">\r\n\t\t\t\t\t\t\t\t\t\t\t\t\r\n\t\t\t\t\t\t<div class=\"entry-thumb \">\r\n\t\t\t\t\t\t\t<img decoding=\"async\" src=\"https:\/\/limacomunicacion.es\/wp-content\/uploads\/2024\/01\/16-NDPAnantaraVillaPadierna.jpg\" alt=\"Delicious gastronomic novelties for this spring at Anantara Villa Padierna\"\/>\r\n\t\t\t\t\t\t\t\t\t\t\t\t\t\t\r\n<div class=\"portfolio-custom-hover\">\r\n\t\t\t\t<div class=\"title-wrap title-underline\">\r\n\t\t\t\t\t\t\t\t\t<h6 class=\"widget-title\"><a href=\"https:\/\/limacomunicacion.es\/en\/my-product\/deliciosas-novedades-gastronomicas-para-esta-primavera-en-anantara-villa-padierna\/\">Delicious gastronomic novelties for this spring at Anantara Villa Padierna<\/a><\/h6>\r\n\t\t\t\t\t\t\t\t\t\t\t<\/div>\r\n\t\t<div class=\"dfd-folio-icons-wrap\">\r\n\t\t\t\t\t\t\t<\/div>\r\n<\/div>\r\n\r\n\t\t\t\t\t\t<\/div>\r\n\r\n\t\t\t\t\t\t\t\t\t\t\t<\/div>\r\n\t\t\t\t<\/div>\r\n\t\t\t\t\t\t\t<div class=\"project dfd-fade-out panr\" >\r\n\t\t\t\t\t<div class=\"cover text-center\">\r\n\t\t\t\t\t\t\t\t\t\t\t\t\r\n\t\t\t\t\t\t<div class=\"entry-thumb \">\r\n\t\t\t\t\t\t\t<img decoding=\"async\" src=\"https:\/\/limacomunicacion.es\/wp-content\/uploads\/2024\/01\/15-NDPUnidos.jpg\" alt=\"UNIDOS brings together again the great chefs of Malaga at C\u00edvitas Puerto Ban\u00fas\"\/>\r\n\t\t\t\t\t\t\t\t\t\t\t\t\t\t\r\n<div class=\"portfolio-custom-hover\">\r\n\t\t\t\t<div class=\"title-wrap title-underline\">\r\n\t\t\t\t\t\t\t\t\t<h6 class=\"widget-title\"><a href=\"https:\/\/limacomunicacion.es\/en\/my-product\/unidos-vuelve-a-reunir-a-los-grandes-cocineros-de-malaga-en-civitas-puerto-banus\/\">UNIDOS brings together again the great chefs of Malaga at C\u00edvitas Puerto Ban\u00fas<\/a><\/h6>\r\n\t\t\t\t\t\t\t\t\t\t\t<\/div>\r\n\t\t<div class=\"dfd-folio-icons-wrap\">\r\n\t\t\t\t\t\t\t<\/div>\r\n<\/div>\r\n\r\n\t\t\t\t\t\t<\/div>\r\n\r\n\t\t\t\t\t\t\t\t\t\t\t<\/div>\r\n\t\t\t\t<\/div>\r\n\t\t\t\t\t\t\t<div class=\"project dfd-fade-out panr\" >\r\n\t\t\t\t\t<div class=\"cover text-center\">\r\n\t\t\t\t\t\t\t\t\t\t\t\t\r\n\t\t\t\t\t\t<div class=\"entry-thumb \">\r\n\t\t\t\t\t\t\t<img decoding=\"async\" src=\"https:\/\/limacomunicacion.es\/wp-content\/uploads\/2024\/01\/14-NDPLaAlvaroteca.jpg\" alt=\"LAALVAROTECA completely renovates its space and presents a new menu based on seasonal products.\"\/>\r\n\t\t\t\t\t\t\t\t\t\t\t\t\t\t\r\n<div class=\"portfolio-custom-hover\">\r\n\t\t\t\t<div class=\"title-wrap title-underline\">\r\n\t\t\t\t\t\t\t\t\t<h6 class=\"widget-title\"><a href=\"https:\/\/limacomunicacion.es\/en\/my-product\/laalvaroteca-renueva-totalmente-su-espacio-y-presenta-un-nuevo-menu-basado-en-los-productos-de-temporada\/\">LAALVAROTECA completely renovates its space and presents a new menu based on seasonal products.<\/a><\/h6>\r\n\t\t\t\t\t\t\t\t\t\t\t<\/div>\r\n\t\t<div class=\"dfd-folio-icons-wrap\">\r\n\t\t\t\t\t\t\t<\/div>\r\n<\/div>\r\n\r\n\t\t\t\t\t\t<\/div>\r\n\r\n\t\t\t\t\t\t\t\t\t\t\t<\/div>\r\n\t\t\t\t<\/div>\r\n\t\t\t\t\t\t\t<div class=\"project dfd-fade-out panr\" >\r\n\t\t\t\t\t<div class=\"cover text-center\">\r\n\t\t\t\t\t\t\t\t\t\t\t\t\r\n\t\t\t\t\t\t<div class=\"entry-thumb \">\r\n\t\t\t\t\t\t\t<img decoding=\"async\" src=\"https:\/\/limacomunicacion.es\/wp-content\/uploads\/2024\/01\/13-NDPLaAlvaroteca.jpg\" alt=\"LAALVAROTECA celebrates 10 years of creative cooking\"\/>\r\n\t\t\t\t\t\t\t\t\t\t\t\t\t\t\r\n<div class=\"portfolio-custom-hover\">\r\n\t\t\t\t<div class=\"title-wrap title-underline\">\r\n\t\t\t\t\t\t\t\t\t<h6 class=\"widget-title\"><a href=\"https:\/\/limacomunicacion.es\/en\/my-product\/laalvaroteca-cumple-10-anos-de-cocina-creativa\/\">LAALVAROTECA celebrates 10 years of creative cooking<\/a><\/h6>\r\n\t\t\t\t\t\t\t\t\t\t\t<\/div>\r\n\t\t<div class=\"dfd-folio-icons-wrap\">\r\n\t\t\t\t\t\t\t<\/div>\r\n<\/div>\r\n\r\n\t\t\t\t\t\t<\/div>\r\n\r\n\t\t\t\t\t\t\t\t\t\t\t<\/div>\r\n\t\t\t\t<\/div>\r\n\t\t\t\t\t\t\t<div class=\"project dfd-fade-out panr\" >\r\n\t\t\t\t\t<div class=\"cover text-center\">\r\n\t\t\t\t\t\t\t\t\t\t\t\t\r\n\t\t\t\t\t\t<div class=\"entry-thumb \">\r\n\t\t\t\t\t\t\t<img decoding=\"async\" src=\"https:\/\/limacomunicacion.es\/wp-content\/uploads\/2023\/02\/NDPJCG.jpg\" alt=\"JOS\u00c9 CARLOS GARC\u00cdA PRESENTS ITS MENU WITH NEW SEASONAL PRODUCTS, GREATER PRESENCE IN THE DINING ROOM AND EXPANSION OF ITS WINE CELLAR.\"\/>\r\n\t\t\t\t\t\t\t\t\t\t\t\t\t\t\r\n<div class=\"portfolio-custom-hover\">\r\n\t\t\t\t<div class=\"title-wrap title-underline\">\r\n\t\t\t\t\t\t\t\t\t<h6 class=\"widget-title\"><a href=\"https:\/\/limacomunicacion.es\/en\/my-product\/jose-carlos-garcia-presenta-su-menu-con-los-nuevos-productos-de-temporada-mayor-presencia-de-sala-y-ampliacion-de-su-bodega-2\/\">JOS\u00c9 CARLOS GARC\u00cdA PRESENTS ITS MENU WITH NEW SEASONAL PRODUCTS, GREATER PRESENCE IN THE DINING ROOM AND EXPANSION OF ITS WINE CELLAR.<\/a><\/h6>\r\n\t\t\t\t\t\t\t\t\t\t\t<\/div>\r\n\t\t<div class=\"dfd-folio-icons-wrap\">\r\n\t\t\t\t\t\t\t<\/div>\r\n<\/div>\r\n\r\n\t\t\t\t\t\t<\/div>\r\n\r\n\t\t\t\t\t\t\t\t\t\t\t<\/div>\r\n\t\t\t\t<\/div>\r\n\t\t\t\t\t\t\t<div class=\"project dfd-fade-out panr\" >\r\n\t\t\t\t\t<div class=\"cover text-center\">\r\n\t\t\t\t\t\t\t\t\t\t\t\t\r\n\t\t\t\t\t\t<div class=\"entry-thumb \">\r\n\t\t\t\t\t\t\t<img decoding=\"async\" src=\"https:\/\/limacomunicacion.es\/wp-content\/uploads\/2024\/01\/11-JCGPerrier.jpg\" alt=\"JOS\u00c9 CARLOS GARC\u00cdA INAUGURATES HIS NEW TERRACE AS LAURENT-PERRIER AMBASSADOR IN MALAGA\"\/>\r\n\t\t\t\t\t\t\t\t\t\t\t\t\t\t\r\n<div class=\"portfolio-custom-hover\">\r\n\t\t\t\t<div class=\"title-wrap title-underline\">\r\n\t\t\t\t\t\t\t\t\t<h6 class=\"widget-title\"><a href=\"https:\/\/limacomunicacion.es\/en\/my-product\/jose-carlos-garcia-inaugura-su-nueva-terraza-como-embajador-de-laurent-perrier-en-malaga\/\">JOS\u00c9 CARLOS GARC\u00cdA INAUGURATES HIS NEW TERRACE AS LAURENT-PERRIER AMBASSADOR IN MALAGA<\/a><\/h6>\r\n\t\t\t\t\t\t\t\t\t\t\t<\/div>\r\n\t\t<div class=\"dfd-folio-icons-wrap\">\r\n\t\t\t\t\t\t\t<\/div>\r\n<\/div>\r\n\r\n\t\t\t\t\t\t<\/div>\r\n\r\n\t\t\t\t\t\t\t\t\t\t\t<\/div>\r\n\t\t\t\t<\/div>\r\n\t\t\t\t\t\t\t<div class=\"project dfd-fade-out panr\" >\r\n\t\t\t\t\t<div class=\"cover text-center\">\r\n\t\t\t\t\t\t\t\t\t\t\t\t\r\n\t\t\t\t\t\t<div class=\"entry-thumb \">\r\n\t\t\t\t\t\t\t<img decoding=\"async\" src=\"https:\/\/limacomunicacion.es\/wp-content\/uploads\/2024\/01\/09-GreenLifeGolfMarbella.jpg\" alt=\"GREENLIFE GOLF CLUB MARBELLA, PIONEER IN CUTTING-EDGE TECHNOLOGY WITH TOPTRACER\"\/>\r\n\t\t\t\t\t\t\t\t\t\t\t\t\t\t\r\n<div class=\"portfolio-custom-hover\">\r\n\t\t\t\t<div class=\"title-wrap title-underline\">\r\n\t\t\t\t\t\t\t\t\t<h6 class=\"widget-title\"><a href=\"https:\/\/limacomunicacion.es\/en\/my-product\/greenlife-golf-club-marbella-pionero-en-la-tecnologia-de-vanguardia-con-toptracer-2\/\">GREENLIFE GOLF CLUB MARBELLA, PIONEER IN CUTTING-EDGE TECHNOLOGY WITH TOPTRACER<\/a><\/h6>\r\n\t\t\t\t\t\t\t\t\t\t\t<\/div>\r\n\t\t<div class=\"dfd-folio-icons-wrap\">\r\n\t\t\t\t\t\t\t<\/div>\r\n<\/div>\r\n\r\n\t\t\t\t\t\t<\/div>\r\n\r\n\t\t\t\t\t\t\t\t\t\t\t<\/div>\r\n\t\t\t\t<\/div>\r\n\t\t\t\t\t\t\t<div class=\"project dfd-fade-out panr\" >\r\n\t\t\t\t\t<div class=\"cover text-center\">\r\n\t\t\t\t\t\t\t\t\t\t\t\t\r\n\t\t\t\t\t\t<div class=\"entry-thumb \">\r\n\t\t\t\t\t\t\t<img decoding=\"async\" src=\"https:\/\/limacomunicacion.es\/wp-content\/uploads\/2024\/01\/08-NDP-ElLagoMoet.jpg\" alt=\"EL LAGO RESTAURANT AND MO\u00cbT HENNESSY GROUP JOIN FORCES TO CREATE SINGULAR EVENTS\"\/>\r\n\t\t\t\t\t\t\t\t\t\t\t\t\t\t\r\n<div class=\"portfolio-custom-hover\">\r\n\t\t\t\t<div class=\"title-wrap title-underline\">\r\n\t\t\t\t\t\t\t\t\t<h6 class=\"widget-title\"><a href=\"https:\/\/limacomunicacion.es\/en\/my-product\/el-restaurante-el-lago-y-el-grupo-moet-hennessy-se-unen-para-crear-eventos-singulares\/\">EL LAGO RESTAURANT AND MO\u00cbT HENNESSY GROUP JOIN FORCES TO CREATE SINGULAR EVENTS<\/a><\/h6>\r\n\t\t\t\t\t\t\t\t\t\t\t<\/div>\r\n\t\t<div class=\"dfd-folio-icons-wrap\">\r\n\t\t\t\t\t\t\t<\/div>\r\n<\/div>\r\n\r\n\t\t\t\t\t\t<\/div>\r\n\r\n\t\t\t\t\t\t\t\t\t\t\t<\/div>\r\n\t\t\t\t<\/div>\r\n\t\t\t\t\t\t\t<div class=\"project dfd-fade-out panr\" >\r\n\t\t\t\t\t<div class=\"cover text-center\">\r\n\t\t\t\t\t\t\t\t\t\t\t\t\r\n\t\t\t\t\t\t<div class=\"entry-thumb \">\r\n\t\t\t\t\t\t\t<img decoding=\"async\" src=\"https:\/\/limacomunicacion.es\/wp-content\/uploads\/2024\/01\/07-ElLagoRestaurante.jpg\" alt=\"THE RESTAURANT EL LAGO IS COMMITTED TO MORE SUSTAINABLE GASTRONOMY.\"\/>\r\n\t\t\t\t\t\t\t\t\t\t\t\t\t\t\r\n<div class=\"portfolio-custom-hover\">\r\n\t\t\t\t<div class=\"title-wrap title-underline\">\r\n\t\t\t\t\t\t\t\t\t<h6 class=\"widget-title\"><a href=\"https:\/\/limacomunicacion.es\/en\/my-product\/el-restaurante-el-lago-apuesta-por-la-gastronomia-mas-sostenible-2\/\">THE RESTAURANT EL LAGO IS COMMITTED TO MORE SUSTAINABLE GASTRONOMY.<\/a><\/h6>\r\n\t\t\t\t\t\t\t\t\t\t\t<\/div>\r\n\t\t<div class=\"dfd-folio-icons-wrap\">\r\n\t\t\t\t\t\t\t<\/div>\r\n<\/div>\r\n\r\n\t\t\t\t\t\t<\/div>\r\n\r\n\t\t\t\t\t\t\t\t\t\t\t<\/div>\r\n\t\t\t\t<\/div>\r\n\t\t\t\t\t\t\t<div class=\"project dfd-fade-out panr\" >\r\n\t\t\t\t\t<div class=\"cover text-center\">\r\n\t\t\t\t\t\t\t\t\t\t\t\t\r\n\t\t\t\t\t\t<div class=\"entry-thumb \">\r\n\t\t\t\t\t\t\t<img decoding=\"async\" src=\"https:\/\/limacomunicacion.es\/wp-content\/uploads\/2024\/01\/06-SolloRestaurante.jpg\" alt=\"CAMINHO 2023, THE UNIQUENESS OF DIEGO GALLEGOS&#8217; CUISINE BASED ON THE RIVER WORLD\"\/>\r\n\t\t\t\t\t\t\t\t\t\t\t\t\t\t\r\n<div class=\"portfolio-custom-hover\">\r\n\t\t\t\t<div class=\"title-wrap title-underline\">\r\n\t\t\t\t\t\t\t\t\t<h6 class=\"widget-title\"><a href=\"https:\/\/limacomunicacion.es\/en\/my-product\/caminho-2023-la-singularidad-de-la-cocina-de-diego-gallegos-en-torno-al-mundo-fluvial-2\/\">CAMINHO 2023, THE UNIQUENESS OF DIEGO GALLEGOS&#8217; CUISINE BASED ON THE RIVER WORLD<\/a><\/h6>\r\n\t\t\t\t\t\t\t\t\t\t\t<\/div>\r\n\t\t<div class=\"dfd-folio-icons-wrap\">\r\n\t\t\t\t\t\t\t<\/div>\r\n<\/div>\r\n\r\n\t\t\t\t\t\t<\/div>\r\n\r\n\t\t\t\t\t\t\t\t\t\t\t<\/div>\r\n\t\t\t\t<\/div>\r\n\t\t\t\t\t\t\t<div class=\"project dfd-fade-out panr\" >\r\n\t\t\t\t\t<div class=\"cover text-center\">\r\n\t\t\t\t\t\t\t\t\t\t\t\t\r\n\t\t\t\t\t\t<div class=\"entry-thumb \">\r\n\t\t\t\t\t\t\t<img decoding=\"async\" src=\"https:\/\/limacomunicacion.es\/wp-content\/uploads\/2024\/01\/05-DiegoAndFriend.jpg\" alt=\"Diego And Friends presents new events with the great figures of international gastronomy.\"\/>\r\n\t\t\t\t\t\t\t\t\t\t\t\t\t\t\r\n<div class=\"portfolio-custom-hover\">\r\n\t\t\t\t<div class=\"title-wrap title-underline\">\r\n\t\t\t\t\t\t\t\t\t<h6 class=\"widget-title\"><a href=\"https:\/\/limacomunicacion.es\/en\/my-product\/diego-and-friends-presenta-nuevos-eventos-con-las-grandes-%ef%ac%81guras-de-la-gastronomia-internacional\/\">Diego And Friends presents new events with the great figures of international gastronomy.<\/a><\/h6>\r\n\t\t\t\t\t\t\t\t\t\t\t<\/div>\r\n\t\t<div class=\"dfd-folio-icons-wrap\">\r\n\t\t\t\t\t\t\t<\/div>\r\n<\/div>\r\n\r\n\t\t\t\t\t\t<\/div>\r\n\r\n\t\t\t\t\t\t\t\t\t\t\t<\/div>\r\n\t\t\t\t<\/div>\r\n\t\t\t\t\t\t\t<div class=\"project dfd-fade-out panr\" >\r\n\t\t\t\t\t<div class=\"cover text-center\">\r\n\t\t\t\t\t\t\t\t\t\t\t\t\r\n\t\t\t\t\t\t<div class=\"entry-thumb \">\r\n\t\t\t\t\t\t\t<img decoding=\"async\" src=\"https:\/\/limacomunicacion.es\/wp-content\/uploads\/2024\/01\/04-NDPDelicias.jpg\" alt=\"Delicias Gourmet inaugurates a new gastronomic space at LaFinca Grand Caf\u00e9 in Madrid\"\/>\r\n\t\t\t\t\t\t\t\t\t\t\t\t\t\t\r\n<div class=\"portfolio-custom-hover\">\r\n\t\t\t\t<div class=\"title-wrap title-underline\">\r\n\t\t\t\t\t\t\t\t\t<h6 class=\"widget-title\"><a href=\"https:\/\/limacomunicacion.es\/en\/my-product\/delicias-gourmet-inaugura-un-nuevo-espacio-gastronomico-en-lafinca-grand-cafe-de-madrid\/\">Delicias Gourmet inaugurates a new gastronomic space at LaFinca Grand Caf\u00e9 in Madrid<\/a><\/h6>\r\n\t\t\t\t\t\t\t\t\t\t\t<\/div>\r\n\t\t<div class=\"dfd-folio-icons-wrap\">\r\n\t\t\t\t\t\t\t<\/div>\r\n<\/div>\r\n\r\n\t\t\t\t\t\t<\/div>\r\n\r\n\t\t\t\t\t\t\t\t\t\t\t<\/div>\r\n\t\t\t\t<\/div>\r\n\t\t\t\t\t\t\t<div class=\"project dfd-fade-out panr\" >\r\n\t\t\t\t\t<div class=\"cover text-center\">\r\n\t\t\t\t\t\t\t\t\t\t\t\t\r\n\t\t\t\t\t\t<div class=\"entry-thumb \">\r\n\t\t\t\t\t\t\t<img decoding=\"async\" src=\"https:\/\/limacomunicacion.es\/wp-content\/uploads\/2024\/01\/03-NDPDelicias.jpg\" alt=\"DELICIAS GOURMET INAUGURATES LA CRIPTA, ITS EXCLUSIVE WINE CELLAR, LOCATED IN THE GOURMET STORE AND RESTAURANT IN NUEVA ANDALUC\u00cdA.\"\/>\r\n\t\t\t\t\t\t\t\t\t\t\t\t\t\t\r\n<div class=\"portfolio-custom-hover\">\r\n\t\t\t\t<div class=\"title-wrap title-underline\">\r\n\t\t\t\t\t\t\t\t\t<h6 class=\"widget-title\"><a href=\"https:\/\/limacomunicacion.es\/en\/my-product\/delicias-gourmet-inaugura-la-cripta-su-exclusiva-cava-de-grandes-vinos-ubicada-en-la-tienda-gourmet-y-restaurante-de-nueva-andalucia\/\">DELICIAS GOURMET INAUGURATES LA CRIPTA, ITS EXCLUSIVE WINE CELLAR, LOCATED IN THE GOURMET STORE AND RESTAURANT IN NUEVA ANDALUC\u00cdA.<\/a><\/h6>\r\n\t\t\t\t\t\t\t\t\t\t\t<\/div>\r\n\t\t<div class=\"dfd-folio-icons-wrap\">\r\n\t\t\t\t\t\t\t<\/div>\r\n<\/div>\r\n\r\n\t\t\t\t\t\t<\/div>\r\n\r\n\t\t\t\t\t\t\t\t\t\t\t<\/div>\r\n\t\t\t\t<\/div>\r\n\t\t\t\t\t\t\t<div class=\"project dfd-fade-out panr\" >\r\n\t\t\t\t\t<div class=\"cover text-center\">\r\n\t\t\t\t\t\t\t\t\t\t\t\t\r\n\t\t\t\t\t\t<div class=\"entry-thumb \">\r\n\t\t\t\t\t\t\t<img decoding=\"async\" src=\"https:\/\/limacomunicacion.es\/wp-content\/uploads\/2024\/01\/NDPTerraDiegoDelRio.jpg\" alt=\"TERRA BY DIEGO DEL RIO, HANDCRAFTED TABLEWARE FOR TABLES WITH GOOD TASTE\"\/>\r\n\t\t\t\t\t\t\t\t\t\t\t\t\t\t\r\n<div class=\"portfolio-custom-hover\">\r\n\t\t\t\t<div class=\"title-wrap title-underline\">\r\n\t\t\t\t\t\t\t\t\t<h6 class=\"widget-title\"><a href=\"https:\/\/limacomunicacion.es\/en\/my-product\/terra-by-diego-del-rio-el-menaje-artesanal-para-mesas-con-buen-gusto\/\">TERRA BY DIEGO DEL RIO, HANDCRAFTED TABLEWARE FOR TABLES WITH GOOD TASTE<\/a><\/h6>\r\n\t\t\t\t\t\t\t\t\t\t\t<\/div>\r\n\t\t<div class=\"dfd-folio-icons-wrap\">\r\n\t\t\t\t\t\t\t<\/div>\r\n<\/div>\r\n\r\n\t\t\t\t\t\t<\/div>\r\n\r\n\t\t\t\t\t\t\t\t\t\t\t<\/div>\r\n\t\t\t\t<\/div>\r\n\t\t\t\t\t\t\t<div class=\"project dfd-fade-out panr\" >\r\n\t\t\t\t\t<div class=\"cover text-center\">\r\n\t\t\t\t\t\t\t\t\t\t\t\t\r\n\t\t\t\t\t\t<div class=\"entry-thumb \">\r\n\t\t\t\t\t\t\t<img decoding=\"async\" src=\"https:\/\/limacomunicacion.es\/wp-content\/uploads\/2024\/01\/NDPBohoClub2024.jpg\" alt=\"Boho Club renovates the garden terrace, expands the boutique hotel with 10 new bungalows, presents its gastronomy and the summer leisure proposal.\"\/>\r\n\t\t\t\t\t\t\t\t\t\t\t\t\t\t\r\n<div class=\"portfolio-custom-hover\">\r\n\t\t\t\t<div class=\"title-wrap title-underline\">\r\n\t\t\t\t\t\t\t\t\t<h6 class=\"widget-title\"><a href=\"https:\/\/limacomunicacion.es\/en\/my-product\/boho-club-renueva-la-terraza-del-jardin-amplia-el-hotel-boutique-con-10-nuevos-bungalow-presenta-su-gastronomia-y-la-propuesta-de-ocio-estival\/\">Boho Club renovates the garden terrace, expands the boutique hotel with 10 new bungalows, presents its gastronomy and the summer leisure proposal.<\/a><\/h6>\r\n\t\t\t\t\t\t\t\t\t\t\t<\/div>\r\n\t\t<div class=\"dfd-folio-icons-wrap\">\r\n\t\t\t\t\t\t\t<\/div>\r\n<\/div>\r\n\r\n\t\t\t\t\t\t<\/div>\r\n\r\n\t\t\t\t\t\t\t\t\t\t\t<\/div>\r\n\t\t\t\t<\/div>\r\n\t\t\t\t\t\t\t<div class=\"project dfd-fade-out panr\" >\r\n\t\t\t\t\t<div class=\"cover text-center\">\r\n\t\t\t\t\t\t\t\t\t\t\t\t\r\n\t\t\t\t\t\t<div class=\"entry-thumb \">\r\n\t\t\t\t\t\t\t<img decoding=\"async\" src=\"https:\/\/limacomunicacion.es\/wp-content\/uploads\/2023\/02\/NDPDelicias.jpg\" alt=\"Gourmet stores &amp; open kitchen\"\/>\r\n\t\t\t\t\t\t\t\t\t\t\t\t\t\t\r\n<div class=\"portfolio-custom-hover\">\r\n\t\t\t\t<div class=\"title-wrap title-underline\">\r\n\t\t\t\t\t\t\t\t\t<h6 class=\"widget-title\"><a href=\"https:\/\/limacomunicacion.es\/en\/my-product\/tiendas-gourmet-cocina-abierta\/\">Gourmet stores &amp; open kitchen<\/a><\/h6>\r\n\t\t\t\t\t\t\t\t\t\t\t<\/div>\r\n\t\t<div class=\"dfd-folio-icons-wrap\">\r\n\t\t\t\t\t\t\t<\/div>\r\n<\/div>\r\n\r\n\t\t\t\t\t\t<\/div>\r\n\r\n\t\t\t\t\t\t\t\t\t\t\t<\/div>\r\n\t\t\t\t<\/div>\r\n\t\t\t\t\t\t\t<div class=\"project dfd-fade-out panr\" >\r\n\t\t\t\t\t<div class=\"cover text-center\">\r\n\t\t\t\t\t\t\t\t\t\t\t\t\r\n\t\t\t\t\t\t<div class=\"entry-thumb \">\r\n\t\t\t\t\t\t\t<img decoding=\"async\" src=\"https:\/\/limacomunicacion.es\/wp-content\/uploads\/2023\/02\/NDPSollo.jpg\" alt=\"CAMINHO 2023, THE UNIQUENESS OF DIEGO GALLEGOS&#8217; CUISINE BASED ON THE RIVER WORLD\"\/>\r\n\t\t\t\t\t\t\t\t\t\t\t\t\t\t\r\n<div class=\"portfolio-custom-hover\">\r\n\t\t\t\t<div class=\"title-wrap title-underline\">\r\n\t\t\t\t\t\t\t\t\t<h6 class=\"widget-title\"><a href=\"https:\/\/limacomunicacion.es\/en\/my-product\/caminho-2023-la-singularidad-de-la-cocina-de-diego-gallegos-en-torno-al-mundo-fluvial\/\">CAMINHO 2023, THE UNIQUENESS OF DIEGO GALLEGOS&#8217; CUISINE BASED ON THE RIVER WORLD<\/a><\/h6>\r\n\t\t\t\t\t\t\t\t\t\t\t<\/div>\r\n\t\t<div class=\"dfd-folio-icons-wrap\">\r\n\t\t\t\t\t\t\t<\/div>\r\n<\/div>\r\n\r\n\t\t\t\t\t\t<\/div>\r\n\r\n\t\t\t\t\t\t\t\t\t\t\t<\/div>\r\n\t\t\t\t<\/div>\r\n\t\t\t\t\t\t\t<div class=\"project dfd-fade-out panr\" >\r\n\t\t\t\t\t<div class=\"cover text-center\">\r\n\t\t\t\t\t\t\t\t\t\t\t\t\r\n\t\t\t\t\t\t<div class=\"entry-thumb \">\r\n\t\t\t\t\t\t\t<img decoding=\"async\" src=\"https:\/\/limacomunicacion.es\/wp-content\/uploads\/2023\/02\/NDPJCG.jpg\" alt=\"JOS\u00c9 CARLOS GARC\u00cdA PRESENTS ITS MENU WITH NEW SEASONAL PRODUCTS, GREATER PRESENCE IN THE DINING ROOM AND EXPANSION OF ITS WINE CELLAR.\"\/>\r\n\t\t\t\t\t\t\t\t\t\t\t\t\t\t\r\n<div class=\"portfolio-custom-hover\">\r\n\t\t\t\t<div class=\"title-wrap title-underline\">\r\n\t\t\t\t\t\t\t\t\t<h6 class=\"widget-title\"><a href=\"https:\/\/limacomunicacion.es\/en\/my-product\/jose-carlos-garcia-presenta-su-menu-con-los-nuevos-productos-de-temporada-mayor-presencia-de-sala-y-ampliacion-de-su-bodega\/\">JOS\u00c9 CARLOS GARC\u00cdA PRESENTS ITS MENU WITH NEW SEASONAL PRODUCTS, GREATER PRESENCE IN THE DINING ROOM AND EXPANSION OF ITS WINE CELLAR.<\/a><\/h6>\r\n\t\t\t\t\t\t\t\t\t\t\t<\/div>\r\n\t\t<div class=\"dfd-folio-icons-wrap\">\r\n\t\t\t\t\t\t\t<\/div>\r\n<\/div>\r\n\r\n\t\t\t\t\t\t<\/div>\r\n\r\n\t\t\t\t\t\t\t\t\t\t\t<\/div>\r\n\t\t\t\t<\/div>\r\n\t\t\t\t\t\t\t<div class=\"project dfd-fade-out panr\" >\r\n\t\t\t\t\t<div class=\"cover text-center\">\r\n\t\t\t\t\t\t\t\t\t\t\t\t\r\n\t\t\t\t\t\t<div class=\"entry-thumb \">\r\n\t\t\t\t\t\t\t<img decoding=\"async\" src=\"https:\/\/limacomunicacion.es\/wp-content\/uploads\/2021\/09\/BohoClub4.jpg\" alt=\"A Memoir, the new gastronomic experiences of Boho Club by Diego del R\u00edo\"\/>\r\n\t\t\t\t\t\t\t\t\t\t\t\t\t\t\r\n<div class=\"portfolio-custom-hover\">\r\n\t\t\t\t<div class=\"title-wrap title-underline\">\r\n\t\t\t\t\t\t\t\t\t<h6 class=\"widget-title\"><a href=\"https:\/\/limacomunicacion.es\/en\/my-product\/a-memoir-boho-club-diego-del-rio\/\">A Memoir, the new gastronomic experiences of Boho Club by Diego del R\u00edo<\/a><\/h6>\r\n\t\t\t\t\t\t\t\t\t\t\t<\/div>\r\n\t\t<div class=\"dfd-folio-icons-wrap\">\r\n\t\t\t\t\t\t\t<\/div>\r\n<\/div>\r\n\r\n\t\t\t\t\t\t<\/div>\r\n\r\n\t\t\t\t\t\t\t\t\t\t\t<\/div>\r\n\t\t\t\t<\/div>\r\n\t\t\t\t\t\t\t<div class=\"project dfd-fade-out panr\" >\r\n\t\t\t\t\t<div class=\"cover text-center\">\r\n\t\t\t\t\t\t\t\t\t\t\t\t\r\n\t\t\t\t\t\t<div class=\"entry-thumb \">\r\n\t\t\t\t\t\t\t<img decoding=\"async\" src=\"https:\/\/limacomunicacion.es\/wp-content\/uploads\/2023\/02\/NDPCFC-2.jpg\" alt=\"ChefsForChildren&#8217;s top chefs teach healthy eating in a fun way to children with serious illnesses in Bilbao\"\/>\r\n\t\t\t\t\t\t\t\t\t\t\t\t\t\t\r\n<div class=\"portfolio-custom-hover\">\r\n\t\t\t\t<div class=\"title-wrap title-underline\">\r\n\t\t\t\t\t\t\t\t\t<h6 class=\"widget-title\"><a href=\"https:\/\/limacomunicacion.es\/en\/my-product\/los-grandes-cocineros-de-chefsforchildren-ensenan-a-comer-sano-de-forma-divertida-a-ninos-con-enfermedades-graves-de-bilbao\/\">ChefsForChildren&#8217;s top chefs teach healthy eating in a fun way to children with serious illnesses in Bilbao<\/a><\/h6>\r\n\t\t\t\t\t\t\t\t\t\t\t<\/div>\r\n\t\t<div class=\"dfd-folio-icons-wrap\">\r\n\t\t\t\t\t\t\t<\/div>\r\n<\/div>\r\n\r\n\t\t\t\t\t\t<\/div>\r\n\r\n\t\t\t\t\t\t\t\t\t\t\t<\/div>\r\n\t\t\t\t<\/div>\r\n\t\t\t\t\t\t\t<div class=\"project dfd-fade-out panr\" >\r\n\t\t\t\t\t<div class=\"cover text-center\">\r\n\t\t\t\t\t\t\t\t\t\t\t\t\r\n\t\t\t\t\t\t<div class=\"entry-thumb \">\r\n\t\t\t\t\t\t\t<img decoding=\"async\" src=\"https:\/\/limacomunicacion.es\/wp-content\/uploads\/2023\/02\/NDPElLago.jpg\" alt=\"THE RESTAURANT EL LAGO IS COMMITTED TO MORE SUSTAINABLE GASTRONOMY.\"\/>\r\n\t\t\t\t\t\t\t\t\t\t\t\t\t\t\r\n<div class=\"portfolio-custom-hover\">\r\n\t\t\t\t<div class=\"title-wrap title-underline\">\r\n\t\t\t\t\t\t\t\t\t<h6 class=\"widget-title\"><a href=\"https:\/\/limacomunicacion.es\/en\/my-product\/el-restaurante-el-lago-apuesta-por-la-gastronomia-mas-sostenible\/\">THE RESTAURANT EL LAGO IS COMMITTED TO MORE SUSTAINABLE GASTRONOMY.<\/a><\/h6>\r\n\t\t\t\t\t\t\t\t\t\t\t<\/div>\r\n\t\t<div class=\"dfd-folio-icons-wrap\">\r\n\t\t\t\t\t\t\t<\/div>\r\n<\/div>\r\n\r\n\t\t\t\t\t\t<\/div>\r\n\r\n\t\t\t\t\t\t\t\t\t\t\t<\/div>\r\n\t\t\t\t<\/div>\r\n\t\t\t\t\t\t\t<div class=\"project dfd-fade-out panr\" >\r\n\t\t\t\t\t<div class=\"cover text-center\">\r\n\t\t\t\t\t\t\t\t\t\t\t\t\r\n\t\t\t\t\t\t<div class=\"entry-thumb \">\r\n\t\t\t\t\t\t\t<img decoding=\"async\" src=\"https:\/\/limacomunicacion.es\/wp-content\/uploads\/2023\/02\/NDPCFC-1.jpg\" alt=\"ChefsForChildren unites 47 great masters of cooking in Spain to teach healthy eating in a fun way to sick children with Fundaci\u00f3n Peque\u00f1o Deseo.\"\/>\r\n\t\t\t\t\t\t\t\t\t\t\t\t\t\t\r\n<div class=\"portfolio-custom-hover\">\r\n\t\t\t\t<div class=\"title-wrap title-underline\">\r\n\t\t\t\t\t\t\t\t\t<h6 class=\"widget-title\"><a href=\"https:\/\/limacomunicacion.es\/en\/my-product\/chefsforchildren-une-a-47-grandes-maestros-de-la-cocina-en-espana-para-ensenar-a-comer-sano-de-forma-divertida-a-los-ninos-enfermos-con-la-fundacion-pequeno-deseo\/\">ChefsForChildren unites 47 great masters of cooking in Spain to teach healthy eating in a fun way to sick children with Fundaci\u00f3n Peque\u00f1o Deseo.<\/a><\/h6>\r\n\t\t\t\t\t\t\t\t\t\t\t<\/div>\r\n\t\t<div class=\"dfd-folio-icons-wrap\">\r\n\t\t\t\t\t\t\t<\/div>\r\n<\/div>\r\n\r\n\t\t\t\t\t\t<\/div>\r\n\r\n\t\t\t\t\t\t\t\t\t\t\t<\/div>\r\n\t\t\t\t<\/div>\r\n\t\t\t\t\t\t\t<div class=\"project dfd-fade-out panr\" >\r\n\t\t\t\t\t<div class=\"cover text-center\">\r\n\t\t\t\t\t\t\t\t\t\t\t\t\r\n\t\t\t\t\t\t<div class=\"entry-thumb \">\r\n\t\t\t\t\t\t\t<img decoding=\"async\" src=\"https:\/\/limacomunicacion.es\/wp-content\/uploads\/2023\/02\/NDPGreenLife.jpg\" alt=\"GREENLIFE GOLF CLUB MARBELLA, PIONEER IN CUTTING-EDGE TECHNOLOGY WITH TOPTRACER\"\/>\r\n\t\t\t\t\t\t\t\t\t\t\t\t\t\t\r\n<div class=\"portfolio-custom-hover\">\r\n\t\t\t\t<div class=\"title-wrap title-underline\">\r\n\t\t\t\t\t\t\t\t\t<h6 class=\"widget-title\"><a href=\"https:\/\/limacomunicacion.es\/en\/my-product\/greenlife-golf-club-marbella-pionero-en-la-tecnologia-de-vanguardia-con-toptracer\/\">GREENLIFE GOLF CLUB MARBELLA, PIONEER IN CUTTING-EDGE TECHNOLOGY WITH TOPTRACER<\/a><\/h6>\r\n\t\t\t\t\t\t\t\t\t\t\t<\/div>\r\n\t\t<div class=\"dfd-folio-icons-wrap\">\r\n\t\t\t\t\t\t\t<\/div>\r\n<\/div>\r\n\r\n\t\t\t\t\t\t<\/div>\r\n\r\n\t\t\t\t\t\t\t\t\t\t\t<\/div>\r\n\t\t\t\t<\/div>\r\n\t\t\t\t\t\t\t<div class=\"project dfd-fade-out panr\" >\r\n\t\t\t\t\t<div class=\"cover text-center\">\r\n\t\t\t\t\t\t\t\t\t\t\t\t\r\n\t\t\t\t\t\t<div class=\"entry-thumb \">\r\n\t\t\t\t\t\t\t<img decoding=\"async\" src=\"https:\/\/limacomunicacion.es\/wp-content\/uploads\/2021\/09\/BohoClub4.jpg\" alt=\"SOLERA, EL PATIO ANDALUZ  DE BOHO CLUB PARA LAS NOCHES DE VERANO\"\/>\r\n\t\t\t\t\t\t\t\t\t\t\t\t\t\t\r\n<div class=\"portfolio-custom-hover\">\r\n\t\t\t\t<div class=\"title-wrap title-underline\">\r\n\t\t\t\t\t\t\t\t\t<h6 class=\"widget-title\"><a href=\"https:\/\/limacomunicacion.es\/en\/my-product\/solera-el-patio-andaluz-de-boho-club-para-las-noches-de-verano\/\">SOLERA, EL PATIO ANDALUZ  DE BOHO CLUB PARA LAS NOCHES DE VERANO<\/a><\/h6>\r\n\t\t\t\t\t\t\t\t\t\t\t<\/div>\r\n\t\t<div class=\"dfd-folio-icons-wrap\">\r\n\t\t\t\t\t\t\t<\/div>\r\n<\/div>\r\n\r\n\t\t\t\t\t\t<\/div>\r\n\r\n\t\t\t\t\t\t\t\t\t\t\t<\/div>\r\n\t\t\t\t<\/div>\r\n\t\t\t\t\t\t\t<div class=\"project dfd-fade-out panr\" >\r\n\t\t\t\t\t<div class=\"cover text-center\">\r\n\t\t\t\t\t\t\t\t\t\t\t\t\r\n\t\t\t\t\t\t<div class=\"entry-thumb \">\r\n\t\t\t\t\t\t\t<img decoding=\"async\" src=\"https:\/\/limacomunicacion.es\/wp-content\/uploads\/2022\/08\/BohoClub2022.jpg\" alt=\"NOVEDADES GASTRON\u00d3MICAS DE DIEGO DEL R\u00cdO\"\/>\r\n\t\t\t\t\t\t\t\t\t\t\t\t\t\t\r\n<div class=\"portfolio-custom-hover\">\r\n\t\t\t\t<div class=\"title-wrap title-underline\">\r\n\t\t\t\t\t\t\t\t\t<h6 class=\"widget-title\"><a href=\"https:\/\/limacomunicacion.es\/en\/my-product\/novedades-gastronomicas-de-diego-del-rio\/\">NOVEDADES GASTRON\u00d3MICAS DE DIEGO DEL R\u00cdO<\/a><\/h6>\r\n\t\t\t\t\t\t\t\t\t\t\t<\/div>\r\n\t\t<div class=\"dfd-folio-icons-wrap\">\r\n\t\t\t\t\t\t\t<\/div>\r\n<\/div>\r\n\r\n\t\t\t\t\t\t<\/div>\r\n\r\n\t\t\t\t\t\t\t\t\t\t\t<\/div>\r\n\t\t\t\t<\/div>\r\n\t\t\t\t\t\t\t<div class=\"project dfd-fade-out panr\" >\r\n\t\t\t\t\t<div class=\"cover text-center\">\r\n\t\t\t\t\t\t\t\t\t\t\t\t\r\n\t\t\t\t\t\t<div class=\"entry-thumb \">\r\n\t\t\t\t\t\t\t<img decoding=\"async\" src=\"https:\/\/limacomunicacion.es\/wp-content\/uploads\/2022\/08\/CFCevento.jpg\" alt=\"M\u00e1s de 30 Estrellas Michelin y 150 ni\u00f1os se ponen el mandil para cocinar en ChefsForChildren\"\/>\r\n\t\t\t\t\t\t\t\t\t\t\t\t\t\t\r\n<div class=\"portfolio-custom-hover\">\r\n\t\t\t\t<div class=\"title-wrap title-underline\">\r\n\t\t\t\t\t\t\t\t\t<h6 class=\"widget-title\"><a href=\"https:\/\/limacomunicacion.es\/en\/my-product\/mas-de-30-estrellas-michelin-y-150-ninos-se-ponen-el-mandil-para-cocinar-en-chefsforchildren\/\">M\u00e1s de 30 Estrellas Michelin y 150 ni\u00f1os se ponen el mandil para cocinar en ChefsForChildren<\/a><\/h6>\r\n\t\t\t\t\t\t\t\t\t\t\t<\/div>\r\n\t\t<div class=\"dfd-folio-icons-wrap\">\r\n\t\t\t\t\t\t\t<\/div>\r\n<\/div>\r\n\r\n\t\t\t\t\t\t<\/div>\r\n\r\n\t\t\t\t\t\t\t\t\t\t\t<\/div>\r\n\t\t\t\t<\/div>\r\n\t\t\t\t\t\t\t<div class=\"project dfd-fade-out panr\" >\r\n\t\t\t\t\t<div class=\"cover text-center\">\r\n\t\t\t\t\t\t\t\t\t\t\t\t\r\n\t\t\t\t\t\t<div class=\"entry-thumb \">\r\n\t\t\t\t\t\t\t<img decoding=\"async\" src=\"https:\/\/limacomunicacion.es\/wp-content\/uploads\/2022\/08\/MarDeVerum.jpg\" alt=\"MAR DE VERUM CELEBRA LAS JORNADAS DEL AT\u00daN ROJO DE ANZUELO\"\/>\r\n\t\t\t\t\t\t\t\t\t\t\t\t\t\t\r\n<div class=\"portfolio-custom-hover\">\r\n\t\t\t\t<div class=\"title-wrap title-underline\">\r\n\t\t\t\t\t\t\t\t\t<h6 class=\"widget-title\"><a href=\"https:\/\/limacomunicacion.es\/en\/my-product\/mar-de-verum-celebra-las-jornadas-del-atun-rojo-de-anzuelo\/\">MAR DE VERUM CELEBRA LAS JORNADAS DEL AT\u00daN ROJO DE ANZUELO<\/a><\/h6>\r\n\t\t\t\t\t\t\t\t\t\t\t<\/div>\r\n\t\t<div class=\"dfd-folio-icons-wrap\">\r\n\t\t\t\t\t\t\t<\/div>\r\n<\/div>\r\n\r\n\t\t\t\t\t\t<\/div>\r\n\r\n\t\t\t\t\t\t\t\t\t\t\t<\/div>\r\n\t\t\t\t<\/div>\r\n\t\t\t\t\t\t\t<div class=\"project dfd-fade-out panr\" >\r\n\t\t\t\t\t<div class=\"cover text-center\">\r\n\t\t\t\t\t\t\t\t\t\t\t\t\r\n\t\t\t\t\t\t<div class=\"entry-thumb \">\r\n\t\t\t\t\t\t\t<img decoding=\"async\" src=\"https:\/\/limacomunicacion.es\/wp-content\/uploads\/2022\/08\/MIP-1.jpg\" alt=\"(M*I*P) RE\u00daNE A LOS MEJORES PROFESIONALES DEL UNIVERSO DULCE Y EL PAN\"\/>\r\n\t\t\t\t\t\t\t\t\t\t\t\t\t\t\r\n<div class=\"portfolio-custom-hover\">\r\n\t\t\t\t<div class=\"title-wrap title-underline\">\r\n\t\t\t\t\t\t\t\t\t<h6 class=\"widget-title\"><a href=\"https:\/\/limacomunicacion.es\/en\/my-product\/mip-reune-a-los-mejores-profesionales-del-universo-dulce-y-el-pan\/\">(M*I*P) RE\u00daNE A LOS MEJORES PROFESIONALES DEL UNIVERSO DULCE Y EL PAN<\/a><\/h6>\r\n\t\t\t\t\t\t\t\t\t\t\t<\/div>\r\n\t\t<div class=\"dfd-folio-icons-wrap\">\r\n\t\t\t\t\t\t\t<\/div>\r\n<\/div>\r\n\r\n\t\t\t\t\t\t<\/div>\r\n\r\n\t\t\t\t\t\t\t\t\t\t\t<\/div>\r\n\t\t\t\t<\/div>\r\n\t\t\t\t\t\t\t<div class=\"project dfd-fade-out panr\" >\r\n\t\t\t\t\t<div class=\"cover text-center\">\r\n\t\t\t\t\t\t\t\t\t\t\t\t\r\n\t\t\t\t\t\t<div class=\"entry-thumb \">\r\n\t\t\t\t\t\t\t<img decoding=\"async\" src=\"https:\/\/limacomunicacion.es\/wp-content\/uploads\/2022\/08\/CFC2022.jpg\" alt=\"En ChefsForChildren comer sano es divertido con 37 chefs Estrellas Michelin\"\/>\r\n\t\t\t\t\t\t\t\t\t\t\t\t\t\t\r\n<div class=\"portfolio-custom-hover\">\r\n\t\t\t\t<div class=\"title-wrap title-underline\">\r\n\t\t\t\t\t\t\t\t\t<h6 class=\"widget-title\"><a href=\"https:\/\/limacomunicacion.es\/en\/my-product\/en-chefsforchildren-comer-sano-es-divertido-con-37-chefs-estrellas-michelin\/\">En ChefsForChildren comer sano es divertido con 37 chefs Estrellas Michelin<\/a><\/h6>\r\n\t\t\t\t\t\t\t\t\t\t\t<\/div>\r\n\t\t<div class=\"dfd-folio-icons-wrap\">\r\n\t\t\t\t\t\t\t<\/div>\r\n<\/div>\r\n\r\n\t\t\t\t\t\t<\/div>\r\n\r\n\t\t\t\t\t\t\t\t\t\t\t<\/div>\r\n\t\t\t\t<\/div>\r\n\t\t\t\t\t\t\t<div class=\"project dfd-fade-out panr\" >\r\n\t\t\t\t\t<div class=\"cover text-center\">\r\n\t\t\t\t\t\t\t\t\t\t\t\t\r\n\t\t\t\t\t\t<div class=\"entry-thumb \">\r\n\t\t\t\t\t\t\t<img decoding=\"async\" src=\"https:\/\/limacomunicacion.es\/wp-content\/uploads\/2022\/08\/MarDeVerum.jpg\" alt=\"Mar de Verum: cocina marinera\"\/>\r\n\t\t\t\t\t\t\t\t\t\t\t\t\t\t\r\n<div class=\"portfolio-custom-hover\">\r\n\t\t\t\t<div class=\"title-wrap title-underline\">\r\n\t\t\t\t\t\t\t\t\t<h6 class=\"widget-title\"><a href=\"https:\/\/limacomunicacion.es\/en\/my-product\/mar-de-verum-cocina-marinera\/\">Mar de Verum: cocina marinera<\/a><\/h6>\r\n\t\t\t\t\t\t\t\t\t\t\t<\/div>\r\n\t\t<div class=\"dfd-folio-icons-wrap\">\r\n\t\t\t\t\t\t\t<\/div>\r\n<\/div>\r\n\r\n\t\t\t\t\t\t<\/div>\r\n\r\n\t\t\t\t\t\t\t\t\t\t\t<\/div>\r\n\t\t\t\t<\/div>\r\n\t\t\t\t\t\t\t<div class=\"project dfd-fade-out panr\" >\r\n\t\t\t\t\t<div class=\"cover text-center\">\r\n\t\t\t\t\t\t\t\t\t\t\t\t\r\n\t\t\t\t\t\t<div class=\"entry-thumb \">\r\n\t\t\t\t\t\t\t<img decoding=\"async\" src=\"https:\/\/limacomunicacion.es\/wp-content\/uploads\/2022\/08\/MIP-1.jpg\" alt=\"YA PUEDES SUMERGIRTE EN EL UNIVERSO DULCE Y DEL PAN DE MADRID (M*I*P)\"\/>\r\n\t\t\t\t\t\t\t\t\t\t\t\t\t\t\r\n<div class=\"portfolio-custom-hover\">\r\n\t\t\t\t<div class=\"title-wrap title-underline\">\r\n\t\t\t\t\t\t\t\t\t<h6 class=\"widget-title\"><a href=\"https:\/\/limacomunicacion.es\/en\/my-product\/ya-puedes-sumergirte-en-el-universo-dulce-y-del-pan-de-madrid-mip\/\">YA PUEDES SUMERGIRTE EN EL UNIVERSO DULCE Y DEL PAN DE MADRID (M*I*P)<\/a><\/h6>\r\n\t\t\t\t\t\t\t\t\t\t\t<\/div>\r\n\t\t<div class=\"dfd-folio-icons-wrap\">\r\n\t\t\t\t\t\t\t<\/div>\r\n<\/div>\r\n\r\n\t\t\t\t\t\t<\/div>\r\n\r\n\t\t\t\t\t\t\t\t\t\t\t<\/div>\r\n\t\t\t\t<\/div>\r\n\t\t\t\t\t\t\t<div class=\"project dfd-fade-out panr\" >\r\n\t\t\t\t\t<div class=\"cover text-center\">\r\n\t\t\t\t\t\t\t\t\t\t\t\t\r\n\t\t\t\t\t\t<div class=\"entry-thumb \">\r\n\t\t\t\t\t\t\t<img decoding=\"async\" src=\"https:\/\/limacomunicacion.es\/wp-content\/uploads\/2022\/08\/CFC-4.jpg\" alt=\"ChefsForChildren organiza talleres de cocina en Le Cordon Bleu Madrid\"\/>\r\n\t\t\t\t\t\t\t\t\t\t\t\t\t\t\r\n<div class=\"portfolio-custom-hover\">\r\n\t\t\t\t<div class=\"title-wrap title-underline\">\r\n\t\t\t\t\t\t\t\t\t<h6 class=\"widget-title\"><a href=\"https:\/\/limacomunicacion.es\/en\/my-product\/chefsforchildren-organiza-talleres-de-cocina-en-le-cordon-bleu-madrid\/\">ChefsForChildren organiza talleres de cocina en Le Cordon Bleu Madrid<\/a><\/h6>\r\n\t\t\t\t\t\t\t\t\t\t\t<\/div>\r\n\t\t<div class=\"dfd-folio-icons-wrap\">\r\n\t\t\t\t\t\t\t<\/div>\r\n<\/div>\r\n\r\n\t\t\t\t\t\t<\/div>\r\n\r\n\t\t\t\t\t\t\t\t\t\t\t<\/div>\r\n\t\t\t\t<\/div>\r\n\t\t\t\t\t\t\t<div class=\"project dfd-fade-out panr\" >\r\n\t\t\t\t\t<div class=\"cover text-center\">\r\n\t\t\t\t\t\t\t\t\t\t\t\t\r\n\t\t\t\t\t\t<div class=\"entry-thumb \">\r\n\t\t\t\t\t\t\t<img decoding=\"async\" src=\"https:\/\/limacomunicacion.es\/wp-content\/uploads\/2022\/08\/MIP-1.jpg\" alt=\"(M*I*P) AMPL\u00cdA SU PROGRAMA CON NUEVAS PROPUESTAS DID\u00c1CTICAS\"\/>\r\n\t\t\t\t\t\t\t\t\t\t\t\t\t\t\r\n<div class=\"portfolio-custom-hover\">\r\n\t\t\t\t<div class=\"title-wrap title-underline\">\r\n\t\t\t\t\t\t\t\t\t<h6 class=\"widget-title\"><a href=\"https:\/\/limacomunicacion.es\/en\/my-product\/mip-amplia-su-programa-con-nuevas-propuestas-didacticas\/\">(M*I*P) AMPL\u00cdA SU PROGRAMA CON NUEVAS PROPUESTAS DID\u00c1CTICAS<\/a><\/h6>\r\n\t\t\t\t\t\t\t\t\t\t\t<\/div>\r\n\t\t<div class=\"dfd-folio-icons-wrap\">\r\n\t\t\t\t\t\t\t<\/div>\r\n<\/div>\r\n\r\n\t\t\t\t\t\t<\/div>\r\n\r\n\t\t\t\t\t\t\t\t\t\t\t<\/div>\r\n\t\t\t\t<\/div>\r\n\t\t\t\t\t\t\t<div class=\"project dfd-fade-out panr\" >\r\n\t\t\t\t\t<div class=\"cover text-center\">\r\n\t\t\t\t\t\t\t\t\t\t\t\t\r\n\t\t\t\t\t\t<div class=\"entry-thumb \">\r\n\t\t\t\t\t\t\t<img decoding=\"async\" src=\"https:\/\/limacomunicacion.es\/wp-content\/uploads\/2022\/08\/VERUM.jpg\" alt=\"VERUM, celebra su 5\u00ba aniversario en m\u00e1laga\"\/>\r\n\t\t\t\t\t\t\t\t\t\t\t\t\t\t\r\n<div class=\"portfolio-custom-hover\">\r\n\t\t\t\t<div class=\"title-wrap title-underline\">\r\n\t\t\t\t\t\t\t\t\t<h6 class=\"widget-title\"><a href=\"https:\/\/limacomunicacion.es\/en\/my-product\/verum-celebra-su-5o-aniversario-en-malaga\/\">VERUM, celebra su 5\u00ba aniversario en m\u00e1laga<\/a><\/h6>\r\n\t\t\t\t\t\t\t\t\t\t\t<\/div>\r\n\t\t<div class=\"dfd-folio-icons-wrap\">\r\n\t\t\t\t\t\t\t<\/div>\r\n<\/div>\r\n\r\n\t\t\t\t\t\t<\/div>\r\n\r\n\t\t\t\t\t\t\t\t\t\t\t<\/div>\r\n\t\t\t\t<\/div>\r\n\t\t\t\t\t\t\t<div class=\"project dfd-fade-out panr\" >\r\n\t\t\t\t\t<div class=\"cover text-center\">\r\n\t\t\t\t\t\t\t\t\t\t\t\t\r\n\t\t\t\t\t\t<div class=\"entry-thumb \">\r\n\t\t\t\t\t\t\t<img decoding=\"async\" src=\"https:\/\/limacomunicacion.es\/wp-content\/uploads\/2022\/08\/CFC2022.jpg\" alt=\"ChefsForChildren ense\u00f1a a comer sano de forma divertida a los ni\u00f1os\"\/>\r\n\t\t\t\t\t\t\t\t\t\t\t\t\t\t\r\n<div class=\"portfolio-custom-hover\">\r\n\t\t\t\t<div class=\"title-wrap title-underline\">\r\n\t\t\t\t\t\t\t\t\t<h6 class=\"widget-title\"><a href=\"https:\/\/limacomunicacion.es\/en\/my-product\/chefsforchildren-ensena-a-comer-sano-de-forma-divertida\/\">ChefsForChildren ense\u00f1a a comer sano de forma divertida a los ni\u00f1os<\/a><\/h6>\r\n\t\t\t\t\t\t\t\t\t\t\t<\/div>\r\n\t\t<div class=\"dfd-folio-icons-wrap\">\r\n\t\t\t\t\t\t\t<\/div>\r\n<\/div>\r\n\r\n\t\t\t\t\t\t<\/div>\r\n\r\n\t\t\t\t\t\t\t\t\t\t\t<\/div>\r\n\t\t\t\t<\/div>\r\n\t\t\t\t\t\t\t<div class=\"project dfd-fade-out panr\" >\r\n\t\t\t\t\t<div class=\"cover text-center\">\r\n\t\t\t\t\t\t\t\t\t\t\t\t\r\n\t\t\t\t\t\t<div class=\"entry-thumb \">\r\n\t\t\t\t\t\t\t<img decoding=\"async\" src=\"https:\/\/limacomunicacion.es\/wp-content\/uploads\/2022\/08\/MIP-1.jpg\" alt=\"MADRID INTERNATIONAL PASTRY (M*I*P) SE CELEBRAR\u00c1 EL 7 Y 8 DE MAYO\"\/>\r\n\t\t\t\t\t\t\t\t\t\t\t\t\t\t\r\n<div class=\"portfolio-custom-hover\">\r\n\t\t\t\t<div class=\"title-wrap title-underline\">\r\n\t\t\t\t\t\t\t\t\t<h6 class=\"widget-title\"><a href=\"https:\/\/limacomunicacion.es\/en\/my-product\/madrid-international-pastry-mip-se-celebrara-el-7-y-8-de-mayo\/\">MADRID INTERNATIONAL PASTRY (M*I*P) SE CELEBRAR\u00c1 EL 7 Y 8 DE MAYO<\/a><\/h6>\r\n\t\t\t\t\t\t\t\t\t\t\t<\/div>\r\n\t\t<div class=\"dfd-folio-icons-wrap\">\r\n\t\t\t\t\t\t\t<\/div>\r\n<\/div>\r\n\r\n\t\t\t\t\t\t<\/div>\r\n\r\n\t\t\t\t\t\t\t\t\t\t\t<\/div>\r\n\t\t\t\t<\/div>\r\n\t\t\t\t\t\t\t<div class=\"project dfd-fade-out panr\" >\r\n\t\t\t\t\t<div class=\"cover text-center\">\r\n\t\t\t\t\t\t\t\t\t\t\t\t\r\n\t\t\t\t\t\t<div class=\"entry-thumb \">\r\n\t\t\t\t\t\t\t<img decoding=\"async\" src=\"https:\/\/limacomunicacion.es\/wp-content\/uploads\/2021\/09\/DeVie-JoseCarlosGarcia5.jpg\" alt=\"JOS\u00c9 CARLOS GARC\u00cdA RESTAURANTE CELEBRA SU 10\u00ba ANIVERSARIO\"\/>\r\n\t\t\t\t\t\t\t\t\t\t\t\t\t\t\r\n<div class=\"portfolio-custom-hover\">\r\n\t\t\t\t<div class=\"title-wrap title-underline\">\r\n\t\t\t\t\t\t\t\t\t<h6 class=\"widget-title\"><a href=\"https:\/\/limacomunicacion.es\/en\/my-product\/jose-carlos-garcia-restaurante-celebra-su-10o-aniversario\/\">JOS\u00c9 CARLOS GARC\u00cdA RESTAURANTE CELEBRA SU 10\u00ba ANIVERSARIO<\/a><\/h6>\r\n\t\t\t\t\t\t\t\t\t\t\t<\/div>\r\n\t\t<div class=\"dfd-folio-icons-wrap\">\r\n\t\t\t\t\t\t\t<\/div>\r\n<\/div>\r\n\r\n\t\t\t\t\t\t<\/div>\r\n\r\n\t\t\t\t\t\t\t\t\t\t\t<\/div>\r\n\t\t\t\t<\/div>\r\n\t\t\t\t\t\t\t<div class=\"project dfd-fade-out panr\" >\r\n\t\t\t\t\t<div class=\"cover text-center\">\r\n\t\t\t\t\t\t\t\t\t\t\t\t\r\n\t\t\t\t\t\t<div class=\"entry-thumb \">\r\n\t\t\t\t\t\t\t<img decoding=\"async\" src=\"https:\/\/limacomunicacion.es\/wp-content\/uploads\/2022\/08\/DiegoAndFriends.jpg\" alt=\"Diego And Friends: una cena muy especial para disfrutar de la alta gastronom\u00eda\"\/>\r\n\t\t\t\t\t\t\t\t\t\t\t\t\t\t\r\n<div class=\"portfolio-custom-hover\">\r\n\t\t\t\t<div class=\"title-wrap title-underline\">\r\n\t\t\t\t\t\t\t\t\t<h6 class=\"widget-title\"><a href=\"https:\/\/limacomunicacion.es\/en\/my-product\/2326\/\">Diego And Friends: una cena muy especial para disfrutar de la alta gastronom\u00eda<\/a><\/h6>\r\n\t\t\t\t\t\t\t\t\t\t\t<\/div>\r\n\t\t<div class=\"dfd-folio-icons-wrap\">\r\n\t\t\t\t\t\t\t<\/div>\r\n<\/div>\r\n\r\n\t\t\t\t\t\t<\/div>\r\n\r\n\t\t\t\t\t\t\t\t\t\t\t<\/div>\r\n\t\t\t\t<\/div>\r\n\t\t\t\t\t\t\t<div class=\"project dfd-fade-out panr\" >\r\n\t\t\t\t\t<div class=\"cover text-center\">\r\n\t\t\t\t\t\t\t\t\t\t\t\t\r\n\t\t\t\t\t\t<div class=\"entry-thumb \">\r\n\t\t\t\t\t\t\t<img decoding=\"async\" src=\"https:\/\/limacomunicacion.es\/wp-content\/uploads\/2022\/08\/BarFuegoCruzado.jpg\" alt=\"LA GASTRONOM\u00cdA ES COMPARTIR EN BAR DE FUEGOS.\"\/>\r\n\t\t\t\t\t\t\t\t\t\t\t\t\t\t\r\n<div class=\"portfolio-custom-hover\">\r\n\t\t\t\t<div class=\"title-wrap title-underline\">\r\n\t\t\t\t\t\t\t\t\t<h6 class=\"widget-title\"><a href=\"https:\/\/limacomunicacion.es\/en\/my-product\/la-gastronomia-es-compartir-en-bar-de-fuegos\/\">LA GASTRONOM\u00cdA ES COMPARTIR EN BAR DE FUEGOS.<\/a><\/h6>\r\n\t\t\t\t\t\t\t\t\t\t\t<\/div>\r\n\t\t<div class=\"dfd-folio-icons-wrap\">\r\n\t\t\t\t\t\t\t<\/div>\r\n<\/div>\r\n\r\n\t\t\t\t\t\t<\/div>\r\n\r\n\t\t\t\t\t\t\t\t\t\t\t<\/div>\r\n\t\t\t\t<\/div>\r\n\t\t\t\t\t\t\t<div class=\"project dfd-fade-out panr\" >\r\n\t\t\t\t\t<div class=\"cover text-center\">\r\n\t\t\t\t\t\t\t\t\t\t\t\t\r\n\t\t\t\t\t\t<div class=\"entry-thumb \">\r\n\t\t\t\t\t\t\t<img decoding=\"async\" src=\"https:\/\/limacomunicacion.es\/wp-content\/uploads\/2022\/08\/Sollo-3.jpg\" alt=\"\u201cCAMINHO 2022\u201d, UNA FUSI\u00d3N ENTRE LOS OR\u00cdGENES LATINOAMERICANOS\"\/>\r\n\t\t\t\t\t\t\t\t\t\t\t\t\t\t\r\n<div class=\"portfolio-custom-hover\">\r\n\t\t\t\t<div class=\"title-wrap title-underline\">\r\n\t\t\t\t\t\t\t\t\t<h6 class=\"widget-title\"><a href=\"https:\/\/limacomunicacion.es\/en\/my-product\/caminho-2022-una-fusion-entre-los-origenes-latinoamericanos\/\">\u201cCAMINHO 2022\u201d, UNA FUSI\u00d3N ENTRE LOS OR\u00cdGENES LATINOAMERICANOS<\/a><\/h6>\r\n\t\t\t\t\t\t\t\t\t\t\t<\/div>\r\n\t\t<div class=\"dfd-folio-icons-wrap\">\r\n\t\t\t\t\t\t\t<\/div>\r\n<\/div>\r\n\r\n\t\t\t\t\t\t<\/div>\r\n\r\n\t\t\t\t\t\t\t\t\t\t\t<\/div>\r\n\t\t\t\t<\/div>\r\n\t\t\t\t\t\t\t<div class=\"project dfd-fade-out panr\" >\r\n\t\t\t\t\t<div class=\"cover text-center\">\r\n\t\t\t\t\t\t\t\t\t\t\t\t\r\n\t\t\t\t\t\t<div class=\"entry-thumb \">\r\n\t\t\t\t\t\t\t<img decoding=\"async\" src=\"https:\/\/limacomunicacion.es\/wp-content\/uploads\/2022\/08\/NAVIDAD-BOHOCLUB.jpg\" alt=\"BOHO CLUB APUESTA POR UNA GASTRONOM\u00cdA MUY VARIADA PARA ESTA NAVIDAD\"\/>\r\n\t\t\t\t\t\t\t\t\t\t\t\t\t\t\r\n<div class=\"portfolio-custom-hover\">\r\n\t\t\t\t<div class=\"title-wrap title-underline\">\r\n\t\t\t\t\t\t\t\t\t<h6 class=\"widget-title\"><a href=\"https:\/\/limacomunicacion.es\/en\/my-product\/boho-club-apuesta-por-una-gastronomia-muy-variada-para-esta-navidad\/\">BOHO CLUB APUESTA POR UNA GASTRONOM\u00cdA MUY VARIADA PARA ESTA NAVIDAD<\/a><\/h6>\r\n\t\t\t\t\t\t\t\t\t\t\t<\/div>\r\n\t\t<div class=\"dfd-folio-icons-wrap\">\r\n\t\t\t\t\t\t\t<\/div>\r\n<\/div>\r\n\r\n\t\t\t\t\t\t<\/div>\r\n\r\n\t\t\t\t\t\t\t\t\t\t\t<\/div>\r\n\t\t\t\t<\/div>\r\n\t\t\t\t\t\t\t<div class=\"project dfd-fade-out panr\" >\r\n\t\t\t\t\t<div class=\"cover text-center\">\r\n\t\t\t\t\t\t\t\t\t\t\t\t\r\n\t\t\t\t\t\t<div class=\"entry-thumb \">\r\n\t\t\t\t\t\t\t<img decoding=\"async\" src=\"https:\/\/limacomunicacion.es\/wp-content\/uploads\/2022\/08\/FuegiCruzado-2.jpg\" alt=\"FUEGO CRUZADO\"\/>\r\n\t\t\t\t\t\t\t\t\t\t\t\t\t\t\r\n<div class=\"portfolio-custom-hover\">\r\n\t\t\t\t<div class=\"title-wrap title-underline\">\r\n\t\t\t\t\t\t\t\t\t<h6 class=\"widget-title\"><a href=\"https:\/\/limacomunicacion.es\/en\/my-product\/fuego-cruzado\/\">FUEGO CRUZADO<\/a><\/h6>\r\n\t\t\t\t\t\t\t\t\t\t\t<\/div>\r\n\t\t<div class=\"dfd-folio-icons-wrap\">\r\n\t\t\t\t\t\t\t<\/div>\r\n<\/div>\r\n\r\n\t\t\t\t\t\t<\/div>\r\n\r\n\t\t\t\t\t\t\t\t\t\t\t<\/div>\r\n\t\t\t\t<\/div>\r\n\t\t\t\t\t\t\t<div class=\"project dfd-fade-out panr\" >\r\n\t\t\t\t\t<div class=\"cover text-center\">\r\n\t\t\t\t\t\t\t\t\t\t\t\t\r\n\t\t\t\t\t\t<div class=\"entry-thumb \">\r\n\t\t\t\t\t\t\t<img decoding=\"async\" src=\"https:\/\/limacomunicacion.es\/wp-content\/uploads\/2022\/08\/CFC-2.jpg\" alt=\"La iniciativa solidaria ChefsForChildren demuestra que \u201cComer sano es divertido\u201d\"\/>\r\n\t\t\t\t\t\t\t\t\t\t\t\t\t\t\r\n<div class=\"portfolio-custom-hover\">\r\n\t\t\t\t<div class=\"title-wrap title-underline\">\r\n\t\t\t\t\t\t\t\t\t<h6 class=\"widget-title\"><a href=\"https:\/\/limacomunicacion.es\/en\/my-product\/la-iniciativa-solidaria-chefsforchildren-demuestra-que-comer-sano-es-divertido\/\">La iniciativa solidaria ChefsForChildren demuestra que \u201cComer sano es divertido\u201d<\/a><\/h6>\r\n\t\t\t\t\t\t\t\t\t\t\t<\/div>\r\n\t\t<div class=\"dfd-folio-icons-wrap\">\r\n\t\t\t\t\t\t\t<\/div>\r\n<\/div>\r\n\r\n\t\t\t\t\t\t<\/div>\r\n\r\n\t\t\t\t\t\t\t\t\t\t\t<\/div>\r\n\t\t\t\t<\/div>\r\n\t\t\t\t\t\t\t<div class=\"project dfd-fade-out panr\" >\r\n\t\t\t\t\t<div class=\"cover text-center\">\r\n\t\t\t\t\t\t\t\t\t\t\t\t\r\n\t\t\t\t\t\t<div class=\"entry-thumb \">\r\n\t\t\t\t\t\t\t<img decoding=\"async\" src=\"https:\/\/limacomunicacion.es\/wp-content\/uploads\/2022\/08\/CFC-2.jpg\" alt=\"Las risas de los ni\u00f1os y las recetas de cocina volver\u00e1n a ChefsForChildren\"\/>\r\n\t\t\t\t\t\t\t\t\t\t\t\t\t\t\r\n<div class=\"portfolio-custom-hover\">\r\n\t\t\t\t<div class=\"title-wrap title-underline\">\r\n\t\t\t\t\t\t\t\t\t<h6 class=\"widget-title\"><a href=\"https:\/\/limacomunicacion.es\/en\/my-product\/las-risas-de-los-ninos-y-las-recetas-de-cocina-volveran-a-chefsforchildren\/\">Las risas de los ni\u00f1os y las recetas de cocina volver\u00e1n a ChefsForChildren<\/a><\/h6>\r\n\t\t\t\t\t\t\t\t\t\t\t<\/div>\r\n\t\t<div class=\"dfd-folio-icons-wrap\">\r\n\t\t\t\t\t\t\t<\/div>\r\n<\/div>\r\n\r\n\t\t\t\t\t\t<\/div>\r\n\r\n\t\t\t\t\t\t\t\t\t\t\t<\/div>\r\n\t\t\t\t<\/div>\r\n\t\t\t\t\t\t\t<div class=\"project dfd-fade-out panr\" >\r\n\t\t\t\t\t<div class=\"cover text-center\">\r\n\t\t\t\t\t\t\t\t\t\t\t\t\r\n\t\t\t\t\t\t<div class=\"entry-thumb \">\r\n\t\t\t\t\t\t\t<img decoding=\"async\" src=\"https:\/\/limacomunicacion.es\/wp-content\/uploads\/2022\/08\/Unidos-1.jpg\" alt=\"\u00a1TODO PREVISTO PARA LA CELEBRACI\u00d3N DE UNIDOS!\"\/>\r\n\t\t\t\t\t\t\t\t\t\t\t\t\t\t\r\n<div class=\"portfolio-custom-hover\">\r\n\t\t\t\t<div class=\"title-wrap title-underline\">\r\n\t\t\t\t\t\t\t\t\t<h6 class=\"widget-title\"><a href=\"https:\/\/limacomunicacion.es\/en\/my-product\/todo-previsto-para-la-celebracion-de-unidos\/\">\u00a1TODO PREVISTO PARA LA CELEBRACI\u00d3N DE UNIDOS!<\/a><\/h6>\r\n\t\t\t\t\t\t\t\t\t\t\t<\/div>\r\n\t\t<div class=\"dfd-folio-icons-wrap\">\r\n\t\t\t\t\t\t\t<\/div>\r\n<\/div>\r\n\r\n\t\t\t\t\t\t<\/div>\r\n\r\n\t\t\t\t\t\t\t\t\t\t\t<\/div>\r\n\t\t\t\t<\/div>\r\n\t\t\t\t\t\t\t<div class=\"project dfd-fade-out panr\" >\r\n\t\t\t\t\t<div class=\"cover text-center\">\r\n\t\t\t\t\t\t\t\t\t\t\t\t\r\n\t\t\t\t\t\t<div class=\"entry-thumb \">\r\n\t\t\t\t\t\t\t<img decoding=\"async\" src=\"https:\/\/limacomunicacion.es\/wp-content\/uploads\/2022\/08\/Unidos-1.jpg\" alt=\"LOS ESTRELLA MICHELIN DE M\u00c1LAGA UNIDOS EN UN EVENTO \u00daNICO Y CREADO DESDE LA ILUSI\u00d3N\"\/>\r\n\t\t\t\t\t\t\t\t\t\t\t\t\t\t\r\n<div class=\"portfolio-custom-hover\">\r\n\t\t\t\t<div class=\"title-wrap title-underline\">\r\n\t\t\t\t\t\t\t\t\t<h6 class=\"widget-title\"><a href=\"https:\/\/limacomunicacion.es\/en\/my-product\/los-estrella-michelin-de-malaga-unidos-en-un-evento-unico-y-creado-desde-la-ilusion\/\">LOS ESTRELLA MICHELIN DE M\u00c1LAGA UNIDOS EN UN EVENTO \u00daNICO Y CREADO DESDE LA ILUSI\u00d3N<\/a><\/h6>\r\n\t\t\t\t\t\t\t\t\t\t\t<\/div>\r\n\t\t<div class=\"dfd-folio-icons-wrap\">\r\n\t\t\t\t\t\t\t<\/div>\r\n<\/div>\r\n\r\n\t\t\t\t\t\t<\/div>\r\n\r\n\t\t\t\t\t\t\t\t\t\t\t<\/div>\r\n\t\t\t\t<\/div>\r\n\t\t\t\t\t\t\t<div class=\"project dfd-fade-out panr\" >\r\n\t\t\t\t\t<div class=\"cover text-center\">\r\n\t\t\t\t\t\t\t\t\t\t\t\t\r\n\t\t\t\t\t\t<div class=\"entry-thumb \">\r\n\t\t\t\t\t\t\t<img decoding=\"async\" src=\"https:\/\/limacomunicacion.es\/wp-content\/uploads\/2022\/08\/BarDeFuegos1.jpg\" alt=\"EN BAR DE FUEGOS ESTAMOS PREPARADOS PARA \u201cQUEMAR\u201d MADRID ESTE OTO\u00d1O\"\/>\r\n\t\t\t\t\t\t\t\t\t\t\t\t\t\t\r\n<div class=\"portfolio-custom-hover\">\r\n\t\t\t\t<div class=\"title-wrap title-underline\">\r\n\t\t\t\t\t\t\t\t\t<h6 class=\"widget-title\"><a href=\"https:\/\/limacomunicacion.es\/en\/my-product\/en-bar-de-fuegos-estamos-preparados-para-quemar-madrid-este-otono\/\">EN BAR DE FUEGOS ESTAMOS PREPARADOS PARA \u201cQUEMAR\u201d MADRID ESTE OTO\u00d1O<\/a><\/h6>\r\n\t\t\t\t\t\t\t\t\t\t\t<\/div>\r\n\t\t<div class=\"dfd-folio-icons-wrap\">\r\n\t\t\t\t\t\t\t<\/div>\r\n<\/div>\r\n\r\n\t\t\t\t\t\t<\/div>\r\n\r\n\t\t\t\t\t\t\t\t\t\t\t<\/div>\r\n\t\t\t\t<\/div>\r\n\t\t\t\t\t\t\t<div class=\"project dfd-fade-out panr\" >\r\n\t\t\t\t\t<div class=\"cover text-center\">\r\n\t\t\t\t\t\t\t\t\t\t\t\t\r\n\t\t\t\t\t\t<div class=\"entry-thumb \">\r\n\t\t\t\t\t\t\t<img decoding=\"async\" src=\"https:\/\/limacomunicacion.es\/wp-content\/uploads\/2022\/08\/BohoClubVerano.jpg\" alt=\"BOHO CLUB COMPLETA SU PROPUESTA GASTRON\u00d3MICA CON UNA NUEVA CARTA DE VERANO\"\/>\r\n\t\t\t\t\t\t\t\t\t\t\t\t\t\t\r\n<div class=\"portfolio-custom-hover\">\r\n\t\t\t\t<div class=\"title-wrap title-underline\">\r\n\t\t\t\t\t\t\t\t\t<h6 class=\"widget-title\"><a href=\"https:\/\/limacomunicacion.es\/en\/my-product\/boho-club-completa-su-propuesta-gastronomica-con-una-nueva-carta-de-verano\/\">BOHO CLUB COMPLETA SU PROPUESTA GASTRON\u00d3MICA CON UNA NUEVA CARTA DE VERANO<\/a><\/h6>\r\n\t\t\t\t\t\t\t\t\t\t\t<\/div>\r\n\t\t<div class=\"dfd-folio-icons-wrap\">\r\n\t\t\t\t\t\t\t<\/div>\r\n<\/div>\r\n\r\n\t\t\t\t\t\t<\/div>\r\n\r\n\t\t\t\t\t\t\t\t\t\t\t<\/div>\r\n\t\t\t\t<\/div>\r\n\t\t\t\t\t\t\t<div class=\"project dfd-fade-out panr\" >\r\n\t\t\t\t\t<div class=\"cover text-center\">\r\n\t\t\t\t\t\t\t\t\t\t\t\t\r\n\t\t\t\t\t\t<div class=\"entry-thumb \">\r\n\t\t\t\t\t\t\t<img decoding=\"async\" src=\"https:\/\/limacomunicacion.es\/wp-content\/uploads\/2022\/08\/CFC-LeCordonBleu.jpg\" alt=\"Los ni\u00f1os de Juegaterapia aprenden a comer sano de forma divertida con ChefsForChildren en Le Cordon Bleu Madrid\"\/>\r\n\t\t\t\t\t\t\t\t\t\t\t\t\t\t\r\n<div class=\"portfolio-custom-hover\">\r\n\t\t\t\t<div class=\"title-wrap title-underline\">\r\n\t\t\t\t\t\t\t\t\t<h6 class=\"widget-title\"><a href=\"https:\/\/limacomunicacion.es\/en\/my-product\/los-ninos-de-juegaterapia-aprenden-a-comer-sano-de-forma-divertida-con-chefsforchildren-en-le-cordon-bleu-madrid\/\">Los ni\u00f1os de Juegaterapia aprenden a comer sano de forma divertida con ChefsForChildren en Le Cordon Bleu Madrid<\/a><\/h6>\r\n\t\t\t\t\t\t\t\t\t\t\t<\/div>\r\n\t\t<div class=\"dfd-folio-icons-wrap\">\r\n\t\t\t\t\t\t\t<\/div>\r\n<\/div>\r\n\r\n\t\t\t\t\t\t<\/div>\r\n\r\n\t\t\t\t\t\t\t\t\t\t\t<\/div>\r\n\t\t\t\t<\/div>\r\n\t\t\t\t\t\t\t<div class=\"project dfd-fade-out panr\" >\r\n\t\t\t\t\t<div class=\"cover text-center\">\r\n\t\t\t\t\t\t\t\t\t\t\t\t\r\n\t\t\t\t\t\t<div class=\"entry-thumb \">\r\n\t\t\t\t\t\t\t<img decoding=\"async\" src=\"https:\/\/limacomunicacion.es\/wp-content\/uploads\/2022\/08\/NDPBohoClubVerano-1.jpg\" alt=\"BOHO CLUB PRESENTA LA PROPUESTA GASTRON\u00d3MICA DE BERNIE\u00b4S Y SU PICNIC PARA EL VERANO\"\/>\r\n\t\t\t\t\t\t\t\t\t\t\t\t\t\t\r\n<div class=\"portfolio-custom-hover\">\r\n\t\t\t\t<div class=\"title-wrap title-underline\">\r\n\t\t\t\t\t\t\t\t\t<h6 class=\"widget-title\"><a href=\"https:\/\/limacomunicacion.es\/en\/my-product\/boho-club-propuesta-gastronomica-bernies-picnic\/\">BOHO CLUB PRESENTA LA PROPUESTA GASTRON\u00d3MICA DE BERNIE\u00b4S Y SU PICNIC PARA EL VERANO<\/a><\/h6>\r\n\t\t\t\t\t\t\t\t\t\t\t<\/div>\r\n\t\t<div class=\"dfd-folio-icons-wrap\">\r\n\t\t\t\t\t\t\t<\/div>\r\n<\/div>\r\n\r\n\t\t\t\t\t\t<\/div>\r\n\r\n\t\t\t\t\t\t\t\t\t\t\t<\/div>\r\n\t\t\t\t<\/div>\r\n\t\t\t\t\t\t\t<div class=\"project dfd-fade-out panr\" >\r\n\t\t\t\t\t<div class=\"cover text-center\">\r\n\t\t\t\t\t\t\t\t\t\t\t\t\r\n\t\t\t\t\t\t<div class=\"entry-thumb \">\r\n\t\t\t\t\t\t\t<img decoding=\"async\" src=\"https:\/\/limacomunicacion.es\/wp-content\/uploads\/2022\/03\/CFC-MadridFusionFinal.jpg\" alt=\"CHEFSFORCHILDREN EN MADRID FUSI\u00d3N\"\/>\r\n\t\t\t\t\t\t\t\t\t\t\t\t\t\t\r\n<div class=\"portfolio-custom-hover\">\r\n\t\t\t\t<div class=\"title-wrap title-underline\">\r\n\t\t\t\t\t\t\t\t\t<h6 class=\"widget-title\"><a href=\"https:\/\/limacomunicacion.es\/en\/my-product\/chefsforchildren-en-madrid-fusion\/\">CHEFSFORCHILDREN EN MADRID FUSI\u00d3N<\/a><\/h6>\r\n\t\t\t\t\t\t\t\t\t\t\t<\/div>\r\n\t\t<div class=\"dfd-folio-icons-wrap\">\r\n\t\t\t\t\t\t\t<\/div>\r\n<\/div>\r\n\r\n\t\t\t\t\t\t<\/div>\r\n\r\n\t\t\t\t\t\t\t\t\t\t\t<\/div>\r\n\t\t\t\t<\/div>\r\n\t\t\t\t\t\t\t<div class=\"project dfd-fade-out panr\" >\r\n\t\t\t\t\t<div class=\"cover text-center\">\r\n\t\t\t\t\t\t\t\t\t\t\t\t\r\n\t\t\t\t\t\t<div class=\"entry-thumb \">\r\n\t\t\t\t\t\t\t<img decoding=\"async\" src=\"https:\/\/limacomunicacion.es\/wp-content\/uploads\/2021\/09\/Dossier-CfC.jpg\" alt=\"CHEFSFORCHILDREN EN FITUR 2021\"\/>\r\n\t\t\t\t\t\t\t\t\t\t\t\t\t\t\r\n<div class=\"portfolio-custom-hover\">\r\n\t\t\t\t<div class=\"title-wrap title-underline\">\r\n\t\t\t\t\t\t\t\t\t<h6 class=\"widget-title\"><a href=\"https:\/\/limacomunicacion.es\/en\/my-product\/chefsforchildren-en-fitur-2021\/\">CHEFSFORCHILDREN EN FITUR 2021<\/a><\/h6>\r\n\t\t\t\t\t\t\t\t\t\t\t<\/div>\r\n\t\t<div class=\"dfd-folio-icons-wrap\">\r\n\t\t\t\t\t\t\t<\/div>\r\n<\/div>\r\n\r\n\t\t\t\t\t\t<\/div>\r\n\r\n\t\t\t\t\t\t\t\t\t\t\t<\/div>\r\n\t\t\t\t<\/div>\r\n\t\t\t\t\t\t\t<div class=\"project dfd-fade-out panr\" >\r\n\t\t\t\t\t<div class=\"cover text-center\">\r\n\t\t\t\t\t\t\t\t\t\t\t\t\r\n\t\t\t\t\t\t<div class=\"entry-thumb \">\r\n\t\t\t\t\t\t\t<img decoding=\"async\" src=\"https:\/\/limacomunicacion.es\/wp-content\/uploads\/2022\/03\/BarDeFuegosMayo2021.jpg\" alt=\"PRESENTACI\u00d3N DE BAR DE FUEGOS\"\/>\r\n\t\t\t\t\t\t\t\t\t\t\t\t\t\t\r\n<div class=\"portfolio-custom-hover\">\r\n\t\t\t\t<div class=\"title-wrap title-underline\">\r\n\t\t\t\t\t\t\t\t\t<h6 class=\"widget-title\"><a href=\"https:\/\/limacomunicacion.es\/en\/my-product\/presentacion-de-bar-de-fuegos\/\">PRESENTACI\u00d3N DE BAR DE FUEGOS<\/a><\/h6>\r\n\t\t\t\t\t\t\t\t\t\t\t<\/div>\r\n\t\t<div class=\"dfd-folio-icons-wrap\">\r\n\t\t\t\t\t\t\t<\/div>\r\n<\/div>\r\n\r\n\t\t\t\t\t\t<\/div>\r\n\r\n\t\t\t\t\t\t\t\t\t\t\t<\/div>\r\n\t\t\t\t<\/div>\r\n\t\t\t\t\t\t\t<div class=\"project dfd-fade-out panr\" >\r\n\t\t\t\t\t<div class=\"cover text-center\">\r\n\t\t\t\t\t\t\t\t\t\t\t\t\r\n\t\t\t\t\t\t<div class=\"entry-thumb \">\r\n\t\t\t\t\t\t\t<img decoding=\"async\" src=\"https:\/\/limacomunicacion.es\/wp-content\/uploads\/2021\/09\/Dossier-CfC.jpg\" alt=\"TALLERES DE COCINA DE CHEFSFORCHILDREN EN M\u00c1LAGA\"\/>\r\n\t\t\t\t\t\t\t\t\t\t\t\t\t\t\r\n<div class=\"portfolio-custom-hover\">\r\n\t\t\t\t<div class=\"title-wrap title-underline\">\r\n\t\t\t\t\t\t\t\t\t<h6 class=\"widget-title\"><a href=\"https:\/\/limacomunicacion.es\/en\/my-product\/talleres-de-cocina-de-chefsforchildren-en-malaga\/\">TALLERES DE COCINA DE CHEFSFORCHILDREN EN M\u00c1LAGA<\/a><\/h6>\r\n\t\t\t\t\t\t\t\t\t\t\t<\/div>\r\n\t\t<div class=\"dfd-folio-icons-wrap\">\r\n\t\t\t\t\t\t\t<\/div>\r\n<\/div>\r\n\r\n\t\t\t\t\t\t<\/div>\r\n\r\n\t\t\t\t\t\t\t\t\t\t\t<\/div>\r\n\t\t\t\t<\/div>\r\n\t\t\t\t\t\t\t<div class=\"project dfd-fade-out panr\" >\r\n\t\t\t\t\t<div class=\"cover text-center\">\r\n\t\t\t\t\t\t\t\t\t\t\t\t\r\n\t\t\t\t\t\t<div class=\"entry-thumb \">\r\n\t\t\t\t\t\t\t<img decoding=\"async\" src=\"https:\/\/limacomunicacion.es\/wp-content\/uploads\/2021\/09\/BohoClub3.jpg\" alt=\"BOHO CLUB, Un resort de lujo y alta cocina\"\/>\r\n\t\t\t\t\t\t\t\t\t\t\t\t\t\t\r\n<div class=\"portfolio-custom-hover\">\r\n\t\t\t\t<div class=\"title-wrap title-underline\">\r\n\t\t\t\t\t\t\t\t\t<h6 class=\"widget-title\"><a href=\"https:\/\/limacomunicacion.es\/en\/my-product\/boho-club-un-resort-de-lujo-y-alta-cocina\/\">BOHO CLUB, Un resort de lujo y alta cocina<\/a><\/h6>\r\n\t\t\t\t\t\t\t\t\t\t\t<\/div>\r\n\t\t<div class=\"dfd-folio-icons-wrap\">\r\n\t\t\t\t\t\t\t<\/div>\r\n<\/div>\r\n\r\n\t\t\t\t\t\t<\/div>\r\n\r\n\t\t\t\t\t\t\t\t\t\t\t<\/div>\r\n\t\t\t\t<\/div>\r\n\t\t\t\t\t\t\t<div class=\"project dfd-fade-out panr\" >\r\n\t\t\t\t\t<div class=\"cover text-center\">\r\n\t\t\t\t\t\t\t\t\t\t\t\t\r\n\t\t\t\t\t\t<div class=\"entry-thumb \">\r\n\t\t\t\t\t\t\t<img decoding=\"async\" src=\"https:\/\/limacomunicacion.es\/wp-content\/uploads\/2021\/09\/cuatromanosPortada-2.jpg\" alt=\"Cuatromanos\"\/>\r\n\t\t\t\t\t\t\t\t\t\t\t\t\t\t\r\n<div class=\"portfolio-custom-hover\">\r\n\t\t\t\t<div class=\"title-wrap title-underline\">\r\n\t\t\t\t\t\t\t\t\t<h6 class=\"widget-title\"><a href=\"https:\/\/limacomunicacion.es\/en\/my-product\/cuatromanos\/\">Cuatromanos<\/a><\/h6>\r\n\t\t\t\t\t\t\t\t\t\t\t<\/div>\r\n\t\t<div class=\"dfd-folio-icons-wrap\">\r\n\t\t\t\t\t\t\t<\/div>\r\n<\/div>\r\n\r\n\t\t\t\t\t\t<\/div>\r\n\r\n\t\t\t\t\t\t\t\t\t\t\t<\/div>\r\n\t\t\t\t<\/div>\r\n\t\t\t\t\t\t\t<div class=\"project dfd-fade-out panr\" >\r\n\t\t\t\t\t<div class=\"cover text-center\">\r\n\t\t\t\t\t\t\t\t\t\t\t\t\r\n\t\t\t\t\t\t<div class=\"entry-thumb \">\r\n\t\t\t\t\t\t\t<img decoding=\"async\" src=\"https:\/\/limacomunicacion.es\/wp-content\/uploads\/2021\/09\/DeVie-JoseCarlosGarcia4.jpg\" alt=\"\u201cConoce Jos\u00e9 Carlos Garc\u00eda\u201d\"\/>\r\n\t\t\t\t\t\t\t\t\t\t\t\t\t\t\r\n<div class=\"portfolio-custom-hover\">\r\n\t\t\t\t<div class=\"title-wrap title-underline\">\r\n\t\t\t\t\t\t\t\t\t<h6 class=\"widget-title\"><a href=\"https:\/\/limacomunicacion.es\/en\/my-product\/conoce-jose-carlos-garcia\/\">\u201cConoce Jos\u00e9 Carlos Garc\u00eda\u201d<\/a><\/h6>\r\n\t\t\t\t\t\t\t\t\t\t\t<\/div>\r\n\t\t<div class=\"dfd-folio-icons-wrap\">\r\n\t\t\t\t\t\t\t<\/div>\r\n<\/div>\r\n\r\n\t\t\t\t\t\t<\/div>\r\n\r\n\t\t\t\t\t\t\t\t\t\t\t<\/div>\r\n\t\t\t\t<\/div>\r\n\t\t\t\t\t\t\t<div class=\"project dfd-fade-out panr\" >\r\n\t\t\t\t\t<div class=\"cover text-center\">\r\n\t\t\t\t\t\t\t\t\t\t\t\t\r\n\t\t\t\t\t\t<div class=\"entry-thumb \">\r\n\t\t\t\t\t\t\t<img decoding=\"async\" src=\"https:\/\/limacomunicacion.es\/wp-content\/uploads\/2022\/01\/ChefsForChildrenPortada.jpg\" alt=\"ChefsForChildren se celebrar\u00e1 el 25 de octubre\"\/>\r\n\t\t\t\t\t\t\t\t\t\t\t\t\t\t\r\n<div class=\"portfolio-custom-hover\">\r\n\t\t\t\t<div class=\"title-wrap title-underline\">\r\n\t\t\t\t\t\t\t\t\t<h6 class=\"widget-title\"><a href=\"https:\/\/limacomunicacion.es\/en\/my-product\/chefsforchildren-se-celebrara-el-25-de-octubre\/\">ChefsForChildren se celebrar\u00e1 el 25 de octubre<\/a><\/h6>\r\n\t\t\t\t\t\t\t\t\t\t\t<\/div>\r\n\t\t<div class=\"dfd-folio-icons-wrap\">\r\n\t\t\t\t\t\t\t<\/div>\r\n<\/div>\r\n\r\n\t\t\t\t\t\t<\/div>\r\n\r\n\t\t\t\t\t\t\t\t\t\t\t<\/div>\r\n\t\t\t\t<\/div>\r\n\t\t\t\t\t\t\t<div class=\"project dfd-fade-out panr\" >\r\n\t\t\t\t\t<div class=\"cover text-center\">\r\n\t\t\t\t\t\t\t\t\t\t\t\t\r\n\t\t\t\t\t\t<div class=\"entry-thumb \">\r\n\t\t\t\t\t\t\t<img decoding=\"async\" src=\"https:\/\/limacomunicacion.es\/wp-content\/uploads\/2021\/09\/DeVie-JoseCarlosGarcia2.jpg\" alt=\"Jos\u00e9 Carlos Garc\u00eda Celebra 20 a\u00f1os\"\/>\r\n\t\t\t\t\t\t\t\t\t\t\t\t\t\t\r\n<div class=\"portfolio-custom-hover\">\r\n\t\t\t\t<div class=\"title-wrap title-underline\">\r\n\t\t\t\t\t\t\t\t\t<h6 class=\"widget-title\"><a href=\"https:\/\/limacomunicacion.es\/en\/my-product\/jose-carlos-garcia-celebra-20-anos\/\">Jos\u00e9 Carlos Garc\u00eda Celebra 20 a\u00f1os<\/a><\/h6>\r\n\t\t\t\t\t\t\t\t\t\t\t<\/div>\r\n\t\t<div class=\"dfd-folio-icons-wrap\">\r\n\t\t\t\t\t\t\t<\/div>\r\n<\/div>\r\n\r\n\t\t\t\t\t\t<\/div>\r\n\r\n\t\t\t\t\t\t\t\t\t\t\t<\/div>\r\n\t\t\t\t<\/div>\r\n\t\t\t\t\t\t\t<div class=\"project dfd-fade-out panr\" >\r\n\t\t\t\t\t<div class=\"cover text-center\">\r\n\t\t\t\t\t\t\t\t\t\t\t\t\r\n\t\t\t\t\t\t<div class=\"entry-thumb \">\r\n\t\t\t\t\t\t\t<img decoding=\"async\" src=\"https:\/\/limacomunicacion.es\/wp-content\/uploads\/2021\/09\/Sollo3.jpg\" alt=\"SOLLO recibe la estrella verde Michelin\"\/>\r\n\t\t\t\t\t\t\t\t\t\t\t\t\t\t\r\n<div class=\"portfolio-custom-hover\">\r\n\t\t\t\t<div class=\"title-wrap title-underline\">\r\n\t\t\t\t\t\t\t\t\t<h6 class=\"widget-title\"><a href=\"https:\/\/limacomunicacion.es\/en\/my-product\/sollo-recibe-la-estrella-verde-michelin\/\">SOLLO recibe la estrella verde Michelin<\/a><\/h6>\r\n\t\t\t\t\t\t\t\t\t\t\t<\/div>\r\n\t\t<div class=\"dfd-folio-icons-wrap\">\r\n\t\t\t\t\t\t\t<\/div>\r\n<\/div>\r\n\r\n\t\t\t\t\t\t<\/div>\r\n\r\n\t\t\t\t\t\t\t\t\t\t\t<\/div>\r\n\t\t\t\t<\/div>\r\n\t\t\t\t\t\t\t<div class=\"project dfd-fade-out panr\" >\r\n\t\t\t\t\t<div class=\"cover text-center\">\r\n\t\t\t\t\t\t\t\t\t\t\t\t\r\n\t\t\t\t\t\t<div class=\"entry-thumb \">\r\n\t\t\t\t\t\t\t<img decoding=\"async\" src=\"https:\/\/limacomunicacion.es\/wp-content\/uploads\/2021\/09\/BohoClub2-1.jpg\" alt=\"BOHO CLUB ampl\u00eda su propuesta gastron\u00f3mica con el nuevo brunch\"\/>\r\n\t\t\t\t\t\t\t\t\t\t\t\t\t\t\r\n<div class=\"portfolio-custom-hover\">\r\n\t\t\t\t<div class=\"title-wrap title-underline\">\r\n\t\t\t\t\t\t\t\t\t<h6 class=\"widget-title\"><a href=\"https:\/\/limacomunicacion.es\/en\/my-product\/boho-club-amplia-su-gastronomia-con-el-nuevo-brunch\/\">BOHO CLUB ampl\u00eda su propuesta gastron\u00f3mica con el nuevo brunch<\/a><\/h6>\r\n\t\t\t\t\t\t\t\t\t\t\t<\/div>\r\n\t\t<div class=\"dfd-folio-icons-wrap\">\r\n\t\t\t\t\t\t\t<\/div>\r\n<\/div>\r\n\r\n\t\t\t\t\t\t<\/div>\r\n\r\n\t\t\t\t\t\t\t\t\t\t\t<\/div>\r\n\t\t\t\t<\/div>\r\n\t\t\t\t\t\t\t<div class=\"project dfd-fade-out panr\" >\r\n\t\t\t\t\t<div class=\"cover text-center\">\r\n\t\t\t\t\t\t\t\t\t\t\t\t\r\n\t\t\t\t\t\t<div class=\"entry-thumb \">\r\n\t\t\t\t\t\t\t<img decoding=\"async\" src=\"https:\/\/limacomunicacion.es\/wp-content\/uploads\/2021\/09\/Sollo2.jpg\" alt=\"SOLLO recibe el Premio\"\/>\r\n\t\t\t\t\t\t\t\t\t\t\t\t\t\t\r\n<div class=\"portfolio-custom-hover\">\r\n\t\t\t\t<div class=\"title-wrap title-underline\">\r\n\t\t\t\t\t\t\t\t\t<h6 class=\"widget-title\"><a href=\"https:\/\/limacomunicacion.es\/en\/my-product\/sollo-recibe-el-premio\/\">SOLLO recibe el Premio<\/a><\/h6>\r\n\t\t\t\t\t\t\t\t\t\t\t<\/div>\r\n\t\t<div class=\"dfd-folio-icons-wrap\">\r\n\t\t\t\t\t\t\t<\/div>\r\n<\/div>\r\n\r\n\t\t\t\t\t\t<\/div>\r\n\r\n\t\t\t\t\t\t\t\t\t\t\t<\/div>\r\n\t\t\t\t<\/div>\r\n\t\t\t\t\t\t\t<div class=\"project dfd-fade-out panr\" >\r\n\t\t\t\t\t<div class=\"cover text-center\">\r\n\t\t\t\t\t\t\t\t\t\t\t\t\r\n\t\t\t\t\t\t<div class=\"entry-thumb \">\r\n\t\t\t\t\t\t\t<img decoding=\"async\" src=\"https:\/\/limacomunicacion.es\/wp-content\/uploads\/2021\/09\/BohoClub4.jpg\" alt=\"Primer aniversario en BOHO CLUB\"\/>\r\n\t\t\t\t\t\t\t\t\t\t\t\t\t\t\r\n<div class=\"portfolio-custom-hover\">\r\n\t\t\t\t<div class=\"title-wrap title-underline\">\r\n\t\t\t\t\t\t\t\t\t<h6 class=\"widget-title\"><a href=\"https:\/\/limacomunicacion.es\/en\/my-product\/primer-aniversario-en-boho-club\/\">Primer aniversario en BOHO CLUB<\/a><\/h6>\r\n\t\t\t\t\t\t\t\t\t\t\t<\/div>\r\n\t\t<div class=\"dfd-folio-icons-wrap\">\r\n\t\t\t\t\t\t\t<\/div>\r\n<\/div>\r\n\r\n\t\t\t\t\t\t<\/div>\r\n\r\n\t\t\t\t\t\t\t\t\t\t\t<\/div>\r\n\t\t\t\t<\/div>\r\n\t\t\t\t\t\t\t<div class=\"project dfd-fade-out panr\" >\r\n\t\t\t\t\t<div class=\"cover text-center\">\r\n\t\t\t\t\t\t\t\t\t\t\t\t\r\n\t\t\t\t\t\t<div class=\"entry-thumb \">\r\n\t\t\t\t\t\t\t<img decoding=\"async\" src=\"https:\/\/limacomunicacion.es\/wp-content\/uploads\/2021\/09\/Unidos.jpg\" alt=\"Los Estrella Michelin de M\u00e1laga\"\/>\r\n\t\t\t\t\t\t\t\t\t\t\t\t\t\t\r\n<div class=\"portfolio-custom-hover\">\r\n\t\t\t\t<div class=\"title-wrap title-underline\">\r\n\t\t\t\t\t\t\t\t\t<h6 class=\"widget-title\"><a href=\"https:\/\/limacomunicacion.es\/en\/my-product\/los-estrella-michelin-de-malaga\/\">Los Estrella Michelin de M\u00e1laga<\/a><\/h6>\r\n\t\t\t\t\t\t\t\t\t\t\t<\/div>\r\n\t\t<div class=\"dfd-folio-icons-wrap\">\r\n\t\t\t\t\t\t\t<\/div>\r\n<\/div>\r\n\r\n\t\t\t\t\t\t<\/div>\r\n\r\n\t\t\t\t\t\t\t\t\t\t\t<\/div>\r\n\t\t\t\t<\/div>\r\n\t\t\t\t\t\t\t<div class=\"project dfd-fade-out panr\" >\r\n\t\t\t\t\t<div class=\"cover text-center\">\r\n\t\t\t\t\t\t\t\t\t\t\t\t\r\n\t\t\t\t\t\t<div class=\"entry-thumb \">\r\n\t\t\t\t\t\t\t<img decoding=\"async\" src=\"https:\/\/limacomunicacion.es\/wp-content\/uploads\/2021\/03\/BohoClub.jpg\" alt=\"BOHO CLUB, un resort de lujo\"\/>\r\n\t\t\t\t\t\t\t\t\t\t\t\t\t\t\r\n<div class=\"portfolio-custom-hover\">\r\n\t\t\t\t<div class=\"title-wrap title-underline\">\r\n\t\t\t\t\t\t\t\t\t<h6 class=\"widget-title\"><a href=\"https:\/\/limacomunicacion.es\/en\/my-product\/boho-club-ndp\/\">BOHO CLUB, un resort de lujo<\/a><\/h6>\r\n\t\t\t\t\t\t\t\t\t\t\t<\/div>\r\n\t\t<div class=\"dfd-folio-icons-wrap\">\r\n\t\t\t\t\t\t\t<\/div>\r\n<\/div>\r\n\r\n\t\t\t\t\t\t<\/div>\r\n\r\n\t\t\t\t\t\t\t\t\t\t\t<\/div>\r\n\t\t\t\t<\/div>\r\n\t\t\t\t\t\t\t<div class=\"project dfd-fade-out panr\" >\r\n\t\t\t\t\t<div class=\"cover text-center\">\r\n\t\t\t\t\t\t\t\t\t\t\t\t\r\n\t\t\t\t\t\t<div class=\"entry-thumb \">\r\n\t\t\t\t\t\t\t<img decoding=\"async\" src=\"https:\/\/limacomunicacion.es\/wp-content\/uploads\/2021\/09\/DeVie-JoseCarlosGarcia5.jpg\" alt=\"Jos\u00e9 Carlos Garc\u00eda reabre su restaurante\"\/>\r\n\t\t\t\t\t\t\t\t\t\t\t\t\t\t\r\n<div class=\"portfolio-custom-hover\">\r\n\t\t\t\t<div class=\"title-wrap title-underline\">\r\n\t\t\t\t\t\t\t\t\t<h6 class=\"widget-title\"><a href=\"https:\/\/limacomunicacion.es\/en\/my-product\/jose-carlos-garcia-reabre-su-restaurante\/\">Jos\u00e9 Carlos Garc\u00eda reabre su restaurante<\/a><\/h6>\r\n\t\t\t\t\t\t\t\t\t\t\t<\/div>\r\n\t\t<div class=\"dfd-folio-icons-wrap\">\r\n\t\t\t\t\t\t\t<\/div>\r\n<\/div>\r\n\r\n\t\t\t\t\t\t<\/div>\r\n\r\n\t\t\t\t\t\t\t\t\t\t\t<\/div>\r\n\t\t\t\t<\/div>\r\n\t\t\t\t\t\t\t<div class=\"project dfd-fade-out panr\" >\r\n\t\t\t\t\t<div class=\"cover text-center\">\r\n\t\t\t\t\t\t\t\t\t\t\t\t\r\n\t\t\t\t\t\t<div class=\"entry-thumb \">\r\n\t\t\t\t\t\t\t<img decoding=\"async\" src=\"https:\/\/limacomunicacion.es\/wp-content\/uploads\/2021\/09\/cuatromanos-2.jpg\" alt=\"Paco Roncero, Ram\u00f3n Freixa y Uber Eats presentan Cuatromanos\"\/>\r\n\t\t\t\t\t\t\t\t\t\t\t\t\t\t\r\n<div class=\"portfolio-custom-hover\">\r\n\t\t\t\t<div class=\"title-wrap title-underline\">\r\n\t\t\t\t\t\t\t\t\t<h6 class=\"widget-title\"><a href=\"https:\/\/limacomunicacion.es\/en\/my-product\/paco-roncero-ramon-freixa-y-uber-eats-presentan-cuatromanos\/\">Paco Roncero, Ram\u00f3n Freixa y Uber Eats presentan Cuatromanos<\/a><\/h6>\r\n\t\t\t\t\t\t\t\t\t\t\t<\/div>\r\n\t\t<div class=\"dfd-folio-icons-wrap\">\r\n\t\t\t\t\t\t\t<\/div>\r\n<\/div>\r\n\r\n\t\t\t\t\t\t<\/div>\r\n\r\n\t\t\t\t\t\t\t\t\t\t\t<\/div>\r\n\t\t\t\t<\/div>\r\n\t\t\t\t\t\t\t<div class=\"project dfd-fade-out panr\" >\r\n\t\t\t\t\t<div class=\"cover text-center\">\r\n\t\t\t\t\t\t\t\t\t\t\t\t\r\n\t\t\t\t\t\t<div class=\"entry-thumb \">\r\n\t\t\t\t\t\t\t<img decoding=\"async\" src=\"https:\/\/limacomunicacion.es\/wp-content\/uploads\/2021\/09\/DeVie-JoseCarlosGarcia.jpg\" alt=\"La cocina de Jos\u00e9 Carlos Garc\u00eda en De Vi\u00fa\"\/>\r\n\t\t\t\t\t\t\t\t\t\t\t\t\t\t\r\n<div class=\"portfolio-custom-hover\">\r\n\t\t\t\t<div class=\"title-wrap title-underline\">\r\n\t\t\t\t\t\t\t\t\t<h6 class=\"widget-title\"><a href=\"https:\/\/limacomunicacion.es\/en\/my-product\/la-cocina-de-jose-carlos-garcia-en-de-viu\/\">La cocina de Jos\u00e9 Carlos Garc\u00eda en De Vi\u00fa<\/a><\/h6>\r\n\t\t\t\t\t\t\t\t\t\t\t<\/div>\r\n\t\t<div class=\"dfd-folio-icons-wrap\">\r\n\t\t\t\t\t\t\t<\/div>\r\n<\/div>\r\n\r\n\t\t\t\t\t\t<\/div>\r\n\r\n\t\t\t\t\t\t\t\t\t\t\t<\/div>\r\n\t\t\t\t<\/div>\r\n\t\t\t\t\t\t\t<div class=\"project dfd-fade-out panr\" >\r\n\t\t\t\t\t<div class=\"cover text-center\">\r\n\t\t\t\t\t\t\t\t\t\t\t\t\r\n\t\t\t\t\t\t<div class=\"entry-thumb \">\r\n\t\t\t\t\t\t\t<img decoding=\"async\" src=\"https:\/\/limacomunicacion.es\/wp-content\/uploads\/2021\/09\/Sollo.jpg\" alt=\"SOLLO abre sus puertas con mucha ilusi\u00f3n y novedades\"\/>\r\n\t\t\t\t\t\t\t\t\t\t\t\t\t\t\r\n<div class=\"portfolio-custom-hover\">\r\n\t\t\t\t<div class=\"title-wrap title-underline\">\r\n\t\t\t\t\t\t\t\t\t<h6 class=\"widget-title\"><a href=\"https:\/\/limacomunicacion.es\/en\/my-product\/sollo-abre-sus-puertas-con-mucha-ilusion-y-novedades\/\">SOLLO abre sus puertas con mucha ilusi\u00f3n y novedades<\/a><\/h6>\r\n\t\t\t\t\t\t\t\t\t\t\t<\/div>\r\n\t\t<div class=\"dfd-folio-icons-wrap\">\r\n\t\t\t\t\t\t\t<\/div>\r\n<\/div>\r\n\r\n\t\t\t\t\t\t<\/div>\r\n\r\n\t\t\t\t\t\t\t\t\t\t\t<\/div>\r\n\t\t\t\t<\/div>\r\n\t\t\t\t\t\t\t<div class=\"project dfd-fade-out panr\" >\r\n\t\t\t\t\t<div class=\"cover text-center\">\r\n\t\t\t\t\t\t\t\t\t\t\t\t\r\n\t\t\t\t\t\t<div class=\"entry-thumb \">\r\n\t\t\t\t\t\t\t<img decoding=\"async\" src=\"https:\/\/limacomunicacion.es\/wp-content\/uploads\/2022\/01\/ChefsForChildren.jpg\" alt=\"ChefsForChildren visita el hospital Ni\u00f1o Jes\u00fas\"\/>\r\n\t\t\t\t\t\t\t\t\t\t\t\t\t\t\r\n<div class=\"portfolio-custom-hover\">\r\n\t\t\t\t<div class=\"title-wrap title-underline\">\r\n\t\t\t\t\t\t\t\t\t<h6 class=\"widget-title\"><a href=\"https:\/\/limacomunicacion.es\/en\/my-product\/chefsforchildren-visita-el-hospital-nino-jesus\/\">ChefsForChildren visita el hospital Ni\u00f1o Jes\u00fas<\/a><\/h6>\r\n\t\t\t\t\t\t\t\t\t\t\t<\/div>\r\n\t\t<div class=\"dfd-folio-icons-wrap\">\r\n\t\t\t\t\t\t\t<\/div>\r\n<\/div>\r\n\r\n\t\t\t\t\t\t<\/div>\r\n\r\n\t\t\t\t\t\t\t\t\t\t\t<\/div>\r\n\t\t\t\t<\/div>\r\n\t\t\t\t\t\t\t<div class=\"project dfd-fade-out panr\" >\r\n\t\t\t\t\t<div class=\"cover text-center\">\r\n\t\t\t\t\t\t\t\t\t\t\t\t\r\n\t\t\t\t\t\t<div class=\"entry-thumb \">\r\n\t\t\t\t\t\t\t<img decoding=\"async\" src=\"https:\/\/limacomunicacion.es\/wp-content\/uploads\/2021\/09\/CafeParis.jpg\" alt=\"Caf\u00e9 Paris | Jose Carlos Garc\u00eda\"\/>\r\n\t\t\t\t\t\t\t\t\t\t\t\t\t\t\r\n<div class=\"portfolio-custom-hover\">\r\n\t\t\t\t<div class=\"title-wrap title-underline\">\r\n\t\t\t\t\t\t\t\t\t<h6 class=\"widget-title\"><a href=\"https:\/\/limacomunicacion.es\/en\/my-product\/cafe-paris-jose-carlos-garcia\/\">Caf\u00e9 Paris | Jose Carlos Garc\u00eda<\/a><\/h6>\r\n\t\t\t\t\t\t\t\t\t\t\t<\/div>\r\n\t\t<div class=\"dfd-folio-icons-wrap\">\r\n\t\t\t\t\t\t\t<\/div>\r\n<\/div>\r\n\r\n\t\t\t\t\t\t<\/div>\r\n\r\n\t\t\t\t\t\t\t\t\t\t\t<\/div>\r\n\t\t\t\t<\/div>\r\n\t\t\t\t\t\t\t<div class=\"project dfd-fade-out panr\" >\r\n\t\t\t\t\t<div class=\"cover text-center\">\r\n\t\t\t\t\t\t\t\t\t\t\t\t\r\n\t\t\t\t\t\t<div class=\"entry-thumb \">\r\n\t\t\t\t\t\t\t<img decoding=\"async\" src=\"https:\/\/limacomunicacion.es\/wp-content\/uploads\/2021\/09\/DeVie-JoseCarlosGarcia3.jpg\" alt=\"Jos\u00e9 Carlos Garc\u00eda, cocina sincera e inconformista\"\/>\r\n\t\t\t\t\t\t\t\t\t\t\t\t\t\t\r\n<div class=\"portfolio-custom-hover\">\r\n\t\t\t\t<div class=\"title-wrap title-underline\">\r\n\t\t\t\t\t\t\t\t\t<h6 class=\"widget-title\"><a href=\"https:\/\/limacomunicacion.es\/en\/my-product\/jose-carlos-garcia-cocina-sincera-e-inconformista\/\">Jos\u00e9 Carlos Garc\u00eda, cocina sincera e inconformista<\/a><\/h6>\r\n\t\t\t\t\t\t\t\t\t\t\t<\/div>\r\n\t\t<div class=\"dfd-folio-icons-wrap\">\r\n\t\t\t\t\t\t\t<\/div>\r\n<\/div>\r\n\r\n\t\t\t\t\t\t<\/div>\r\n\r\n\t\t\t\t\t\t\t\t\t\t\t<\/div>\r\n\t\t\t\t<\/div>\r\n\t\t\t\t\t\t\t<div class=\"project dfd-fade-out panr\" >\r\n\t\t\t\t\t<div class=\"cover text-center\">\r\n\t\t\t\t\t\t\t\t\t\t\t\t\r\n\t\t\t\t\t\t<div class=\"entry-thumb \">\r\n\t\t\t\t\t\t\t<img decoding=\"async\" src=\"https:\/\/limacomunicacion.es\/wp-content\/uploads\/2022\/01\/ChefsForChildrenFitur-1.jpg\" alt=\"ChefsForChdilren en FITUR 2020\"\/>\r\n\t\t\t\t\t\t\t\t\t\t\t\t\t\t\r\n<div class=\"portfolio-custom-hover\">\r\n\t\t\t\t<div class=\"title-wrap title-underline\">\r\n\t\t\t\t\t\t\t\t\t<h6 class=\"widget-title\"><a href=\"https:\/\/limacomunicacion.es\/en\/my-product\/chefsforchdilren-en-fitur-2020\/\">ChefsForChdilren en FITUR 2020<\/a><\/h6>\r\n\t\t\t\t\t\t\t\t\t\t\t<\/div>\r\n\t\t<div class=\"dfd-folio-icons-wrap\">\r\n\t\t\t\t\t\t\t<\/div>\r\n<\/div>\r\n\r\n\t\t\t\t\t\t<\/div>\r\n\r\n\t\t\t\t\t\t\t\t\t\t\t<\/div>\r\n\t\t\t\t<\/div>\r\n\t\t\t\t\t\t\t<div class=\"project dfd-fade-out panr\" >\r\n\t\t\t\t\t<div class=\"cover text-center\">\r\n\t\t\t\t\t\t\t\t\t\t\t\t\r\n\t\t\t\t\t\t<div class=\"entry-thumb \">\r\n\t\t\t\t\t\t\t<img decoding=\"async\" src=\"https:\/\/limacomunicacion.es\/wp-content\/uploads\/2019\/10\/NDP_bmw.jpg\" alt=\"BMW Automotor presenta el BMW Serie 1 de la nueva era\"\/>\r\n\t\t\t\t\t\t\t\t\t\t\t\t\t\t\r\n<div class=\"portfolio-custom-hover\">\r\n\t\t\t\t<div class=\"title-wrap title-underline\">\r\n\t\t\t\t\t\t\t\t\t<h6 class=\"widget-title\"><a href=\"https:\/\/limacomunicacion.es\/en\/my-product\/bmw-automotor-presenta-el-bmw-serie-1-de-la-nueva-era\/\">BMW Automotor presenta el BMW Serie 1 de la nueva era<\/a><\/h6>\r\n\t\t\t\t\t\t\t\t\t\t\t<\/div>\r\n\t\t<div class=\"dfd-folio-icons-wrap\">\r\n\t\t\t\t\t\t\t<\/div>\r\n<\/div>\r\n\r\n\t\t\t\t\t\t<\/div>\r\n\r\n\t\t\t\t\t\t\t\t\t\t\t<\/div>\r\n\t\t\t\t<\/div>\r\n\t\t\t\t\t<\/div>\r\n\t<\/div>\r\n<\/div>\r\n<script type=\"text\/javascript\">\r\n\t\t\t\t\t\t\t\t(function($) {$(\"head\").append(\"<style>#dfd-portfolio-module-69f46952d6fff .dfd-portfolio {margin: -10px;}#dfd-portfolio-module-69f46952d6fff .dfd-portfolio .cover {padding: 10px;}#dfd-portfolio-module-69f46952d6fff .project .entry-thumb .portfolio-custom-hover {background-color: #c0d72f;}<\/style>\");if(typeof $.fn.initTaxonomyIsotope !== \"undefined\") {\r\n\t\t\t\t\t$(\"#dfd-portfolio-module-69f46952d6fff .dfd-new-isotope\").initTaxonomyIsotope();\r\n\t\t\t\t}})(jQuery);\r\n\t\t\t\t\t\t\t<\/script><\/div><div class=\"dfd-spacer-module\"  data-units=\"px\" data-wide_resolution=\"1280\" data-wide_size=\"50\" data-normal_resolution=\"1024\" data-normal_size=\"50\" data-tablet_resolution=\"800\" data-tablet_size=\"50\" data-mobile_resolution=\"480\" data-mobile_size=\"40\" style=\"height: 50px;\"><\/div>[\/vc_column][\/vc_row]<\/p>\n<\/div>","protected":false},"excerpt":{"rendered":"<p>[vc_row][vc_column][\/vc_column][\/vc_row][vc_row dfd_row_config=&#8221;full_width_content&#8221;][vc_column width=&#8221;1\/4&#8243;][\/vc_column][vc_column width=&#8221;1\/2&#8243;][\/vc_column][vc_column width=&#8221;1\/4&#8243;][\/vc_column][\/vc_row][vc_row][vc_column][\/vc_column][\/vc_row]<\/p>\n","protected":false},"author":1,"featured_media":0,"parent":0,"menu_order":0,"comment_status":"closed","ping_status":"closed","template":"page-custom.php","meta":{"footnotes":""},"class_list":["post-4818","page","type-page","status-publish","hentry"],"yoast_head":"<!-- This site is optimized with the Yoast SEO plugin v27.4 - https:\/\/yoast.com\/product\/yoast-seo-wordpress\/ -->\n<title>Press releases - Lima Comunicaci\u00f3n y eventos<\/title>\n<meta name=\"robots\" content=\"index, follow, max-snippet:-1, max-image-preview:large, max-video-preview:-1\" \/>\n<link rel=\"canonical\" href=\"https:\/\/limacomunicacion.es\/en\/press-releases\/\" \/>\n<meta property=\"og:locale\" content=\"en_US\" \/>\n<meta property=\"og:type\" content=\"article\" \/>\n<meta property=\"og:title\" content=\"Press releases - Lima Comunicaci\u00f3n y eventos\" \/>\n<meta property=\"og:description\" content=\"[vc_row][vc_column][\/vc_column][\/vc_row][vc_row dfd_row_config=&#8221;full_width_content&#8221;][vc_column width=&#8221;1\/4&#8243;][\/vc_column][vc_column width=&#8221;1\/2&#8243;][\/vc_column][vc_column width=&#8221;1\/4&#8243;][\/vc_column][\/vc_row][vc_row][vc_column][\/vc_column][\/vc_row]\" \/>\n<meta property=\"og:url\" content=\"https:\/\/limacomunicacion.es\/en\/press-releases\/\" \/>\n<meta property=\"og:site_name\" content=\"Lima Comunicaci\u00f3n y eventos\" \/>\n<meta property=\"article:modified_time\" content=\"2024-10-09T13:08:31+00:00\" \/>\n<meta property=\"og:image\" content=\"https:\/\/limacomunicacion.es\/wp-content\/uploads\/2019\/07\/logo-lima150-light.png\" \/>\n\t<meta property=\"og:image:width\" content=\"250\" \/>\n\t<meta property=\"og:image:height\" content=\"126\" \/>\n\t<meta property=\"og:image:type\" content=\"image\/png\" \/>\n<meta name=\"twitter:card\" content=\"summary_large_image\" \/>\n<meta name=\"twitter:label1\" content=\"Est. reading time\" \/>\n\t<meta name=\"twitter:data1\" content=\"1 minute\" \/>\n<script type=\"application\/ld+json\" class=\"yoast-schema-graph\">{\"@context\":\"https:\\\/\\\/schema.org\",\"@graph\":[{\"@type\":\"WebPage\",\"@id\":\"https:\\\/\\\/limacomunicacion.es\\\/en\\\/press-releases\\\/\",\"url\":\"https:\\\/\\\/limacomunicacion.es\\\/en\\\/press-releases\\\/\",\"name\":\"Press releases - Lima Comunicaci\u00f3n y eventos\",\"isPartOf\":{\"@id\":\"https:\\\/\\\/limacomunicacion.es\\\/en\\\/#website\"},\"datePublished\":\"2021-09-17T14:58:42+00:00\",\"dateModified\":\"2024-10-09T13:08:31+00:00\",\"breadcrumb\":{\"@id\":\"https:\\\/\\\/limacomunicacion.es\\\/en\\\/press-releases\\\/#breadcrumb\"},\"inLanguage\":\"en-US\",\"potentialAction\":[{\"@type\":\"ReadAction\",\"target\":[\"https:\\\/\\\/limacomunicacion.es\\\/en\\\/press-releases\\\/\"]}]},{\"@type\":\"BreadcrumbList\",\"@id\":\"https:\\\/\\\/limacomunicacion.es\\\/en\\\/press-releases\\\/#breadcrumb\",\"itemListElement\":[{\"@type\":\"ListItem\",\"position\":1,\"name\":\"Portada\",\"item\":\"https:\\\/\\\/limacomunicacion.es\\\/en\\\/\"},{\"@type\":\"ListItem\",\"position\":2,\"name\":\"Press releases\"}]},{\"@type\":\"WebSite\",\"@id\":\"https:\\\/\\\/limacomunicacion.es\\\/en\\\/#website\",\"url\":\"https:\\\/\\\/limacomunicacion.es\\\/en\\\/\",\"name\":\"Lima Comunicaci\u00f3n y Eventos\",\"description\":\"Agencia Boutique\",\"publisher\":{\"@id\":\"https:\\\/\\\/limacomunicacion.es\\\/en\\\/#organization\"},\"alternateName\":\"Agencia de eventos boutique que realiza proyectos a medida y ofrece asesoramiento personalizado.\",\"potentialAction\":[{\"@type\":\"SearchAction\",\"target\":{\"@type\":\"EntryPoint\",\"urlTemplate\":\"https:\\\/\\\/limacomunicacion.es\\\/en\\\/?s={search_term_string}\"},\"query-input\":{\"@type\":\"PropertyValueSpecification\",\"valueRequired\":true,\"valueName\":\"search_term_string\"}}],\"inLanguage\":\"en-US\"},{\"@type\":\"Organization\",\"@id\":\"https:\\\/\\\/limacomunicacion.es\\\/en\\\/#organization\",\"name\":\"Lima Comunicaci\u00f3n y Eventos\",\"alternateName\":\"Agencia de eventos boutique que realiza proyectos a medida y ofrece asesoramiento personalizado.\",\"url\":\"https:\\\/\\\/limacomunicacion.es\\\/en\\\/\",\"logo\":{\"@type\":\"ImageObject\",\"inLanguage\":\"en-US\",\"@id\":\"https:\\\/\\\/limacomunicacion.es\\\/en\\\/#\\\/schema\\\/logo\\\/image\\\/\",\"url\":\"https:\\\/\\\/limacomunicacion.es\\\/wp-content\\\/uploads\\\/2024\\\/01\\\/LogoLima.png\",\"contentUrl\":\"https:\\\/\\\/limacomunicacion.es\\\/wp-content\\\/uploads\\\/2024\\\/01\\\/LogoLima.png\",\"width\":300,\"height\":300,\"caption\":\"Lima Comunicaci\u00f3n y Eventos\"},\"image\":{\"@id\":\"https:\\\/\\\/limacomunicacion.es\\\/en\\\/#\\\/schema\\\/logo\\\/image\\\/\"}}]}<\/script>\n<!-- \/ Yoast SEO plugin. -->","yoast_head_json":{"title":"Press releases - Lima Comunicaci\u00f3n y eventos","robots":{"index":"index","follow":"follow","max-snippet":"max-snippet:-1","max-image-preview":"max-image-preview:large","max-video-preview":"max-video-preview:-1"},"canonical":"https:\/\/limacomunicacion.es\/en\/press-releases\/","og_locale":"en_US","og_type":"article","og_title":"Press releases - Lima Comunicaci\u00f3n y eventos","og_description":"[vc_row][vc_column][\/vc_column][\/vc_row][vc_row dfd_row_config=&#8221;full_width_content&#8221;][vc_column width=&#8221;1\/4&#8243;][\/vc_column][vc_column width=&#8221;1\/2&#8243;][\/vc_column][vc_column width=&#8221;1\/4&#8243;][\/vc_column][\/vc_row][vc_row][vc_column][\/vc_column][\/vc_row]","og_url":"https:\/\/limacomunicacion.es\/en\/press-releases\/","og_site_name":"Lima Comunicaci\u00f3n y eventos","article_modified_time":"2024-10-09T13:08:31+00:00","og_image":[{"width":250,"height":126,"url":"https:\/\/limacomunicacion.es\/wp-content\/uploads\/2019\/07\/logo-lima150-light.png","type":"image\/png"}],"twitter_card":"summary_large_image","twitter_misc":{"Est. reading time":"1 minute"},"schema":{"@context":"https:\/\/schema.org","@graph":[{"@type":"WebPage","@id":"https:\/\/limacomunicacion.es\/en\/press-releases\/","url":"https:\/\/limacomunicacion.es\/en\/press-releases\/","name":"Press releases - Lima Comunicaci\u00f3n y eventos","isPartOf":{"@id":"https:\/\/limacomunicacion.es\/en\/#website"},"datePublished":"2021-09-17T14:58:42+00:00","dateModified":"2024-10-09T13:08:31+00:00","breadcrumb":{"@id":"https:\/\/limacomunicacion.es\/en\/press-releases\/#breadcrumb"},"inLanguage":"en-US","potentialAction":[{"@type":"ReadAction","target":["https:\/\/limacomunicacion.es\/en\/press-releases\/"]}]},{"@type":"BreadcrumbList","@id":"https:\/\/limacomunicacion.es\/en\/press-releases\/#breadcrumb","itemListElement":[{"@type":"ListItem","position":1,"name":"Portada","item":"https:\/\/limacomunicacion.es\/en\/"},{"@type":"ListItem","position":2,"name":"Press releases"}]},{"@type":"WebSite","@id":"https:\/\/limacomunicacion.es\/en\/#website","url":"https:\/\/limacomunicacion.es\/en\/","name":"Lima Comunicaci\u00f3n y Eventos","description":"Agencia Boutique","publisher":{"@id":"https:\/\/limacomunicacion.es\/en\/#organization"},"alternateName":"Agencia de eventos boutique que realiza proyectos a medida y ofrece asesoramiento personalizado.","potentialAction":[{"@type":"SearchAction","target":{"@type":"EntryPoint","urlTemplate":"https:\/\/limacomunicacion.es\/en\/?s={search_term_string}"},"query-input":{"@type":"PropertyValueSpecification","valueRequired":true,"valueName":"search_term_string"}}],"inLanguage":"en-US"},{"@type":"Organization","@id":"https:\/\/limacomunicacion.es\/en\/#organization","name":"Lima Comunicaci\u00f3n y Eventos","alternateName":"Agencia de eventos boutique que realiza proyectos a medida y ofrece asesoramiento personalizado.","url":"https:\/\/limacomunicacion.es\/en\/","logo":{"@type":"ImageObject","inLanguage":"en-US","@id":"https:\/\/limacomunicacion.es\/en\/#\/schema\/logo\/image\/","url":"https:\/\/limacomunicacion.es\/wp-content\/uploads\/2024\/01\/LogoLima.png","contentUrl":"https:\/\/limacomunicacion.es\/wp-content\/uploads\/2024\/01\/LogoLima.png","width":300,"height":300,"caption":"Lima Comunicaci\u00f3n y Eventos"},"image":{"@id":"https:\/\/limacomunicacion.es\/en\/#\/schema\/logo\/image\/"}}]}},"_links":{"self":[{"href":"https:\/\/limacomunicacion.es\/en\/wp-json\/wp\/v2\/pages\/4818","targetHints":{"allow":["GET"]}}],"collection":[{"href":"https:\/\/limacomunicacion.es\/en\/wp-json\/wp\/v2\/pages"}],"about":[{"href":"https:\/\/limacomunicacion.es\/en\/wp-json\/wp\/v2\/types\/page"}],"author":[{"embeddable":true,"href":"https:\/\/limacomunicacion.es\/en\/wp-json\/wp\/v2\/users\/1"}],"replies":[{"embeddable":true,"href":"https:\/\/limacomunicacion.es\/en\/wp-json\/wp\/v2\/comments?post=4818"}],"version-history":[{"count":0,"href":"https:\/\/limacomunicacion.es\/en\/wp-json\/wp\/v2\/pages\/4818\/revisions"}],"wp:attachment":[{"href":"https:\/\/limacomunicacion.es\/en\/wp-json\/wp\/v2\/media?parent=4818"}],"curies":[{"name":"wp","href":"https:\/\/api.w.org\/{rel}","templated":true}]}}